{"id":132,"date":"2021-09-10T15:22:27","date_gmt":"2021-09-10T13:22:27","guid":{"rendered":"http:\/\/www.sinfoniettageneve.ch\/prod\/?page_id=132"},"modified":"2026-03-25T15:33:21","modified_gmt":"2026-03-25T14:33:21","slug":"concours","status":"publish","type":"page","link":"http:\/\/www.sinfoniettageneve.ch\/prod\/orchestre\/concours\/","title":{"rendered":"Chef(fe)s d&rsquo;attaque"},"content":{"rendered":"\n<p class=\"wp-block-paragraph\">La Sinfonietta de Gen\u00e8ve met chaque ann\u00e9e au concours les postes de chefs d\u2019attaque des premiers violons, deuxi\u00e8mes violons et violoncelles ainsi que le poste de premier hautbois. L&rsquo;\u00e9preuve se d\u00e9roule en septembre \u00e0 la&nbsp;<a rel=\"noreferrer noopener\" href=\"http:\/\/www.hemge.ch\/\" target=\"_blank\">Haute \u00e9cole de Musique de Gen\u00e8ve<\/a> et est ouvertes aux \u00e9tudiants en <em>bachelor<\/em> ou <em>master<\/em>.<\/p>\n\n\n\n<p class=\"wp-block-paragraph\">Le jury est compos\u00e9 du <a href=\"http:\/\/www.sinfoniettageneve.ch\/prod\/orchestre\/yann-kerninon\/\" data-type=\"page\" data-id=\"466\">directeur Musical et Artistique<\/a>, de <a href=\"http:\/\/www.sinfoniettageneve.ch\/prod\/orchestre\/comite\/\" data-type=\"page\" data-id=\"106\">membres du comit\u00e9<\/a>, des laur\u00e9ats de la saison pr\u00e9c\u00e9dente, d\u2019un jur\u00e9 externe pour chaque instrument.<\/p>\n\n\n\n<p class=\"wp-block-paragraph\">Les laur\u00e9ats occupent le poste pendant une ann\u00e9e et participent aux engagements de l\u2019orchestre, pr\u00e9parent le mat\u00e9riel (coups d\u2019archet) et peuvent \u00eatre appel\u00e9s \u00e0 se produire en soliste avec l\u2019orchestre. <\/p>\n\n\n\n<p class=\"wp-block-paragraph\">Le prochain concours aura lieu en <strong>novembre 2026<\/strong>.<\/p>\n\n\n\n<h3 class=\"wp-block-heading\" id=\"laureates-et-laureats-2026\">Laur\u00e9ates 2026<\/h3>\n\n\n\n<div class=\"wp-block-columns is-layout-flex wp-container-core-columns-is-layout-8f761849 wp-block-columns-is-layout-flex\" id=\"favre\">\n<div class=\"wp-block-column is-layout-flow wp-block-column-is-layout-flow\">\n<p class=\"has-small-font-size wp-block-paragraph\"><strong><strong>Lara Favre<\/strong>: <\/strong>1er violon<br>Lara Favre est violoniste en Master Concert \u00e0 la Haute \u00c9cole de Musique de Gen\u00e8ve \u2013 site de Neuch\u00e2tel, dans la classe de Pierre Fouchenneret. Originaire de Lyon, elle d\u00e9bute tr\u00e8s jeune la sc\u00e8ne avant de poursuivre son parcours au Conservatoire de Lyon, o\u00f9 elle d\u00e9couvre l\u2019orchestre avec Jean Lenert.<br>Titulaire d\u2019un Dipl\u00f4me d\u2019\u00c9tudes Musicales et d\u2019une licence de musicologie de l\u2019Universit\u00e9 Lumi\u00e8re Lyon 2, elle obtient son Bachelor \u00e0 la HEM de Neuch\u00e2tel dans la classe de Stefan Muhmenthaler, puis un Master de p\u00e9dagogie dans la classe de Pierre Fouchenneret.<br>Passionn\u00e9e par l\u2019orchestre, elle se produit r\u00e9guli\u00e8rement en formation orchestrale (Orchestre Fran\u00e7ais des Jeunes, Juventutti, l\u2019Orchestre l\u2019Orange Bleue) et enseigne le violon \u00e0 l\u2019\u00e9cole de musique de Concise. Elle est membre du Quatuor Amoroso depuis 2019, ensemble avec lequel elle se produit r\u00e9guli\u00e8rement en Suisse depuis sa cr\u00e9ation.<\/p>\n<\/div>\n\n\n\n<div class=\"wp-block-column is-layout-flow wp-block-column-is-layout-flow\" style=\"flex-basis:250px\">\n<figure class=\"wp-block-image size-full\"><img loading=\"lazy\" decoding=\"async\" width=\"960\" height=\"959\" src=\"http:\/\/www.sinfoniettageneve.ch\/prod\/wp-content\/uploads\/2026\/02\/LaraFavre_web.jpeg\" alt=\"\" class=\"wp-image-938\" srcset=\"http:\/\/www.sinfoniettageneve.ch\/prod\/wp-content\/uploads\/2026\/02\/LaraFavre_web.jpeg 960w, http:\/\/www.sinfoniettageneve.ch\/prod\/wp-content\/uploads\/2026\/02\/LaraFavre_web-300x300.jpeg 300w, http:\/\/www.sinfoniettageneve.ch\/prod\/wp-content\/uploads\/2026\/02\/LaraFavre_web-150x150.jpeg 150w, http:\/\/www.sinfoniettageneve.ch\/prod\/wp-content\/uploads\/2026\/02\/LaraFavre_web-768x767.jpeg 768w, http:\/\/www.sinfoniettageneve.ch\/prod\/wp-content\/uploads\/2026\/02\/LaraFavre_web-500x499.jpeg 500w, http:\/\/www.sinfoniettageneve.ch\/prod\/wp-content\/uploads\/2026\/02\/LaraFavre_web-800x799.jpeg 800w\" sizes=\"auto, (max-width: 960px) 100vw, 960px\" \/><\/figure>\n<\/div>\n<\/div>\n\n\n\n<div class=\"wp-block-columns is-layout-flex wp-container-core-columns-is-layout-8f761849 wp-block-columns-is-layout-flex\" id=\"gruffel\">\n<div class=\"wp-block-column is-layout-flow wp-block-column-is-layout-flow\" style=\"flex-basis:200px\">\n<figure class=\"wp-block-image size-full\"><img loading=\"lazy\" decoding=\"async\" width=\"623\" height=\"934\" src=\"http:\/\/www.sinfoniettageneve.ch\/prod\/wp-content\/uploads\/2026\/03\/ApollineGruffel.jpeg\" alt=\"\" class=\"wp-image-952\" srcset=\"http:\/\/www.sinfoniettageneve.ch\/prod\/wp-content\/uploads\/2026\/03\/ApollineGruffel.jpeg 623w, http:\/\/www.sinfoniettageneve.ch\/prod\/wp-content\/uploads\/2026\/03\/ApollineGruffel-200x300.jpeg 200w, http:\/\/www.sinfoniettageneve.ch\/prod\/wp-content\/uploads\/2026\/03\/ApollineGruffel-500x750.jpeg 500w\" sizes=\"auto, (max-width: 623px) 100vw, 623px\" \/><\/figure>\n<\/div>\n\n\n\n<div class=\"wp-block-column is-layout-flow wp-block-column-is-layout-flow\">\n<p class=\"has-small-font-size wp-block-paragraph\"><strong>Apolline Gruffel<\/strong>: 2e violon<br>N\u00e9e en 2000, Apolline Gruffel d\u00e9bute le violon \u00e0 l\u2019\u00e2ge de 7 ans au Conservatoire Populaire Musique, Danse et Th\u00e9\u00e2tre \u00e0 Gen\u00e8ve (CPMDT) dans la classe de Raya Raytcheva. L\u2019ann\u00e9e qui suit son certificat, elle est admise en Bachelor \u00e0 la Musik Akademie von Basel dans la classe de Rapha\u00ebl Oleg, avec qui elle \u00e9tudie une ann\u00e9e.<br>Durant son parcours, Apolline a eu l\u2019opportunit\u00e9 de se former \u00e0 l&rsquo;orchestre symphonique au sein du Verbier Festival Junior Orchestra en 2019 et du Schweizer Jugend Sinfonie Orchester de 2019 \u00e0 2024. Passionn\u00e9e par la musique de chambre, elle joue depuis 2012 en formation quatuor \u00e0 cordes, non seulement au violon mais aussi \u00e0 l&rsquo;alto, et continue actuellement \u00e0 se perfectionner sur les deux instruments.<br>Apolline a repris son Bachelor en 2023 dans la classe de Patrick Genet \u00e0 la Haute \u00c9cole de Musique de Gen\u00e8ve (HEM) et ach\u00e8vera cette formation cette ann\u00e9e dans la classe d\u2019Amaury Coeytaux.<br>Depuis la reprise de ses \u00e9tudes, elle se produit r\u00e9guli\u00e8rement en concert avec diff\u00e9rents ensembles dans plusieurs projets et festivals en Suisse, et a eu l\u2019opportunit\u00e9 de jouer en soliste en novembre 2025.<\/p>\n<\/div>\n<\/div>\n\n\n\n<div class=\"wp-block-columns is-layout-flex wp-container-core-columns-is-layout-8f761849 wp-block-columns-is-layout-flex\" id=\"peron\">\n<div class=\"wp-block-column is-layout-flow wp-block-column-is-layout-flow\">\n<p class=\"has-small-font-size wp-block-paragraph\"><strong>Hanna Peron<\/strong>: violoncelle<br>Hanna commence la musique dans le sud de la France. Elle obtient son DEM avec mention en 2022 dans la classe de Fr\u00e9d\u00e9ric Lagarde au Conservatoire d\u2019Aix en Provence. Elle se perfectionne ensuite dans la classe d\u2019Augustin Lefebvre et Fr\u00e9d\u00e9ric Dutheil au Conservatoire \u00e0 Rayonnement R\u00e9gional de Lyon avant d\u2019int\u00e9grer la classe d\u2019Oph\u00e9lie Gaillard \u00e0 la Haute \u00c9cole de Musique de Gen\u00e8ve en 2023. <br>En parall\u00e8le, Hanna a travaill\u00e9 au travers de diff\u00e9rentes masterclasses avec des p\u00e9dagogues et musiciens reconnus tels que Matthieu Lejeune, Philippe Barry, Rapha\u00ebl Pidoux, Marc Coppey, Sonia-Wieder-Atherton, Vincent Segal, Giovanni Gnocchi, Eric-Maria Couturier et Vincent Courtois. <br>Elle a particip\u00e9 \u00e0 diverses acad\u00e9mies d\u2019orchestre telles que l\u2019Orchestre des Jeunes de la M\u00e9diterran\u00e9e et l\u2019Orchestre Fran\u00e7ais des Jeunes en tant que co-soliste.<br>Elle a enseign\u00e9 \u00e0 l\u2019EMDI de Chamonix et participe cette ann\u00e9e au projet p\u00e9dagogique fran\u00e7ais D\u00e9mos. Elle pr\u00e9side l\u2019ensemble Licht, ensemble moderne et contemporain install\u00e9 en France depuis 2020. <br>Elle a b\u00e9n\u00e9fici\u00e9 d\u2019un instrument de la Fondation Talents et Violon\u2019celles, ainsi que d\u2019un archet pr\u00eat\u00e9 par les Ateliers du Violoncelle et le Collectif de Lutherie et Arch\u00e8terie Contemporaines. Aujourd\u2019hui, elle joue un violoncelle qui lui est pr\u00eat\u00e9 par la Fondation Lalive.<\/p>\n<\/div>\n\n\n\n<div class=\"wp-block-column is-layout-flow wp-block-column-is-layout-flow\" style=\"flex-basis:250px\">\n<figure class=\"wp-block-image size-full\"><img loading=\"lazy\" decoding=\"async\" width=\"960\" height=\"960\" src=\"http:\/\/www.sinfoniettageneve.ch\/prod\/wp-content\/uploads\/2026\/02\/HannaPeron_web.jpeg\" alt=\"\" class=\"wp-image-949\" srcset=\"http:\/\/www.sinfoniettageneve.ch\/prod\/wp-content\/uploads\/2026\/02\/HannaPeron_web.jpeg 960w, http:\/\/www.sinfoniettageneve.ch\/prod\/wp-content\/uploads\/2026\/02\/HannaPeron_web-300x300.jpeg 300w, http:\/\/www.sinfoniettageneve.ch\/prod\/wp-content\/uploads\/2026\/02\/HannaPeron_web-150x150.jpeg 150w, http:\/\/www.sinfoniettageneve.ch\/prod\/wp-content\/uploads\/2026\/02\/HannaPeron_web-768x768.jpeg 768w, http:\/\/www.sinfoniettageneve.ch\/prod\/wp-content\/uploads\/2026\/02\/HannaPeron_web-500x500.jpeg 500w, http:\/\/www.sinfoniettageneve.ch\/prod\/wp-content\/uploads\/2026\/02\/HannaPeron_web-800x800.jpeg 800w\" sizes=\"auto, (max-width: 960px) 100vw, 960px\" \/><\/figure>\n<\/div>\n<\/div>\n\n\n\n<div class=\"wp-block-columns is-layout-flex wp-container-core-columns-is-layout-8f761849 wp-block-columns-is-layout-flex\" id=\"regnier\">\n<div class=\"wp-block-column is-layout-flow wp-block-column-is-layout-flow\" style=\"flex-basis:200px\"><\/div>\n\n\n\n<div class=\"wp-block-column is-layout-flow wp-block-column-is-layout-flow\">\n<p class=\"has-small-font-size wp-block-paragraph\"><strong><strong>Sophie Regnier<\/strong><\/strong>: hautbois<br>Sophie Regnier a commenc\u00e9 le hautbois \u00e0 l&rsquo;\u00e2ge de 6 ans au Conservatoire de Dijon. Elle a ensuite fr\u00e9quent\u00e9 les conservatoires de Chamb\u00e9ry et Douai et obtenu le dipl\u00f4me d&rsquo;\u00e9tude musicale. Entr\u00e9e en 2022 au conservatoire de Boulogne Billancourt dans la classe d&rsquo;Olivier Doise, hautbois solo du Philarmonique de RadioFrance et professeur au Conservatoire National Sup\u00e9rieur de Paris, elle int\u00e8gre en 2024 la classe d&rsquo;Alexei Ogrintchouk, hautbois solo du Royal Concertgebouw Orchestra.<br>Sophie a particip\u00e9 \u00e0 l&rsquo;acad\u00e9mie internationale MusicAlp de Tignes avec Olivier Doise, au festival en Vall\u00e9e d&rsquo;Olt avec Jacques Tys et eu l&rsquo;occasion d&rsquo;avoir des masterclasses de Gilles Silvestrini et Dominik Wollenweber.<br>Laur\u00e9ate du 1er prix au concours de l&rsquo;Assocation Fran\u00e7aise du Hautbois \u00e0 Versailles en 2024.<br>Sophie a int\u00e9gr\u00e9 l&rsquo;Orchestre Fran\u00e7ais des Jeunes en tant que hautbois solo en 2025 et jou\u00e9 dans des salles telles que le Concertgebouw d&rsquo;Amsterdam, le Konzerthaus de Berlin ou bien la Philharmonie de Paris.<\/p>\n\n\n\n<p class=\"has-small-font-size wp-block-paragraph\"><\/p>\n<\/div>\n<\/div>\n\n\n\n<h3 class=\"wp-block-heading\" id=\"laureates-et-laureats-precedents\">Laur\u00e9ates et laur\u00e9ats pr\u00e9c\u00e9dents<\/h3>\n\n\n\n<div class=\"wp-block-wpdatatables-wpdatatables-gutenberg-block\">\n<div class=\"wpdt-c row wpDataTableContainerSimpleTable wpDataTables wpDataTablesWrapper\n\"\n    >\n        <table id=\"wpdtSimpleTable-1\"\n           style=\"border-collapse:collapse;\n                   border-spacing:0px;\"\n           class=\"wpdtSimpleTable wpDataTable\"\n           data-column=\"3\"\n           data-rows=\"85\"\n           data-wpID=\"1\"\n           data-responsive=\"0\"\n           data-has-header=\"0\">\n\n                    <tbody>        <tr class=\"wpdt-cell-row \" >\n                                <td class=\"wpdt-cell wpdt-bc-C8E7F9 wpdt-merged-cell \"\n                     colspan=\"3\"  rowspan=\"1\"                     data-cell-id=\"A1\"\n                    data-col-index=\"0\"\n                    data-row-index=\"0\"\n                    style=\" width:100%;                    padding:10px;\n                    \"\n                    >\n                                        2025                    <\/td>\n                                                                <\/tr>\n                            <tr class=\"wpdt-cell-row \" >\n                                <td class=\"wpdt-cell \"\n                                            data-cell-id=\"A2\"\n                    data-col-index=\"0\"\n                    data-row-index=\"1\"\n                    style=\"                    padding:10px;\n                    \"\n                    >\n                                        Pablo Larrieu                    <\/td>\n                                                <td class=\"wpdt-cell \"\n                                            data-cell-id=\"B2\"\n                    data-col-index=\"1\"\n                    data-row-index=\"1\"\n                    style=\"                    padding:10px;\n                    \"\n                    >\n                                        1er violon                    <\/td>\n                                                <td class=\"wpdt-cell  wpdt-empty-cell \"\n                                            data-cell-id=\"C2\"\n                    data-col-index=\"2\"\n                    data-row-index=\"1\"\n                    style=\"                    padding:10px;\n                    \"\n                    >\n                                                            <\/td>\n                                        <\/tr>\n                            <tr class=\"wpdt-cell-row \" >\n                                <td class=\"wpdt-cell \"\n                                            data-cell-id=\"A3\"\n                    data-col-index=\"0\"\n                    data-row-index=\"2\"\n                    style=\"                    padding:10px;\n                    \"\n                    >\n                                        Valeria Vecerina                    <\/td>\n                                                <td class=\"wpdt-cell \"\n                                            data-cell-id=\"B3\"\n                    data-col-index=\"1\"\n                    data-row-index=\"2\"\n                    style=\"                    padding:10px;\n                    \"\n                    >\n                                        2e violon                    <\/td>\n                                                <td class=\"wpdt-cell  wpdt-empty-cell \"\n                                            data-cell-id=\"C3\"\n                    data-col-index=\"2\"\n                    data-row-index=\"2\"\n                    style=\"                    padding:10px;\n                    \"\n                    >\n                                                            <\/td>\n                                        <\/tr>\n                            <tr class=\"wpdt-cell-row \" >\n                                <td class=\"wpdt-cell \"\n                                            data-cell-id=\"A4\"\n                    data-col-index=\"0\"\n                    data-row-index=\"3\"\n                    style=\"                    padding:10px;\n                    \"\n                    >\n                                        Matthieu Hassid                    <\/td>\n                                                <td class=\"wpdt-cell \"\n                                            data-cell-id=\"B4\"\n                    data-col-index=\"1\"\n                    data-row-index=\"3\"\n                    style=\"                    padding:10px;\n                    \"\n                    >\n                                        violoncelle                    <\/td>\n                                                <td class=\"wpdt-cell  wpdt-empty-cell \"\n                                            data-cell-id=\"C4\"\n                    data-col-index=\"2\"\n                    data-row-index=\"3\"\n                    style=\"                    padding:10px;\n                    \"\n                    >\n                                                            <\/td>\n                                        <\/tr>\n                            <tr class=\"wpdt-cell-row \" >\n                                <td class=\"wpdt-cell \"\n                                            data-cell-id=\"A5\"\n                    data-col-index=\"0\"\n                    data-row-index=\"4\"\n                    style=\"                    padding:10px;\n                    \"\n                    >\n                                        Yuliia Drach                    <\/td>\n                                                <td class=\"wpdt-cell \"\n                                            data-cell-id=\"B5\"\n                    data-col-index=\"1\"\n                    data-row-index=\"4\"\n                    style=\"                    padding:10px;\n                    \"\n                    >\n                                        hautbois                    <\/td>\n                                                <td class=\"wpdt-cell  wpdt-empty-cell \"\n                                            data-cell-id=\"C5\"\n                    data-col-index=\"2\"\n                    data-row-index=\"4\"\n                    style=\"                    padding:10px;\n                    \"\n                    >\n                                                            <\/td>\n                                        <\/tr>\n                            <tr class=\"wpdt-cell-row \" >\n                                <td class=\"wpdt-cell wpdt-bc-C8E7F9 wpdt-merged-cell \"\n                     colspan=\"3\"  rowspan=\"1\"                     data-cell-id=\"A6\"\n                    data-col-index=\"0\"\n                    data-row-index=\"5\"\n                    style=\"                    padding:10px;\n                    \"\n                    >\n                                        2024                    <\/td>\n                                                                <\/tr>\n                            <tr class=\"wpdt-cell-row \" >\n                                <td class=\"wpdt-cell \"\n                                            data-cell-id=\"A7\"\n                    data-col-index=\"0\"\n                    data-row-index=\"6\"\n                    style=\"                    padding:10px;\n                    \"\n                    >\n                                        Aymeric Bonhomme                    <\/td>\n                                                <td class=\"wpdt-cell \"\n                                            data-cell-id=\"B7\"\n                    data-col-index=\"1\"\n                    data-row-index=\"6\"\n                    style=\"                    padding:10px;\n                    \"\n                    >\n                                        1er violon                    <\/td>\n                                                <td class=\"wpdt-cell  wpdt-empty-cell \"\n                                            data-cell-id=\"C7\"\n                    data-col-index=\"2\"\n                    data-row-index=\"6\"\n                    style=\"                    padding:10px;\n                    \"\n                    >\n                                                            <\/td>\n                                        <\/tr>\n                            <tr class=\"wpdt-cell-row \" >\n                                <td class=\"wpdt-cell \"\n                                            data-cell-id=\"A8\"\n                    data-col-index=\"0\"\n                    data-row-index=\"7\"\n                    style=\"                    padding:10px;\n                    \"\n                    >\n                                        Luisina Rabago                    <\/td>\n                                                <td class=\"wpdt-cell \"\n                                            data-cell-id=\"B8\"\n                    data-col-index=\"1\"\n                    data-row-index=\"7\"\n                    style=\"                    padding:10px;\n                    \"\n                    >\n                                        2e violon                    <\/td>\n                                                <td class=\"wpdt-cell  wpdt-empty-cell \"\n                                            data-cell-id=\"C8\"\n                    data-col-index=\"2\"\n                    data-row-index=\"7\"\n                    style=\"                    padding:10px;\n                    \"\n                    >\n                                                            <\/td>\n                                        <\/tr>\n                            <tr class=\"wpdt-cell-row \" >\n                                <td class=\"wpdt-cell \"\n                                            data-cell-id=\"A9\"\n                    data-col-index=\"0\"\n                    data-row-index=\"8\"\n                    style=\"                    padding:10px;\n                    \"\n                    >\n                                        Francisca Parente                    <\/td>\n                                                <td class=\"wpdt-cell \"\n                                            data-cell-id=\"B9\"\n                    data-col-index=\"1\"\n                    data-row-index=\"8\"\n                    style=\"                    padding:10px;\n                    \"\n                    >\n                                        violoncelle                    <\/td>\n                                                <td class=\"wpdt-cell  wpdt-empty-cell \"\n                                            data-cell-id=\"C9\"\n                    data-col-index=\"2\"\n                    data-row-index=\"8\"\n                    style=\"                    padding:10px;\n                    \"\n                    >\n                                                            <\/td>\n                                        <\/tr>\n                            <tr class=\"wpdt-cell-row \" >\n                                <td class=\"wpdt-cell \"\n                                            data-cell-id=\"A10\"\n                    data-col-index=\"0\"\n                    data-row-index=\"9\"\n                    style=\"                    padding:10px;\n                    \"\n                    >\n                                        Varvara Petrova                    <\/td>\n                                                <td class=\"wpdt-cell \"\n                                            data-cell-id=\"B10\"\n                    data-col-index=\"1\"\n                    data-row-index=\"9\"\n                    style=\"                    padding:10px;\n                    \"\n                    >\n                                        hautbois                    <\/td>\n                                                <td class=\"wpdt-cell  wpdt-empty-cell \"\n                                            data-cell-id=\"C10\"\n                    data-col-index=\"2\"\n                    data-row-index=\"9\"\n                    style=\"                    padding:10px;\n                    \"\n                    >\n                                                            <\/td>\n                                        <\/tr>\n                            <tr class=\"wpdt-cell-row \" >\n                                <td class=\"wpdt-cell wpdt-bc-C8E7F9 wpdt-merged-cell \"\n                     colspan=\"3\"  rowspan=\"1\"                     data-cell-id=\"A11\"\n                    data-col-index=\"0\"\n                    data-row-index=\"10\"\n                    style=\"                    padding:10px;\n                    \"\n                    >\n                                        2022-2023                    <\/td>\n                                                                <\/tr>\n                            <tr class=\"wpdt-cell-row \" >\n                                <td class=\"wpdt-cell \"\n                                            data-cell-id=\"A12\"\n                    data-col-index=\"0\"\n                    data-row-index=\"11\"\n                    style=\"                    padding:10px;\n                    \"\n                    >\n                                        Enrique Castillo                    <\/td>\n                                                <td class=\"wpdt-cell \"\n                                            data-cell-id=\"B12\"\n                    data-col-index=\"1\"\n                    data-row-index=\"11\"\n                    style=\"                    padding:10px;\n                    \"\n                    >\n                                        1er violon                    <\/td>\n                                                <td class=\"wpdt-cell  wpdt-empty-cell \"\n                                            data-cell-id=\"C12\"\n                    data-col-index=\"2\"\n                    data-row-index=\"11\"\n                    style=\"                    padding:10px;\n                    \"\n                    >\n                                                            <\/td>\n                                        <\/tr>\n                            <tr class=\"wpdt-cell-row \" >\n                                <td class=\"wpdt-cell \"\n                                            data-cell-id=\"A13\"\n                    data-col-index=\"0\"\n                    data-row-index=\"12\"\n                    style=\"                    padding:10px;\n                    \"\n                    >\n                                        Charlotte Orcel                    <\/td>\n                                                <td class=\"wpdt-cell \"\n                                            data-cell-id=\"B13\"\n                    data-col-index=\"1\"\n                    data-row-index=\"12\"\n                    style=\"                    padding:10px;\n                    \"\n                    >\n                                        2e violon                    <\/td>\n                                                <td class=\"wpdt-cell  wpdt-empty-cell \"\n                                            data-cell-id=\"C13\"\n                    data-col-index=\"2\"\n                    data-row-index=\"12\"\n                    style=\"                    padding:10px;\n                    \"\n                    >\n                                                            <\/td>\n                                        <\/tr>\n                            <tr class=\"wpdt-cell-row \" >\n                                <td class=\"wpdt-cell \"\n                                            data-cell-id=\"A14\"\n                    data-col-index=\"0\"\n                    data-row-index=\"13\"\n                    style=\"                    padding:10px;\n                    \"\n                    >\n                                        Anna Ozdemir                    <\/td>\n                                                <td class=\"wpdt-cell \"\n                                            data-cell-id=\"B14\"\n                    data-col-index=\"1\"\n                    data-row-index=\"13\"\n                    style=\"                    padding:10px;\n                    \"\n                    >\n                                        violoncelle                    <\/td>\n                                                <td class=\"wpdt-cell  wpdt-empty-cell \"\n                                            data-cell-id=\"C14\"\n                    data-col-index=\"2\"\n                    data-row-index=\"13\"\n                    style=\"                    padding:10px;\n                    \"\n                    >\n                                                            <\/td>\n                                        <\/tr>\n                            <tr class=\"wpdt-cell-row \" >\n                                <td class=\"wpdt-cell \"\n                                            data-cell-id=\"A15\"\n                    data-col-index=\"0\"\n                    data-row-index=\"14\"\n                    style=\"                    padding:10px;\n                    \"\n                    >\n                                        Varvara Petrova                    <\/td>\n                                                <td class=\"wpdt-cell \"\n                                            data-cell-id=\"B15\"\n                    data-col-index=\"1\"\n                    data-row-index=\"14\"\n                    style=\"                    padding:10px;\n                    \"\n                    >\n                                        hautbois                    <\/td>\n                                                <td class=\"wpdt-cell  wpdt-empty-cell \"\n                                            data-cell-id=\"C15\"\n                    data-col-index=\"2\"\n                    data-row-index=\"14\"\n                    style=\"                    padding:10px;\n                    \"\n                    >\n                                                            <\/td>\n                                        <\/tr>\n                            <tr class=\"wpdt-cell-row \" >\n                                <td class=\"wpdt-cell wpdt-bc-C8E7F9 wpdt-merged-cell \"\n                     colspan=\"3\"  rowspan=\"1\"                     data-cell-id=\"A16\"\n                    data-col-index=\"0\"\n                    data-row-index=\"15\"\n                    style=\"                    padding:10px;\n                    \"\n                    >\n                                        2021-2022                    <\/td>\n                                                                <\/tr>\n                            <tr class=\"wpdt-cell-row \" >\n                                <td class=\"wpdt-cell \"\n                                            data-cell-id=\"A17\"\n                    data-col-index=\"0\"\n                    data-row-index=\"16\"\n                    style=\"                    padding:10px;\n                    \"\n                    >\n                                        Aleksandrs Prants                    <\/td>\n                                                <td class=\"wpdt-cell \"\n                                            data-cell-id=\"B17\"\n                    data-col-index=\"1\"\n                    data-row-index=\"16\"\n                    style=\"                    padding:10px;\n                    \"\n                    >\n                                        1er violon                    <\/td>\n                                                <td class=\"wpdt-cell  wpdt-empty-cell \"\n                                            data-cell-id=\"C17\"\n                    data-col-index=\"2\"\n                    data-row-index=\"16\"\n                    style=\"                    padding:10px;\n                    \"\n                    >\n                                                            <\/td>\n                                        <\/tr>\n                            <tr class=\"wpdt-cell-row \" >\n                                <td class=\"wpdt-cell \"\n                                            data-cell-id=\"A18\"\n                    data-col-index=\"0\"\n                    data-row-index=\"17\"\n                    style=\"                    padding:10px;\n                    \"\n                    >\n                                        Mariia Kalugina                    <\/td>\n                                                <td class=\"wpdt-cell \"\n                                            data-cell-id=\"B18\"\n                    data-col-index=\"1\"\n                    data-row-index=\"17\"\n                    style=\"                    padding:10px;\n                    \"\n                    >\n                                        2e violon                    <\/td>\n                                                <td class=\"wpdt-cell  wpdt-empty-cell \"\n                                            data-cell-id=\"C18\"\n                    data-col-index=\"2\"\n                    data-row-index=\"17\"\n                    style=\"                    padding:10px;\n                    \"\n                    >\n                                                            <\/td>\n                                        <\/tr>\n                            <tr class=\"wpdt-cell-row \" >\n                                <td class=\"wpdt-cell \"\n                                            data-cell-id=\"A19\"\n                    data-col-index=\"0\"\n                    data-row-index=\"18\"\n                    style=\"                    padding:10px;\n                    \"\n                    >\n                                        Camille Coisne                    <\/td>\n                                                <td class=\"wpdt-cell \"\n                                            data-cell-id=\"B19\"\n                    data-col-index=\"1\"\n                    data-row-index=\"18\"\n                    style=\"                    padding:10px;\n                    \"\n                    >\n                                        violoncelle                    <\/td>\n                                                <td class=\"wpdt-cell  wpdt-empty-cell \"\n                                            data-cell-id=\"C19\"\n                    data-col-index=\"2\"\n                    data-row-index=\"18\"\n                    style=\"                    padding:10px;\n                    \"\n                    >\n                                                            <\/td>\n                                        <\/tr>\n                            <tr class=\"wpdt-cell-row \" >\n                                <td class=\"wpdt-cell \"\n                                            data-cell-id=\"A20\"\n                    data-col-index=\"0\"\n                    data-row-index=\"19\"\n                    style=\"                    padding:10px;\n                    \"\n                    >\n                                        Aleksandra Kindic                    <\/td>\n                                                <td class=\"wpdt-cell \"\n                                            data-cell-id=\"B20\"\n                    data-col-index=\"1\"\n                    data-row-index=\"19\"\n                    style=\"                    padding:10px;\n                    \"\n                    >\n                                        hautbois                    <\/td>\n                                                <td class=\"wpdt-cell \"\n                                            data-cell-id=\"C20\"\n                    data-col-index=\"2\"\n                    data-row-index=\"19\"\n                    style=\"                    padding:10px;\n                    \"\n                    >\n                                        <a class=\"wpdt-link-content\" href=\"http:\/\/www.bgf.rs\/en\/orkestar_cp\/aleksandra-kindjic-principal\/\"  rel=\"\" target=\"_blank\" data-cell-id=\"92\" data-link-url=\"http:\/\/www.bgf.rs\/en\/orkestar_cp\/aleksandra-kindjic-principal\/\" data-link-text=\"Belgrade Philharmonic Orchestra\" data-link-target=\"true\" data-link-nofollow=\"0\" data-link-noreferrer=\"0\" data-link-sponsored=\"0\" data-link-btn-status=\"0\" data-link-btn-class=\"\" data-link-content=\"wpdt-link-content\">Belgrade Philharmonic Orchestra<\/a>                    <\/td>\n                                        <\/tr>\n                            <tr class=\"wpdt-cell-row \" >\n                                <td class=\"wpdt-cell wpdt-bc-C8E7F9 wpdt-merged-cell \"\n                     colspan=\"3\"  rowspan=\"1\"                     data-cell-id=\"A21\"\n                    data-col-index=\"0\"\n                    data-row-index=\"20\"\n                    style=\"                    padding:10px;\n                    \"\n                    >\n                                        2019-2021                    <\/td>\n                                                                <\/tr>\n                            <tr class=\"wpdt-cell-row \" >\n                                <td class=\"wpdt-cell \"\n                                            data-cell-id=\"A22\"\n                    data-col-index=\"0\"\n                    data-row-index=\"21\"\n                    style=\"                    padding:10px;\n                    \"\n                    >\n                                        Aleksandra Varaksina                    <\/td>\n                                                <td class=\"wpdt-cell \"\n                                            data-cell-id=\"B22\"\n                    data-col-index=\"1\"\n                    data-row-index=\"21\"\n                    style=\"                    padding:10px;\n                    \"\n                    >\n                                        1er violon                    <\/td>\n                                                <td class=\"wpdt-cell \"\n                                            data-cell-id=\"C22\"\n                    data-col-index=\"2\"\n                    data-row-index=\"21\"\n                    style=\"                    padding:10px;\n                    \"\n                    >\n                                        <a class=\"wpdt-link-content\" href=\"https:\/\/elbland-philharmonie-sachsen.de\/orchestermitglieder\/\"  rel=\"\" target=\"_blank\" data-cell-id=\"162\" data-link-url=\"https:\/\/elbland-philharmonie-sachsen.de\/orchestermitglieder\/\" data-link-text=\"Elbland Philharmonie Sachsen\" data-link-target=\"true\" data-link-nofollow=\"0\" data-link-noreferrer=\"0\" data-link-sponsored=\"0\" data-link-btn-status=\"0\" data-link-btn-class=\"\" data-link-content=\"wpdt-link-content\">Elbland Philharmonie Sachsen<\/a>                    <\/td>\n                                        <\/tr>\n                            <tr class=\"wpdt-cell-row \" >\n                                <td class=\"wpdt-cell \"\n                                            data-cell-id=\"A23\"\n                    data-col-index=\"0\"\n                    data-row-index=\"22\"\n                    style=\"                    padding:10px;\n                    \"\n                    >\n                                        Nandigua Bayarbaatar                    <\/td>\n                                                <td class=\"wpdt-cell \"\n                                            data-cell-id=\"B23\"\n                    data-col-index=\"1\"\n                    data-row-index=\"22\"\n                    style=\"                    padding:10px;\n                    \"\n                    >\n                                        2e violon                    <\/td>\n                                                <td class=\"wpdt-cell  wpdt-empty-cell \"\n                                            data-cell-id=\"C23\"\n                    data-col-index=\"2\"\n                    data-row-index=\"22\"\n                    style=\"                    padding:10px;\n                    \"\n                    >\n                                                            <\/td>\n                                        <\/tr>\n                            <tr class=\"wpdt-cell-row \" >\n                                <td class=\"wpdt-cell \"\n                                            data-cell-id=\"A24\"\n                    data-col-index=\"0\"\n                    data-row-index=\"23\"\n                    style=\"                    padding:10px;\n                    \"\n                    >\n                                        Angela Escauriaza                    <\/td>\n                                                <td class=\"wpdt-cell \"\n                                            data-cell-id=\"B24\"\n                    data-col-index=\"1\"\n                    data-row-index=\"23\"\n                    style=\"                    padding:10px;\n                    \"\n                    >\n                                        violoncelle                    <\/td>\n                                                <td class=\"wpdt-cell  wpdt-empty-cell \"\n                                            data-cell-id=\"C24\"\n                    data-col-index=\"2\"\n                    data-row-index=\"23\"\n                    style=\"                    padding:10px;\n                    \"\n                    >\n                                                            <\/td>\n                                        <\/tr>\n                            <tr class=\"wpdt-cell-row \" >\n                                <td class=\"wpdt-cell \"\n                                            data-cell-id=\"A25\"\n                    data-col-index=\"0\"\n                    data-row-index=\"24\"\n                    style=\"                    padding:10px;\n                    \"\n                    >\n                                        Erica Smetak                    <\/td>\n                                                <td class=\"wpdt-cell \"\n                                            data-cell-id=\"B25\"\n                    data-col-index=\"1\"\n                    data-row-index=\"24\"\n                    style=\"                    padding:10px;\n                    \"\n                    >\n                                        hautbois                    <\/td>\n                                                <td class=\"wpdt-cell \"\n                                            data-cell-id=\"C25\"\n                    data-col-index=\"2\"\n                    data-row-index=\"24\"\n                    style=\"                    padding:10px;\n                    \"\n                    >\n                                        <a class=\"wpdt-link-content\" href=\"https:\/\/www.konzertundtheater.ch\/ueber-uns\/menschen\/konzert\/oboe\/erica-smetak\/\"  rel=\"\" target=\"_blank\" data-cell-id=\"92\" data-link-url=\"https:\/\/www.konzertundtheater.ch\/ueber-uns\/menschen\/konzert\/oboe\/erica-smetak\/\" data-link-text=\"Sinfonieorchester St.Gallen\" data-link-target=\"true\" data-link-nofollow=\"0\" data-link-noreferrer=\"0\" data-link-sponsored=\"0\" data-link-btn-status=\"0\" data-link-btn-class=\"\" data-link-content=\"wpdt-link-content\">Sinfonieorchester St.Gallen<\/a>                    <\/td>\n                                        <\/tr>\n                            <tr class=\"wpdt-cell-row \" >\n                                <td class=\"wpdt-cell wpdt-bc-C8E7F9 wpdt-merged-cell \"\n                     colspan=\"3\"  rowspan=\"1\"                     data-cell-id=\"A26\"\n                    data-col-index=\"0\"\n                    data-row-index=\"25\"\n                    style=\"                    padding:10px;\n                    \"\n                    >\n                                        2018-2019                    <\/td>\n                                                                <\/tr>\n                            <tr class=\"wpdt-cell-row \" >\n                                <td class=\"wpdt-cell \"\n                                            data-cell-id=\"A27\"\n                    data-col-index=\"0\"\n                    data-row-index=\"26\"\n                    style=\"                    padding:10px;\n                    \"\n                    >\n                                        Paloma Martin                     <\/td>\n                                                <td class=\"wpdt-cell \"\n                                            data-cell-id=\"B27\"\n                    data-col-index=\"1\"\n                    data-row-index=\"26\"\n                    style=\"                    padding:10px;\n                    \"\n                    >\n                                        1er violon                    <\/td>\n                                                <td class=\"wpdt-cell  wpdt-empty-cell \"\n                                            data-cell-id=\"C27\"\n                    data-col-index=\"2\"\n                    data-row-index=\"26\"\n                    style=\"                    padding:10px;\n                    \"\n                    >\n                                                            <\/td>\n                                        <\/tr>\n                            <tr class=\"wpdt-cell-row \" >\n                                <td class=\"wpdt-cell \"\n                                            data-cell-id=\"A28\"\n                    data-col-index=\"0\"\n                    data-row-index=\"27\"\n                    style=\"                    padding:10px;\n                    \"\n                    >\n                                        Lois Decloitre                     <\/td>\n                                                <td class=\"wpdt-cell \"\n                                            data-cell-id=\"B28\"\n                    data-col-index=\"1\"\n                    data-row-index=\"27\"\n                    style=\"                    padding:10px;\n                    \"\n                    >\n                                        2e violon                    <\/td>\n                                                <td class=\"wpdt-cell  wpdt-empty-cell \"\n                                            data-cell-id=\"C28\"\n                    data-col-index=\"2\"\n                    data-row-index=\"27\"\n                    style=\"                    padding:10px;\n                    \"\n                    >\n                                                            <\/td>\n                                        <\/tr>\n                            <tr class=\"wpdt-cell-row \" >\n                                <td class=\"wpdt-cell \"\n                                            data-cell-id=\"A29\"\n                    data-col-index=\"0\"\n                    data-row-index=\"28\"\n                    style=\"                    padding:10px;\n                    \"\n                    >\n                                        Matheus Mello                     <\/td>\n                                                <td class=\"wpdt-cell \"\n                                            data-cell-id=\"B29\"\n                    data-col-index=\"1\"\n                    data-row-index=\"28\"\n                    style=\"                    padding:10px;\n                    \"\n                    >\n                                        violoncelle                    <\/td>\n                                                <td class=\"wpdt-cell  wpdt-empty-cell \"\n                                            data-cell-id=\"C29\"\n                    data-col-index=\"2\"\n                    data-row-index=\"28\"\n                    style=\"                    padding:10px;\n                    \"\n                    >\n                                                            <\/td>\n                                        <\/tr>\n                            <tr class=\"wpdt-cell-row \" >\n                                <td class=\"wpdt-cell \"\n                                            data-cell-id=\"A30\"\n                    data-col-index=\"0\"\n                    data-row-index=\"29\"\n                    style=\"                    padding:10px;\n                    \"\n                    >\n                                        Erica Smetak                    <\/td>\n                                                <td class=\"wpdt-cell \"\n                                            data-cell-id=\"B30\"\n                    data-col-index=\"1\"\n                    data-row-index=\"29\"\n                    style=\"                    padding:10px;\n                    \"\n                    >\n                                        hautbois                     <\/td>\n                                                <td class=\"wpdt-cell  wpdt-empty-cell \"\n                                            data-cell-id=\"C30\"\n                    data-col-index=\"2\"\n                    data-row-index=\"29\"\n                    style=\"                    padding:10px;\n                    \"\n                    >\n                                                            <\/td>\n                                        <\/tr>\n                            <tr class=\"wpdt-cell-row \" >\n                                <td class=\"wpdt-cell wpdt-bc-C8E7F9 wpdt-merged-cell \"\n                     colspan=\"3\"  rowspan=\"1\"                     data-cell-id=\"A31\"\n                    data-col-index=\"0\"\n                    data-row-index=\"30\"\n                    style=\"                    padding:10px;\n                    \"\n                    >\n                                        2017-2018                    <\/td>\n                                                                <\/tr>\n                            <tr class=\"wpdt-cell-row \" >\n                                <td class=\"wpdt-cell \"\n                                            data-cell-id=\"A32\"\n                    data-col-index=\"0\"\n                    data-row-index=\"31\"\n                    style=\"                    padding:10px;\n                    \"\n                    >\n                                        Seat Byeol Choi                     <\/td>\n                                                <td class=\"wpdt-cell \"\n                                            data-cell-id=\"B32\"\n                    data-col-index=\"1\"\n                    data-row-index=\"31\"\n                    style=\"                    padding:10px;\n                    \"\n                    >\n                                        1er violon                    <\/td>\n                                                <td class=\"wpdt-cell \"\n                                            data-cell-id=\"C32\"\n                    data-col-index=\"2\"\n                    data-row-index=\"31\"\n                    style=\"                    padding:10px;\n                    \"\n                    >\n                                        <a class=\"wpdt-link-content\" href=\"https:\/\/www.citemusicale-metz.fr\/au-coeur-de-l-orchestre\/les-musiciens-et-musiciennes\"  rel=\"\" target=\"_blank\" data-cell-id=\"312\" data-link-url=\"https:\/\/www.citemusicale-metz.fr\/au-coeur-de-l-orchestre\/les-musiciens-et-musiciennes\" data-link-text=\"Orchestre de Metz\" data-link-target=\"true\" data-link-nofollow=\"0\" data-link-noreferrer=\"0\" data-link-sponsored=\"0\" data-link-btn-status=\"0\" data-link-btn-class=\"\" data-link-content=\"wpdt-link-content\">Orchestre de Metz<\/a>                    <\/td>\n                                        <\/tr>\n                            <tr class=\"wpdt-cell-row \" >\n                                <td class=\"wpdt-cell \"\n                                            data-cell-id=\"A33\"\n                    data-col-index=\"0\"\n                    data-row-index=\"32\"\n                    style=\"                    padding:10px;\n                    \"\n                    >\n                                        Adalberto Vital                     <\/td>\n                                                <td class=\"wpdt-cell \"\n                                            data-cell-id=\"B33\"\n                    data-col-index=\"1\"\n                    data-row-index=\"32\"\n                    style=\"                    padding:10px;\n                    \"\n                    >\n                                        2e violon                    <\/td>\n                                                <td class=\"wpdt-cell  wpdt-empty-cell \"\n                                            data-cell-id=\"C33\"\n                    data-col-index=\"2\"\n                    data-row-index=\"32\"\n                    style=\"                    padding:10px;\n                    \"\n                    >\n                                                            <\/td>\n                                        <\/tr>\n                            <tr class=\"wpdt-cell-row \" >\n                                <td class=\"wpdt-cell \"\n                                            data-cell-id=\"A34\"\n                    data-col-index=\"0\"\n                    data-row-index=\"33\"\n                    style=\"                    padding:10px;\n                    \"\n                    >\n                                        Laure Magnien                     <\/td>\n                                                <td class=\"wpdt-cell \"\n                                            data-cell-id=\"B34\"\n                    data-col-index=\"1\"\n                    data-row-index=\"33\"\n                    style=\"                    padding:10px;\n                    \"\n                    >\n                                        violoncelle                    <\/td>\n                                                <td class=\"wpdt-cell  wpdt-empty-cell \"\n                                            data-cell-id=\"C34\"\n                    data-col-index=\"2\"\n                    data-row-index=\"33\"\n                    style=\"                    padding:10px;\n                    \"\n                    >\n                                                            <\/td>\n                                        <\/tr>\n                            <tr class=\"wpdt-cell-row \" >\n                                <td class=\"wpdt-cell \"\n                                            data-cell-id=\"A35\"\n                    data-col-index=\"0\"\n                    data-row-index=\"34\"\n                    style=\"                    padding:10px;\n                    \"\n                    >\n                                        Juan Esteban Mendoza                     <\/td>\n                                                <td class=\"wpdt-cell \"\n                                            data-cell-id=\"B35\"\n                    data-col-index=\"1\"\n                    data-row-index=\"34\"\n                    style=\"                    padding:10px;\n                    \"\n                    >\n                                        hautbois                     <\/td>\n                                                <td class=\"wpdt-cell \"\n                                            data-cell-id=\"C35\"\n                    data-col-index=\"2\"\n                    data-row-index=\"34\"\n                    style=\"                    padding:10px;\n                    \"\n                    >\n                                        <a class=\"wpdt-link-content\" href=\"https:\/\/www.hetballetorkest.nl\/over-het-orkest\/de-orkestleden\/#id_hobo1\"  rel=\"\" target=\"_blank\" data-cell-id=\"192\" data-link-url=\"https:\/\/www.hetballetorkest.nl\/over-het-orkest\/de-orkestleden\/#id_hobo1\" data-link-text=\"Het Ballet Orkest\" data-link-target=\"true\" data-link-nofollow=\"0\" data-link-noreferrer=\"0\" data-link-sponsored=\"0\" data-link-btn-status=\"0\" data-link-btn-class=\"\" data-link-content=\"wpdt-link-content\">Het Ballet Orkest<\/a>                    <\/td>\n                                        <\/tr>\n                            <tr class=\"wpdt-cell-row \" >\n                                <td class=\"wpdt-cell wpdt-bc-C8E7F9 wpdt-merged-cell \"\n                     colspan=\"3\"  rowspan=\"1\"                     data-cell-id=\"A36\"\n                    data-col-index=\"0\"\n                    data-row-index=\"35\"\n                    style=\"                    padding:10px;\n                    \"\n                    >\n                                        2016-2017                    <\/td>\n                                                                <\/tr>\n                            <tr class=\"wpdt-cell-row \" >\n                                <td class=\"wpdt-cell \"\n                                            data-cell-id=\"A37\"\n                    data-col-index=\"0\"\n                    data-row-index=\"36\"\n                    style=\"                    padding:10px;\n                    \"\n                    >\n                                        Sacha Galea                     <\/td>\n                                                <td class=\"wpdt-cell \"\n                                            data-cell-id=\"B37\"\n                    data-col-index=\"1\"\n                    data-row-index=\"36\"\n                    style=\"                    padding:10px;\n                    \"\n                    >\n                                        1er violon                    <\/td>\n                                                <td class=\"wpdt-cell  wpdt-empty-cell \"\n                                            data-cell-id=\"C37\"\n                    data-col-index=\"2\"\n                    data-row-index=\"36\"\n                    style=\"                    padding:10px;\n                    \"\n                    >\n                                                            <\/td>\n                                        <\/tr>\n                            <tr class=\"wpdt-cell-row \" >\n                                <td class=\"wpdt-cell \"\n                                            data-cell-id=\"A38\"\n                    data-col-index=\"0\"\n                    data-row-index=\"37\"\n                    style=\"                    padding:10px;\n                    \"\n                    >\n                                        Cl\u00e9mentine Leblanc                     <\/td>\n                                                <td class=\"wpdt-cell \"\n                                            data-cell-id=\"B38\"\n                    data-col-index=\"1\"\n                    data-row-index=\"37\"\n                    style=\"                    padding:10px;\n                    \"\n                    >\n                                        2e violon                    <\/td>\n                                                <td class=\"wpdt-cell  wpdt-empty-cell \"\n                                            data-cell-id=\"C38\"\n                    data-col-index=\"2\"\n                    data-row-index=\"37\"\n                    style=\"                    padding:10px;\n                    \"\n                    >\n                                                            <\/td>\n                                        <\/tr>\n                            <tr class=\"wpdt-cell-row \" >\n                                <td class=\"wpdt-cell \"\n                                            data-cell-id=\"A39\"\n                    data-col-index=\"0\"\n                    data-row-index=\"38\"\n                    style=\"                    padding:10px;\n                    \"\n                    >\n                                        Sim\u00e3o Alcoforado Bareira                     <\/td>\n                                                <td class=\"wpdt-cell \"\n                                            data-cell-id=\"B39\"\n                    data-col-index=\"1\"\n                    data-row-index=\"38\"\n                    style=\"                    padding:10px;\n                    \"\n                    >\n                                        violoncelle                    <\/td>\n                                                <td class=\"wpdt-cell \"\n                                            data-cell-id=\"C39\"\n                    data-col-index=\"2\"\n                    data-row-index=\"38\"\n                    style=\"                    padding:10px;\n                    \"\n                    >\n                                        <a class=\"wpdt-link-content\" href=\"https:\/\/www.maggiofiorentino.com\/orchestra-del-maggio-musicale-fiorentino\/\"  target=\"_blank\" data-cell-id=\"182\" data-link-url=\"https:\/\/www.maggiofiorentino.com\/orchestra-del-maggio-musicale-fiorentino\/\" data-link-text=\"Orchestre Maggio Musicale\" data-link-target=\"true\" data-link-nofollow=\"0\" data-link-btn-status=\"0\" data-link-btn-class=\"\" data-link-content=\"wpdt-link-content\">Orchestre Maggio Musicale<\/a>                    <\/td>\n                                        <\/tr>\n                            <tr class=\"wpdt-cell-row \" >\n                                <td class=\"wpdt-cell \"\n                                            data-cell-id=\"A40\"\n                    data-col-index=\"0\"\n                    data-row-index=\"39\"\n                    style=\"                    padding:10px;\n                    \"\n                    >\n                                        Silvia Esain                     <\/td>\n                                                <td class=\"wpdt-cell \"\n                                            data-cell-id=\"B40\"\n                    data-col-index=\"1\"\n                    data-row-index=\"39\"\n                    style=\"                    padding:10px;\n                    \"\n                    >\n                                        hautbois                     <\/td>\n                                                <td class=\"wpdt-cell \"\n                                            data-cell-id=\"C40\"\n                    data-col-index=\"2\"\n                    data-row-index=\"39\"\n                    style=\"                    padding:10px;\n                    \"\n                    >\n                                        <a class=\"wpdt-link-content\" href=\"https:\/\/coscyl.com\/silvia-esain-nagore\/\"  rel=\"\" target=\"_blank\" data-cell-id=\"292\" data-link-url=\"https:\/\/coscyl.com\/silvia-esain-nagore\/\" data-link-text=\"Prof. Conservatoire de Salamanca\" data-link-target=\"true\" data-link-nofollow=\"0\" data-link-noreferrer=\"0\" data-link-sponsored=\"0\" data-link-btn-status=\"0\" data-link-btn-class=\"\" data-link-content=\"wpdt-link-content\">Prof. Conservatoire de Salamanca<\/a>                    <\/td>\n                                        <\/tr>\n                            <tr class=\"wpdt-cell-row \" >\n                                <td class=\"wpdt-cell wpdt-bc-C8E7F9 wpdt-merged-cell \"\n                     colspan=\"3\"  rowspan=\"1\"                     data-cell-id=\"A41\"\n                    data-col-index=\"0\"\n                    data-row-index=\"40\"\n                    style=\"                    padding:10px;\n                    \"\n                    >\n                                        2015-2016                    <\/td>\n                                                                <\/tr>\n                            <tr class=\"wpdt-cell-row \" >\n                                <td class=\"wpdt-cell \"\n                                            data-cell-id=\"A42\"\n                    data-col-index=\"0\"\n                    data-row-index=\"41\"\n                    style=\"                    padding:10px;\n                    \"\n                    >\n                                        Romain Geeraert                     <\/td>\n                                                <td class=\"wpdt-cell \"\n                                            data-cell-id=\"B42\"\n                    data-col-index=\"1\"\n                    data-row-index=\"41\"\n                    style=\"                    padding:10px;\n                    \"\n                    >\n                                        1er violon                    <\/td>\n                                                <td class=\"wpdt-cell \"\n                                            data-cell-id=\"C42\"\n                    data-col-index=\"2\"\n                    data-row-index=\"41\"\n                    style=\"                    padding:10px;\n                    \"\n                    >\n                                        <a class=\"wpdt-link-content\" href=\"https:\/\/cmg.ch\/professeurs\/geeraert-romain\/\"  rel=\"\" target=\"_blank\" data-cell-id=\"312\" data-link-url=\"https:\/\/conservatoirepopulaire.ch\/programme\/cordes\/violon\/\" data-link-text=\"Prof. CPMDT\" data-link-target=\"true\" data-link-nofollow=\"0\" data-link-noreferrer=\"0\" data-link-sponsored=\"0\" data-link-btn-status=\"0\" data-link-btn-class=\"\" data-link-content=\"wpdt-link-content\">Prof. CMG<\/a>                    <\/td>\n                                        <\/tr>\n                            <tr class=\"wpdt-cell-row \" >\n                                <td class=\"wpdt-cell \"\n                                            data-cell-id=\"A43\"\n                    data-col-index=\"0\"\n                    data-row-index=\"42\"\n                    style=\"                    padding:10px;\n                    \"\n                    >\n                                        Andriy Ostapchuk                     <\/td>\n                                                <td class=\"wpdt-cell \"\n                                            data-cell-id=\"B43\"\n                    data-col-index=\"1\"\n                    data-row-index=\"42\"\n                    style=\"                    padding:10px;\n                    \"\n                    >\n                                        2e violon                    <\/td>\n                                                <td class=\"wpdt-cell \"\n                                            data-cell-id=\"C43\"\n                    data-col-index=\"2\"\n                    data-row-index=\"42\"\n                    style=\"                    padding:10px;\n                    \"\n                    >\n                                        <a class=\"wpdt-link-content\" href=\"https:\/\/www.opmc.mc\/nos-musiciens\/\"  target=\"_blank\" data-cell-id=\"222\" data-link-url=\"https:\/\/www.opmc.mc\/nos-musiciens\/\" data-link-text=\"Orchestre philharmonique de Monte-Carlo\" data-link-target=\"true\" data-link-nofollow=\"0\" data-link-btn-status=\"0\" data-link-btn-class=\"\" data-link-content=\"wpdt-link-content\">Orchestre philharmonique de Monte-Carlo<\/a>                    <\/td>\n                                        <\/tr>\n                            <tr class=\"wpdt-cell-row \" >\n                                <td class=\"wpdt-cell \"\n                                            data-cell-id=\"A44\"\n                    data-col-index=\"0\"\n                    data-row-index=\"43\"\n                    style=\"                    padding:10px;\n                    \"\n                    >\n                                        Hector Ochoa                     <\/td>\n                                                <td class=\"wpdt-cell \"\n                                            data-cell-id=\"B44\"\n                    data-col-index=\"1\"\n                    data-row-index=\"43\"\n                    style=\"                    padding:10px;\n                    \"\n                    >\n                                        violoncelle                    <\/td>\n                                                <td class=\"wpdt-cell \"\n                                            data-cell-id=\"C44\"\n                    data-col-index=\"2\"\n                    data-row-index=\"43\"\n                    style=\"                    padding:10px;\n                    \"\n                    >\n                                        <a class=\"wpdt-link-content\" href=\"https:\/\/www.oscyl.com\/profesores-oscyl\/hector-ochoa\/\"  target=\"_blank\" data-cell-id=\"232\" data-link-url=\"https:\/\/www.oscyl.com\/profesores-oscyl\/hector-ochoa\/\" data-link-text=\"Orchestre Symphonique Castilla y Leon\" data-link-target=\"true\" data-link-nofollow=\"0\" data-link-btn-status=\"0\" data-link-btn-class=\"\" data-link-content=\"wpdt-link-content\">Orchestre Symphonique Castilla y Leon<\/a>                    <\/td>\n                                        <\/tr>\n                            <tr class=\"wpdt-cell-row \" >\n                                <td class=\"wpdt-cell \"\n                                            data-cell-id=\"A45\"\n                    data-col-index=\"0\"\n                    data-row-index=\"44\"\n                    style=\"                    padding:10px;\n                    \"\n                    >\n                                        Camille Andr\u00e9                     <\/td>\n                                                <td class=\"wpdt-cell \"\n                                            data-cell-id=\"B45\"\n                    data-col-index=\"1\"\n                    data-row-index=\"44\"\n                    style=\"                    padding:10px;\n                    \"\n                    >\n                                        hautbois                     <\/td>\n                                                <td class=\"wpdt-cell \"\n                                            data-cell-id=\"C45\"\n                    data-col-index=\"2\"\n                    data-row-index=\"44\"\n                    style=\"                    padding:10px;\n                    \"\n                    >\n                                        <a class=\"wpdt-link-content\" href=\"https:\/\/cmg.ch\/professeurs\/andre-camille\/\"  rel=\"\" target=\"_blank\" data-cell-id=\"242\" data-link-url=\"https:\/\/cmg.ch\/professeurs\/andre-camille\/\" data-link-text=\"Prof. CMG\" data-link-target=\"true\" data-link-nofollow=\"0\" data-link-noreferrer=\"0\" data-link-sponsored=\"0\" data-link-btn-status=\"0\" data-link-btn-class=\"\" data-link-content=\"wpdt-link-content\">Prof. CMG<\/a>                    <\/td>\n                                        <\/tr>\n                            <tr class=\"wpdt-cell-row \" >\n                                <td class=\"wpdt-cell wpdt-bc-C8E7F9 wpdt-merged-cell \"\n                     colspan=\"3\"  rowspan=\"1\"                     data-cell-id=\"A46\"\n                    data-col-index=\"0\"\n                    data-row-index=\"45\"\n                    style=\"                    padding:10px;\n                    \"\n                    >\n                                        2014-2015                    <\/td>\n                                                                <\/tr>\n                            <tr class=\"wpdt-cell-row \" >\n                                <td class=\"wpdt-cell \"\n                                            data-cell-id=\"A47\"\n                    data-col-index=\"0\"\n                    data-row-index=\"46\"\n                    style=\"                    padding:10px;\n                    \"\n                    >\n                                        C\u00e9cile Freyssenede                     <\/td>\n                                                <td class=\"wpdt-cell \"\n                                            data-cell-id=\"B47\"\n                    data-col-index=\"1\"\n                    data-row-index=\"46\"\n                    style=\"                    padding:10px;\n                    \"\n                    >\n                                        1er violon                    <\/td>\n                                                <td class=\"wpdt-cell \"\n                                            data-cell-id=\"C47\"\n                    data-col-index=\"2\"\n                    data-row-index=\"46\"\n                    style=\"                    padding:10px;\n                    \"\n                    >\n                                        <a class=\"wpdt-link-content\" href=\"https:\/\/opera-odeon.marseille.fr\/pages\/lorchestre-philharmonique-de-marseille\"  target=\"_blank\" data-cell-id=\"262\" data-link-url=\"https:\/\/opera-odeon.marseille.fr\/pages\/lorchestre-philharmonique-de-marseille\" data-link-text=\"Op\u00e9ra de Marseille\" data-link-target=\"true\" data-link-nofollow=\"0\" data-link-btn-status=\"0\" data-link-btn-class=\"\" data-link-content=\"wpdt-link-content\">Op\u00e9ra de Marseille<\/a>                    <\/td>\n                                        <\/tr>\n                            <tr class=\"wpdt-cell-row \" >\n                                <td class=\"wpdt-cell \"\n                                            data-cell-id=\"A48\"\n                    data-col-index=\"0\"\n                    data-row-index=\"47\"\n                    style=\"                    padding:10px;\n                    \"\n                    >\n                                        Lina Octeau                     <\/td>\n                                                <td class=\"wpdt-cell \"\n                                            data-cell-id=\"B48\"\n                    data-col-index=\"1\"\n                    data-row-index=\"47\"\n                    style=\"                    padding:10px;\n                    \"\n                    >\n                                        2e violon                    <\/td>\n                                                <td class=\"wpdt-cell \"\n                                            data-cell-id=\"C48\"\n                    data-col-index=\"2\"\n                    data-row-index=\"47\"\n                    style=\"                    padding:10px;\n                    \"\n                    >\n                                        <a class=\"wpdt-link-content\" href=\"https:\/\/onauvergne.com\/orchestre\/\"  target=\"_blank\" data-cell-id=\"272\" data-link-url=\"https:\/\/onauvergne.com\/orchestre\/\" data-link-text=\"Orchestre national d'Auvergne\" data-link-target=\"true\" data-link-nofollow=\"0\" data-link-btn-status=\"0\" data-link-btn-class=\"\" data-link-content=\"wpdt-link-content\">Orchestre national d'Auvergne<\/a>                    <\/td>\n                                        <\/tr>\n                            <tr class=\"wpdt-cell-row \" >\n                                <td class=\"wpdt-cell \"\n                                            data-cell-id=\"A49\"\n                    data-col-index=\"0\"\n                    data-row-index=\"48\"\n                    style=\"                    padding:10px;\n                    \"\n                    >\n                                        Natalia Byendus                     <\/td>\n                                                <td class=\"wpdt-cell \"\n                                            data-cell-id=\"B49\"\n                    data-col-index=\"1\"\n                    data-row-index=\"48\"\n                    style=\"                    padding:10px;\n                    \"\n                    >\n                                        violoncelle                    <\/td>\n                                                <td class=\"wpdt-cell \"\n                                            data-cell-id=\"C49\"\n                    data-col-index=\"2\"\n                    data-row-index=\"48\"\n                    style=\"                    padding:10px;\n                    \"\n                    >\n                                        <a class=\"wpdt-link-content\" href=\"https:\/\/sinfonietta.ge\/en\/musicians\/\"  target=\"_blank\" data-cell-id=\"282\" data-link-url=\"https:\/\/sinfonietta.ge\/en\/musicians\/\" data-link-text=\"Georgian Sinfonietta\" data-link-target=\"true\" data-link-nofollow=\"0\" data-link-btn-status=\"0\" data-link-btn-class=\"\" data-link-content=\"wpdt-link-content\">Georgian Sinfonietta<\/a>                    <\/td>\n                                        <\/tr>\n                            <tr class=\"wpdt-cell-row \" >\n                                <td class=\"wpdt-cell \"\n                                            data-cell-id=\"A50\"\n                    data-col-index=\"0\"\n                    data-row-index=\"49\"\n                    style=\"                    padding:10px;\n                    \"\n                    >\n                                        Cyril Lefran\u00e7ois                     <\/td>\n                                                <td class=\"wpdt-cell \"\n                                            data-cell-id=\"B50\"\n                    data-col-index=\"1\"\n                    data-row-index=\"49\"\n                    style=\"                    padding:10px;\n                    \"\n                    >\n                                        hautbois                    <\/td>\n                                                <td class=\"wpdt-cell \"\n                                            data-cell-id=\"C50\"\n                    data-col-index=\"2\"\n                    data-row-index=\"49\"\n                    style=\"                    padding:10px;\n                    \"\n                    >\n                                        <a class=\"wpdt-link-content\" href=\"https:\/\/www.oppb.fr\/lequipe-de-lorchestre\/\"  rel=\"\" target=\"_blank\" data-cell-id=\"342\" data-link-url=\"https:\/\/www.oppb.fr\/lequipe-de-lorchestre\/\" data-link-text=\"Orchestre de Pau\" data-link-target=\"true\" data-link-nofollow=\"0\" data-link-noreferrer=\"0\" data-link-sponsored=\"0\" data-link-btn-status=\"0\" data-link-btn-class=\"\" data-link-content=\"wpdt-link-content\">Orchestre de Pau<\/a>                    <\/td>\n                                        <\/tr>\n                            <tr class=\"wpdt-cell-row \" >\n                                <td class=\"wpdt-cell wpdt-bc-C8E7F9 wpdt-merged-cell \"\n                     colspan=\"3\"  rowspan=\"1\"                     data-cell-id=\"A51\"\n                    data-col-index=\"0\"\n                    data-row-index=\"50\"\n                    style=\"                    padding:10px;\n                    \"\n                    >\n                                        2013-2014                    <\/td>\n                                                                <\/tr>\n                            <tr class=\"wpdt-cell-row \" >\n                                <td class=\"wpdt-cell \"\n                                            data-cell-id=\"A52\"\n                    data-col-index=\"0\"\n                    data-row-index=\"51\"\n                    style=\"                    padding:10px;\n                    \"\n                    >\n                                        Guillaume Jacot                     <\/td>\n                                                <td class=\"wpdt-cell \"\n                                            data-cell-id=\"B52\"\n                    data-col-index=\"1\"\n                    data-row-index=\"51\"\n                    style=\"                    padding:10px;\n                    \"\n                    >\n                                        1er violon                    <\/td>\n                                                <td class=\"wpdt-cell \"\n                                            data-cell-id=\"C52\"\n                    data-col-index=\"2\"\n                    data-row-index=\"51\"\n                    style=\"                    padding:10px;\n                    \"\n                    >\n                                        <a class=\"wpdt-link-content\" href=\"https:\/\/www.osr.ch\/fr\/losr\/musiciens\/musiciens\/personne\/guillaume-jacot\"  rel=\"\" target=\"_blank\" data-cell-id=\"312\" data-link-url=\"https:\/\/www.osr.ch\/fr\/losr\/musiciens\/musiciens\/personne\/guillaume-jacot\" data-link-text=\"OSR\" data-link-target=\"true\" data-link-nofollow=\"0\" data-link-noreferrer=\"0\" data-link-sponsored=\"0\" data-link-btn-status=\"0\" data-link-btn-class=\"\" data-link-content=\"wpdt-link-content\">OSR<\/a>                    <\/td>\n                                        <\/tr>\n                            <tr class=\"wpdt-cell-row \" >\n                                <td class=\"wpdt-cell \"\n                                            data-cell-id=\"A53\"\n                    data-col-index=\"0\"\n                    data-row-index=\"52\"\n                    style=\"                    padding:10px;\n                    \"\n                    >\n                                        Eurydice Vernay                     <\/td>\n                                                <td class=\"wpdt-cell \"\n                                            data-cell-id=\"B53\"\n                    data-col-index=\"1\"\n                    data-row-index=\"52\"\n                    style=\"                    padding:10px;\n                    \"\n                    >\n                                        2e violon                    <\/td>\n                                                <td class=\"wpdt-cell \"\n                                            data-cell-id=\"C53\"\n                    data-col-index=\"2\"\n                    data-row-index=\"52\"\n                    style=\"                    padding:10px;\n                    \"\n                    >\n                                        <a class=\"wpdt-link-content\" href=\"https:\/\/www.orchestre-ile.com\/musicien\/vernay-eurydice-708\"  rel=\"\" target=\"_blank\" data-cell-id=\"422\" data-link-url=\"https:\/\/www.orchestre-ile.com\/musicien\/vernay-eurydice-708\" data-link-text=\"Orch. Nat. d&#x27;Ile-de-France\" data-link-target=\"true\" data-link-nofollow=\"0\" data-link-noreferrer=\"0\" data-link-sponsored=\"0\" data-link-btn-status=\"0\" data-link-btn-class=\"\" data-link-content=\"wpdt-link-content\">Orch. Nat. d&#x27;Ile-de-France<\/a>                    <\/td>\n                                        <\/tr>\n                            <tr class=\"wpdt-cell-row \" >\n                                <td class=\"wpdt-cell \"\n                                            data-cell-id=\"A54\"\n                    data-col-index=\"0\"\n                    data-row-index=\"53\"\n                    style=\"                    padding:10px;\n                    \"\n                    >\n                                        Victoria Lefevre                     <\/td>\n                                                <td class=\"wpdt-cell \"\n                                            data-cell-id=\"B54\"\n                    data-col-index=\"1\"\n                    data-row-index=\"53\"\n                    style=\"                    padding:10px;\n                    \"\n                    >\n                                        violoncelle                    <\/td>\n                                                <td class=\"wpdt-cell  wpdt-empty-cell \"\n                                            data-cell-id=\"C54\"\n                    data-col-index=\"2\"\n                    data-row-index=\"53\"\n                    style=\"                    padding:10px;\n                    \"\n                    >\n                                                            <\/td>\n                                        <\/tr>\n                            <tr class=\"wpdt-cell-row \" >\n                                <td class=\"wpdt-cell \"\n                                            data-cell-id=\"A55\"\n                    data-col-index=\"0\"\n                    data-row-index=\"54\"\n                    style=\"                    padding:10px;\n                    \"\n                    >\n                                        Ivan Kobylskiy                     <\/td>\n                                                <td class=\"wpdt-cell \"\n                                            data-cell-id=\"B55\"\n                    data-col-index=\"1\"\n                    data-row-index=\"54\"\n                    style=\"                    padding:10px;\n                    \"\n                    >\n                                        hautbois                     <\/td>\n                                                <td class=\"wpdt-cell \"\n                                            data-cell-id=\"C55\"\n                    data-col-index=\"2\"\n                    data-row-index=\"54\"\n                    style=\"                    padding:10px;\n                    \"\n                    >\n                                        <a class=\"wpdt-link-content\" href=\"https:\/\/opera-odeon.marseille.fr\/pages\/lorchestre-philharmonique-de-marseille\"  rel=\"\" target=\"_blank\" data-cell-id=\"392\" data-link-url=\"https:\/\/opera-odeon.marseille.fr\/pages\/lorchestre-philharmonique-de-marseille\" data-link-text=\"Op\u00e9ra de Marseille\" data-link-target=\"true\" data-link-nofollow=\"0\" data-link-noreferrer=\"0\" data-link-sponsored=\"0\" data-link-btn-status=\"0\" data-link-btn-class=\"\" data-link-content=\"wpdt-link-content\">Op\u00e9ra de Marseille<\/a>                    <\/td>\n                                        <\/tr>\n                            <tr class=\"wpdt-cell-row \" >\n                                <td class=\"wpdt-cell wpdt-bc-C8E7F9 wpdt-merged-cell \"\n                     colspan=\"3\"  rowspan=\"1\"                     data-cell-id=\"A56\"\n                    data-col-index=\"0\"\n                    data-row-index=\"55\"\n                    style=\"                    padding:10px;\n                    \"\n                    >\n                                        2012-2013                    <\/td>\n                                                                <\/tr>\n                            <tr class=\"wpdt-cell-row \" >\n                                <td class=\"wpdt-cell \"\n                                            data-cell-id=\"A57\"\n                    data-col-index=\"0\"\n                    data-row-index=\"56\"\n                    style=\"                    padding:10px;\n                    \"\n                    >\n                                        Maya Kadosh                     <\/td>\n                                                <td class=\"wpdt-cell \"\n                                            data-cell-id=\"B57\"\n                    data-col-index=\"1\"\n                    data-row-index=\"56\"\n                    style=\"                    padding:10px;\n                    \"\n                    >\n                                        1er violon                    <\/td>\n                                                <td class=\"wpdt-cell \"\n                                            data-cell-id=\"C57\"\n                    data-col-index=\"2\"\n                    data-row-index=\"56\"\n                    style=\"                    padding:10px;\n                    \"\n                    >\n                                        <a class=\"wpdt-link-content\" href=\"https:\/\/www.opernhaus.ch\/en\/orchester-der-oper-zuerich\/\"  target=\"_blank\" data-cell-id=\"362\" data-link-url=\"https:\/\/www.opernhaus.ch\/en\/orchester-der-oper-zuerich\/\" data-link-text=\"Philharmonia Z\u00fcrich\" data-link-target=\"true\" data-link-nofollow=\"0\" data-link-btn-status=\"0\" data-link-btn-class=\"\" data-link-content=\"wpdt-link-content\">Philharmonia Z\u00fcrich<\/a>                    <\/td>\n                                        <\/tr>\n                            <tr class=\"wpdt-cell-row \" >\n                                <td class=\"wpdt-cell \"\n                                            data-cell-id=\"A58\"\n                    data-col-index=\"0\"\n                    data-row-index=\"57\"\n                    style=\"                    padding:10px;\n                    \"\n                    >\n                                        Marianne Puzin                     <\/td>\n                                                <td class=\"wpdt-cell \"\n                                            data-cell-id=\"B58\"\n                    data-col-index=\"1\"\n                    data-row-index=\"57\"\n                    style=\"                    padding:10px;\n                    \"\n                    >\n                                        2e violon                    <\/td>\n                                                <td class=\"wpdt-cell \"\n                                            data-cell-id=\"C58\"\n                    data-col-index=\"2\"\n                    data-row-index=\"57\"\n                    style=\"                    padding:10px;\n                    \"\n                    >\n                                        <a class=\"wpdt-link-content\" href=\"https:\/\/onct.toulouse.fr\/les-musiciens\/\"  rel=\"\" target=\"_blank\" data-cell-id=\"422\" data-link-url=\"https:\/\/onct.toulouse.fr\/les-musiciens\/\" data-link-text=\"Orchestre du Capitole\" data-link-target=\"true\" data-link-nofollow=\"0\" data-link-noreferrer=\"0\" data-link-sponsored=\"0\" data-link-btn-status=\"0\" data-link-btn-class=\"\" data-link-content=\"wpdt-link-content\">Orchestre du Capitole<\/a>                    <\/td>\n                                        <\/tr>\n                            <tr class=\"wpdt-cell-row \" >\n                                <td class=\"wpdt-cell \"\n                                            data-cell-id=\"A59\"\n                    data-col-index=\"0\"\n                    data-row-index=\"58\"\n                    style=\"                    padding:10px;\n                    \"\n                    >\n                                        Anna Minten                     <\/td>\n                                                <td class=\"wpdt-cell \"\n                                            data-cell-id=\"B59\"\n                    data-col-index=\"1\"\n                    data-row-index=\"58\"\n                    style=\"                    padding:10px;\n                    \"\n                    >\n                                        violoncelle                     <\/td>\n                                                <td class=\"wpdt-cell \"\n                                            data-cell-id=\"C59\"\n                    data-col-index=\"2\"\n                    data-row-index=\"58\"\n                    style=\"                    padding:10px;\n                    \"\n                    >\n                                        <a class=\"wpdt-link-content\" href=\"https:\/\/conservatoirepopulaire.ch\/cours\/violoncelle\/\"  target=\"_blank\" data-cell-id=\"382\" data-link-url=\"https:\/\/conservatoirepopulaire.ch\/cours\/violoncelle\/\" data-link-text=\"Prof. CPMDT\" data-link-target=\"true\" data-link-nofollow=\"0\" data-link-btn-status=\"0\" data-link-btn-class=\"\" data-link-content=\"wpdt-link-content\">Prof. CPMDT<\/a>                    <\/td>\n                                        <\/tr>\n                            <tr class=\"wpdt-cell-row \" >\n                                <td class=\"wpdt-cell wpdt-bc-C8E7F9 wpdt-merged-cell \"\n                     colspan=\"3\"  rowspan=\"1\"                     data-cell-id=\"A60\"\n                    data-col-index=\"0\"\n                    data-row-index=\"59\"\n                    style=\"                    padding:10px;\n                    \"\n                    >\n                                        2011-2012                    <\/td>\n                                                                <\/tr>\n                            <tr class=\"wpdt-cell-row \" >\n                                <td class=\"wpdt-cell \"\n                                            data-cell-id=\"A61\"\n                    data-col-index=\"0\"\n                    data-row-index=\"60\"\n                    style=\"                    padding:10px;\n                    \"\n                    >\n                                        Hanna Parviainen                     <\/td>\n                                                <td class=\"wpdt-cell \"\n                                            data-cell-id=\"B61\"\n                    data-col-index=\"1\"\n                    data-row-index=\"60\"\n                    style=\"                    padding:10px;\n                    \"\n                    >\n                                        1er violon                    <\/td>\n                                                <td class=\"wpdt-cell \"\n                                            data-cell-id=\"C61\"\n                    data-col-index=\"2\"\n                    data-row-index=\"60\"\n                    style=\"                    padding:10px;\n                    \"\n                    >\n                                        <a class=\"wpdt-link-content\" href=\"https:\/\/korundi.fi\/en\/visit\/lapland-chamber-orchestra\/about-us\/hanna-parviainen\"  target=\"_blank\" data-cell-id=\"412\" data-link-url=\"https:\/\/korundi.fi\/en\/visit\/lapland-chamber-orchestra\/about-us\/hanna-parviainen\" data-link-text=\"Lapland Chamber Orchestra\" data-link-target=\"true\" data-link-nofollow=\"0\" data-link-btn-status=\"0\" data-link-btn-class=\"\" data-link-content=\"wpdt-link-content\">Lapland Chamber Orchestra<\/a>                    <\/td>\n                                        <\/tr>\n                            <tr class=\"wpdt-cell-row \" >\n                                <td class=\"wpdt-cell \"\n                                            data-cell-id=\"A62\"\n                    data-col-index=\"0\"\n                    data-row-index=\"61\"\n                    style=\"                    padding:10px;\n                    \"\n                    >\n                                        Tania Passendji                     <\/td>\n                                                <td class=\"wpdt-cell \"\n                                            data-cell-id=\"B62\"\n                    data-col-index=\"1\"\n                    data-row-index=\"61\"\n                    style=\"                    padding:10px;\n                    \"\n                    >\n                                        2e violon                    <\/td>\n                                                <td class=\"wpdt-cell \"\n                                            data-cell-id=\"C62\"\n                    data-col-index=\"2\"\n                    data-row-index=\"61\"\n                    style=\"                    padding:10px;\n                    \"\n                    >\n                                        <a class=\"wpdt-link-content\" href=\"https:\/\/www.orchestredechambredeparis.com\/personne\/tania-passendji\/\"  rel=\"\" target=\"_blank\" data-cell-id=\"512\" data-link-url=\"https:\/\/www.orchestredechambredeparis.com\/personne\/tania-passendji\/\" data-link-text=\"Orchestre de chambre de Paris\" data-link-target=\"true\" data-link-nofollow=\"0\" data-link-noreferrer=\"0\" data-link-sponsored=\"0\" data-link-btn-status=\"0\" data-link-btn-class=\"\" data-link-content=\"wpdt-link-content\">Orchestre de chambre de Paris<\/a>                    <\/td>\n                                        <\/tr>\n                            <tr class=\"wpdt-cell-row \" >\n                                <td class=\"wpdt-cell \"\n                                            data-cell-id=\"A63\"\n                    data-col-index=\"0\"\n                    data-row-index=\"62\"\n                    style=\"                    padding:10px;\n                    \"\n                    >\n                                        Carine Balit                     <\/td>\n                                                <td class=\"wpdt-cell \"\n                                            data-cell-id=\"B63\"\n                    data-col-index=\"1\"\n                    data-row-index=\"62\"\n                    style=\"                    padding:10px;\n                    \"\n                    >\n                                        violoncelle                     <\/td>\n                                                <td class=\"wpdt-cell \"\n                                            data-cell-id=\"C63\"\n                    data-col-index=\"2\"\n                    data-row-index=\"62\"\n                    style=\"                    padding:10px;\n                    \"\n                    >\n                                        <a class=\"wpdt-link-content\" href=\"http:\/\/www.camerataduleman.com\/\"  target=\"_blank\" data-cell-id=\"422\" data-link-url=\"http:\/\/www.camerataduleman.com\/\" data-link-text=\"Direction Camerata du L\u00e9man\" data-link-target=\"true\" data-link-nofollow=\"0\" data-link-btn-status=\"0\" data-link-btn-class=\"\" data-link-content=\"wpdt-link-content\">Direction Camerata du L\u00e9man<\/a>                    <\/td>\n                                        <\/tr>\n                            <tr class=\"wpdt-cell-row \" >\n                                <td class=\"wpdt-cell \"\n                                            data-cell-id=\"A64\"\n                    data-col-index=\"0\"\n                    data-row-index=\"63\"\n                    style=\"                    padding:10px;\n                    \"\n                    >\n                                        Ma\u00eblle Nicaise                    <\/td>\n                                                <td class=\"wpdt-cell \"\n                                            data-cell-id=\"B64\"\n                    data-col-index=\"1\"\n                    data-row-index=\"63\"\n                    style=\"                    padding:10px;\n                    \"\n                    >\n                                        hautbois                    <\/td>\n                                                <td class=\"wpdt-cell  wpdt-empty-cell \"\n                                            data-cell-id=\"C64\"\n                    data-col-index=\"2\"\n                    data-row-index=\"63\"\n                    style=\"                    padding:10px;\n                    \"\n                    >\n                                                            <\/td>\n                                        <\/tr>\n                            <tr class=\"wpdt-cell-row \" >\n                                <td class=\"wpdt-cell wpdt-bc-C8E7F9 wpdt-merged-cell \"\n                     colspan=\"3\"  rowspan=\"1\"                     data-cell-id=\"A65\"\n                    data-col-index=\"0\"\n                    data-row-index=\"64\"\n                    style=\"                    padding:10px;\n                    \"\n                    >\n                                        2010-2011                    <\/td>\n                                                                <\/tr>\n                            <tr class=\"wpdt-cell-row \" >\n                                <td class=\"wpdt-cell \"\n                                            data-cell-id=\"A66\"\n                    data-col-index=\"0\"\n                    data-row-index=\"65\"\n                    style=\"                    padding:10px;\n                    \"\n                    >\n                                        Claire Dassesse                     <\/td>\n                                                <td class=\"wpdt-cell \"\n                                            data-cell-id=\"B66\"\n                    data-col-index=\"1\"\n                    data-row-index=\"65\"\n                    style=\"                    padding:10px;\n                    \"\n                    >\n                                        1er violon                    <\/td>\n                                                <td class=\"wpdt-cell \"\n                                            data-cell-id=\"C66\"\n                    data-col-index=\"2\"\n                    data-row-index=\"65\"\n                    style=\"                    padding:10px;\n                    \"\n                    >\n                                        <a class=\"wpdt-link-content\" href=\"https:\/\/philharmoniedeparis.fr\/fr\/person\/21908\/claire-dassesse\"  target=\"_blank\" data-cell-id=\"452\" data-link-url=\"https:\/\/philharmoniedeparis.fr\/fr\/person\/21908\/claire-dassesse\" data-link-text=\"Orchestre de Paris\" data-link-target=\"true\" data-link-nofollow=\"0\" data-link-btn-status=\"0\" data-link-btn-class=\"\" data-link-content=\"wpdt-link-content\">Orchestre de Paris<\/a>                    <\/td>\n                                        <\/tr>\n                            <tr class=\"wpdt-cell-row \" >\n                                <td class=\"wpdt-cell \"\n                                            data-cell-id=\"A67\"\n                    data-col-index=\"0\"\n                    data-row-index=\"66\"\n                    style=\"                    padding:10px;\n                    \"\n                    >\n                                        Annabelle Dugast                     <\/td>\n                                                <td class=\"wpdt-cell \"\n                                            data-cell-id=\"B67\"\n                    data-col-index=\"1\"\n                    data-row-index=\"66\"\n                    style=\"                    padding:10px;\n                    \"\n                    >\n                                        2e violon                    <\/td>\n                                                <td class=\"wpdt-cell \"\n                                            data-cell-id=\"C67\"\n                    data-col-index=\"2\"\n                    data-row-index=\"66\"\n                    style=\"                    padding:10px;\n                    \"\n                    >\n                                        <a class=\"wpdt-link-content\" href=\"https:\/\/hamburgercamerata.com\/musiker\/\"  target=\"_blank\" data-cell-id=\"462\" data-link-url=\"https:\/\/hamburgercamerata.com\/musiker\/\" data-link-text=\"Hamburger Camerata\" data-link-target=\"true\" data-link-nofollow=\"0\" data-link-btn-status=\"0\" data-link-btn-class=\"\" data-link-content=\"wpdt-link-content\">Hamburger Camerata<\/a>                    <\/td>\n                                        <\/tr>\n                            <tr class=\"wpdt-cell-row \" >\n                                <td class=\"wpdt-cell \"\n                                            data-cell-id=\"A68\"\n                    data-col-index=\"0\"\n                    data-row-index=\"67\"\n                    style=\"                    padding:10px;\n                    \"\n                    >\n                                        Audrey Lafargue                     <\/td>\n                                                <td class=\"wpdt-cell \"\n                                            data-cell-id=\"B68\"\n                    data-col-index=\"1\"\n                    data-row-index=\"67\"\n                    style=\"                    padding:10px;\n                    \"\n                    >\n                                        violoncelle                     <\/td>\n                                                <td class=\"wpdt-cell \"\n                                            data-cell-id=\"C68\"\n                    data-col-index=\"2\"\n                    data-row-index=\"67\"\n                    style=\"                    padding:10px;\n                    \"\n                    >\n                                        <a class=\"wpdt-link-content\" href=\"https:\/\/www.teatrolafenice.it\/en\/la-fenice-foundation\/orchestra-choir\/\"  rel=\"\" target=\"_blank\" data-cell-id=\"572\" data-link-url=\"https:\/\/www.teatrolafenice.it\/en\/la-fenice-foundation\/orchestra-choir\/\" data-link-text=\"La Fenice de Venise\" data-link-target=\"true\" data-link-nofollow=\"0\" data-link-noreferrer=\"0\" data-link-sponsored=\"0\" data-link-btn-status=\"0\" data-link-btn-class=\"\" data-link-content=\"wpdt-link-content\">La Fenice de Venise<\/a>                    <\/td>\n                                        <\/tr>\n                            <tr class=\"wpdt-cell-row \" >\n                                <td class=\"wpdt-cell wpdt-bc-C8E7F9 wpdt-merged-cell \"\n                     colspan=\"3\"  rowspan=\"1\"                     data-cell-id=\"A69\"\n                    data-col-index=\"0\"\n                    data-row-index=\"68\"\n                    style=\"                    padding:10px;\n                    \"\n                    >\n                                        2009-2010                    <\/td>\n                                                                <\/tr>\n                            <tr class=\"wpdt-cell-row \" >\n                                <td class=\"wpdt-cell \"\n                                            data-cell-id=\"A70\"\n                    data-col-index=\"0\"\n                    data-row-index=\"69\"\n                    style=\"                    padding:10px;\n                    \"\n                    >\n                                        C\u00e9lia Ballester                     <\/td>\n                                                <td class=\"wpdt-cell \"\n                                            data-cell-id=\"B70\"\n                    data-col-index=\"1\"\n                    data-row-index=\"69\"\n                    style=\"                    padding:10px;\n                    \"\n                    >\n                                        1er violon                    <\/td>\n                                                <td class=\"wpdt-cell \"\n                                            data-cell-id=\"C70\"\n                    data-col-index=\"2\"\n                    data-row-index=\"69\"\n                    style=\"                    padding:10px;\n                    \"\n                    >\n                                        <a class=\"wpdt-link-content\" href=\"https:\/\/www.ovhfc.com\/lorchestre\/les-musiciens\/\"  rel=\"\" target=\"_blank\" data-cell-id=\"542\" data-link-url=\"https:\/\/www.ovhfc.com\/lorchestre\/les-musiciens\/\" data-link-text=\"Orchestre Victor-Hugo\" data-link-target=\"true\" data-link-nofollow=\"0\" data-link-noreferrer=\"0\" data-link-sponsored=\"0\" data-link-btn-status=\"0\" data-link-btn-class=\"\" data-link-content=\"wpdt-link-content\">Orchestre Victor-Hugo<\/a>                    <\/td>\n                                        <\/tr>\n                            <tr class=\"wpdt-cell-row \" >\n                                <td class=\"wpdt-cell \"\n                                            data-cell-id=\"A71\"\n                    data-col-index=\"0\"\n                    data-row-index=\"70\"\n                    style=\"                    padding:10px;\n                    \"\n                    >\n                                        Aurianne Philippe                     <\/td>\n                                                <td class=\"wpdt-cell \"\n                                            data-cell-id=\"B71\"\n                    data-col-index=\"1\"\n                    data-row-index=\"70\"\n                    style=\"                    padding:10px;\n                    \"\n                    >\n                                        2e violon                    <\/td>\n                                                <td class=\"wpdt-cell \"\n                                            data-cell-id=\"C71\"\n                    data-col-index=\"2\"\n                    data-row-index=\"70\"\n                    style=\"                    padding:10px;\n                    \"\n                    >\n                                        <a class=\"wpdt-link-content\" href=\"https:\/\/www.auditorium-lyon.com\/fr\/interpretes\/aurianne-philippe\"  target=\"_blank\" data-cell-id=\"502\" data-link-url=\"https:\/\/www.auditorium-lyon.com\/fr\/interpretes\/aurianne-philippe\" data-link-text=\"Orchestre national de Lyon\" data-link-target=\"true\" data-link-nofollow=\"0\" data-link-btn-status=\"0\" data-link-btn-class=\"\" data-link-content=\"wpdt-link-content\">Orchestre national de Lyon<\/a>                    <\/td>\n                                        <\/tr>\n                            <tr class=\"wpdt-cell-row \" >\n                                <td class=\"wpdt-cell \"\n                                            data-cell-id=\"A72\"\n                    data-col-index=\"0\"\n                    data-row-index=\"71\"\n                    style=\"                    padding:10px;\n                    \"\n                    >\n                                        Hsiao Hsuan Chung                    <\/td>\n                                                <td class=\"wpdt-cell \"\n                                            data-cell-id=\"B72\"\n                    data-col-index=\"1\"\n                    data-row-index=\"71\"\n                    style=\"                    padding:10px;\n                    \"\n                    >\n                                        hautbois                    <\/td>\n                                                <td class=\"wpdt-cell  wpdt-empty-cell \"\n                                            data-cell-id=\"C72\"\n                    data-col-index=\"2\"\n                    data-row-index=\"71\"\n                    style=\"                    padding:10px;\n                    \"\n                    >\n                                                            <\/td>\n                                        <\/tr>\n                            <tr class=\"wpdt-cell-row \" >\n                                <td class=\"wpdt-cell wpdt-bc-C8E7F9 wpdt-merged-cell \"\n                     colspan=\"3\"  rowspan=\"1\"                     data-cell-id=\"A73\"\n                    data-col-index=\"0\"\n                    data-row-index=\"72\"\n                    style=\"                    padding:10px;\n                    \"\n                    >\n                                        2008-2009                    <\/td>\n                                                                <\/tr>\n                            <tr class=\"wpdt-cell-row \" >\n                                <td class=\"wpdt-cell \"\n                                            data-cell-id=\"A74\"\n                    data-col-index=\"0\"\n                    data-row-index=\"73\"\n                    style=\"                    padding:10px;\n                    \"\n                    >\n                                        Benjamin Midejean                     <\/td>\n                                                <td class=\"wpdt-cell \"\n                                            data-cell-id=\"B74\"\n                    data-col-index=\"1\"\n                    data-row-index=\"73\"\n                    style=\"                    padding:10px;\n                    \"\n                    >\n                                        1er violon                    <\/td>\n                                                <td class=\"wpdt-cell  wpdt-empty-cell \"\n                                            data-cell-id=\"C74\"\n                    data-col-index=\"2\"\n                    data-row-index=\"73\"\n                    style=\"                    padding:10px;\n                    \"\n                    >\n                                                            <\/td>\n                                        <\/tr>\n                            <tr class=\"wpdt-cell-row \" >\n                                <td class=\"wpdt-cell \"\n                                            data-cell-id=\"A75\"\n                    data-col-index=\"0\"\n                    data-row-index=\"74\"\n                    style=\"                    padding:10px;\n                    \"\n                    >\n                                        Leslie Touret                     <\/td>\n                                                <td class=\"wpdt-cell \"\n                                            data-cell-id=\"B75\"\n                    data-col-index=\"1\"\n                    data-row-index=\"74\"\n                    style=\"                    padding:10px;\n                    \"\n                    >\n                                        2e violon                    <\/td>\n                                                <td class=\"wpdt-cell \"\n                                            data-cell-id=\"C75\"\n                    data-col-index=\"2\"\n                    data-row-index=\"74\"\n                    style=\"                    padding:10px;\n                    \"\n                    >\n                                        <a class=\"wpdt-link-content\" href=\"https:\/\/www.lafilature.org\/orchestre-national-de-mulhouse\/vie-de-l-orchestre\/musiciens\"  target=\"_blank\" data-cell-id=\"532\" data-link-url=\"https:\/\/www.lafilature.org\/orchestre-national-de-mulhouse\/vie-de-l-orchestre\/musiciens\" data-link-text=\"Orchestre symphonique de Mulhouse\" data-link-target=\"true\" data-link-nofollow=\"0\" data-link-btn-status=\"0\" data-link-btn-class=\"\" data-link-content=\"wpdt-link-content\">Orchestre symphonique de Mulhouse<\/a>                    <\/td>\n                                        <\/tr>\n                            <tr class=\"wpdt-cell-row \" >\n                                <td class=\"wpdt-cell \"\n                                            data-cell-id=\"A76\"\n                    data-col-index=\"0\"\n                    data-row-index=\"75\"\n                    style=\"                    padding:10px;\n                    \"\n                    >\n                                        Nanon Fustier                     <\/td>\n                                                <td class=\"wpdt-cell \"\n                                            data-cell-id=\"B76\"\n                    data-col-index=\"1\"\n                    data-row-index=\"75\"\n                    style=\"                    padding:10px;\n                    \"\n                    >\n                                        violoncelle                     <\/td>\n                                                <td class=\"wpdt-cell  wpdt-empty-cell \"\n                                            data-cell-id=\"C76\"\n                    data-col-index=\"2\"\n                    data-row-index=\"75\"\n                    style=\"                    padding:10px;\n                    \"\n                    >\n                                                            <\/td>\n                                        <\/tr>\n                            <tr class=\"wpdt-cell-row \" >\n                                <td class=\"wpdt-cell wpdt-bc-C8E7F9 wpdt-merged-cell \"\n                     colspan=\"3\"  rowspan=\"1\"                     data-cell-id=\"A77\"\n                    data-col-index=\"0\"\n                    data-row-index=\"76\"\n                    style=\"                    padding:10px;\n                    \"\n                    >\n                                        2007-2008                    <\/td>\n                                                                <\/tr>\n                            <tr class=\"wpdt-cell-row \" >\n                                <td class=\"wpdt-cell \"\n                                            data-cell-id=\"A78\"\n                    data-col-index=\"0\"\n                    data-row-index=\"77\"\n                    style=\"                    padding:10px;\n                    \"\n                    >\n                                        Doroth\u00e9e Nod\u00e9-Langlois                    <\/td>\n                                                <td class=\"wpdt-cell \"\n                                            data-cell-id=\"B78\"\n                    data-col-index=\"1\"\n                    data-row-index=\"77\"\n                    style=\"                    padding:10px;\n                    \"\n                    >\n                                        1er violon                    <\/td>\n                                                <td class=\"wpdt-cell \"\n                                            data-cell-id=\"C78\"\n                    data-col-index=\"2\"\n                    data-row-index=\"77\"\n                    style=\"                    padding:10px;\n                    \"\n                    >\n                                        <a class=\"wpdt-link-content\" href=\"https:\/\/www.genevacamerata.com\/fr\/geneva-camerata\"  rel=\"\" target=\"_blank\" data-cell-id=\"672\" data-link-url=\"https:\/\/www.genevacamerata.com\/fr\/geneva-camerata\" data-link-text=\"Geneva Camerata\" data-link-target=\"true\" data-link-nofollow=\"0\" data-link-noreferrer=\"0\" data-link-sponsored=\"0\" data-link-btn-status=\"0\" data-link-btn-class=\"\" data-link-content=\"wpdt-link-content\">Geneva Camerata<\/a>                    <\/td>\n                                        <\/tr>\n                            <tr class=\"wpdt-cell-row \" >\n                                <td class=\"wpdt-cell \"\n                                            data-cell-id=\"A79\"\n                    data-col-index=\"0\"\n                    data-row-index=\"78\"\n                    style=\"                    padding:10px;\n                    \"\n                    >\n                                        Diane Bouchet                     <\/td>\n                                                <td class=\"wpdt-cell \"\n                                            data-cell-id=\"B79\"\n                    data-col-index=\"1\"\n                    data-row-index=\"78\"\n                    style=\"                    padding:10px;\n                    \"\n                    >\n                                        2e violon                     <\/td>\n                                                <td class=\"wpdt-cell \"\n                                            data-cell-id=\"C79\"\n                    data-col-index=\"2\"\n                    data-row-index=\"78\"\n                    style=\"                    padding:10px;\n                    \"\n                    >\n                                        <a class=\"wpdt-link-content\" href=\"https:\/\/www.orchestre-cannes.com\/artiste\/diane-bouchet\/\"  target=\"_blank\" data-cell-id=\"562\" data-link-url=\"https:\/\/www.orchestre-cannes.com\/artiste\/diane-bouchet\/\" data-link-text=\"Orchestre de Cannes\" data-link-target=\"true\" data-link-nofollow=\"0\" data-link-btn-status=\"0\" data-link-btn-class=\"\" data-link-content=\"wpdt-link-content\">Orchestre de Cannes<\/a>                    <\/td>\n                                        <\/tr>\n                            <tr class=\"wpdt-cell-row \" >\n                                <td class=\"wpdt-cell wpdt-bc-C8E7F9 wpdt-merged-cell \"\n                     colspan=\"3\"  rowspan=\"1\"                     data-cell-id=\"A80\"\n                    data-col-index=\"0\"\n                    data-row-index=\"79\"\n                    style=\"                    padding:10px;\n                    \"\n                    >\n                                        2006-2007                    <\/td>\n                                                                <\/tr>\n                            <tr class=\"wpdt-cell-row \" >\n                                <td class=\"wpdt-cell \"\n                                            data-cell-id=\"A81\"\n                    data-col-index=\"0\"\n                    data-row-index=\"80\"\n                    style=\"                    padding:10px;\n                    \"\n                    >\n                                        Elodie Bugni                    <\/td>\n                                                <td class=\"wpdt-cell \"\n                                            data-cell-id=\"B81\"\n                    data-col-index=\"1\"\n                    data-row-index=\"80\"\n                    style=\"                    padding:10px;\n                    \"\n                    >\n                                        1er violon                    <\/td>\n                                                <td class=\"wpdt-cell \"\n                                            data-cell-id=\"C81\"\n                    data-col-index=\"2\"\n                    data-row-index=\"80\"\n                    style=\"                    padding:10px;\n                    \"\n                    >\n                                        <a class=\"wpdt-link-content\" href=\"https:\/\/www.osr.ch\/fr\/losr\/musiciens\/musiciens\/personne\/elodie-bugni\"  target=\"_blank\" data-cell-id=\"592\" data-link-url=\"https:\/\/www.osr.ch\/fr\/losr\/musiciens\/musiciens\/personne\/elodie-bugni\" data-link-text=\"OSR\" data-link-target=\"true\" data-link-nofollow=\"0\" data-link-btn-status=\"0\" data-link-btn-class=\"\" data-link-content=\"wpdt-link-content\">OSR<\/a>                    <\/td>\n                                        <\/tr>\n                            <tr class=\"wpdt-cell-row \" >\n                                <td class=\"wpdt-cell \"\n                                            data-cell-id=\"A82\"\n                    data-col-index=\"0\"\n                    data-row-index=\"81\"\n                    style=\"                    padding:10px;\n                    \"\n                    >\n                                        Floriane Cottet                    <\/td>\n                                                <td class=\"wpdt-cell \"\n                                            data-cell-id=\"B82\"\n                    data-col-index=\"1\"\n                    data-row-index=\"81\"\n                    style=\"                    padding:10px;\n                    \"\n                    >\n                                        2e violon                    <\/td>\n                                                <td class=\"wpdt-cell \"\n                                            data-cell-id=\"C82\"\n                    data-col-index=\"2\"\n                    data-row-index=\"81\"\n                    style=\"                    padding:10px;\n                    \"\n                    >\n                                        <a class=\"wpdt-link-content\" href=\"https:\/\/www.operaorchestrenormandierouen.fr\/la-maison\/lequipe\/\"  rel=\"\" target=\"_blank\" data-cell-id=\"762\" data-link-url=\"https:\/\/www.operaorchestrenormandierouen.fr\/la-maison\/lequipe\/\" data-link-text=\"Direction administrative op\u00e9ra de Rouen\" data-link-target=\"true\" data-link-nofollow=\"0\" data-link-noreferrer=\"0\" data-link-sponsored=\"0\" data-link-btn-status=\"0\" data-link-btn-class=\"\" data-link-content=\"wpdt-link-content\">Direction administrative op\u00e9ra de Rouen<\/a>                    <\/td>\n                                        <\/tr>\n                            <tr class=\"wpdt-cell-row \" >\n                                <td class=\"wpdt-cell wpdt-bc-C8E7F9 wpdt-merged-cell \"\n                     colspan=\"3\"  rowspan=\"1\"                     data-cell-id=\"A83\"\n                    data-col-index=\"0\"\n                    data-row-index=\"82\"\n                    style=\"                    padding:10px;\n                    \"\n                    >\n                                        2005-2006                    <\/td>\n                                                                <\/tr>\n                            <tr class=\"wpdt-cell-row \" >\n                                <td class=\"wpdt-cell \"\n                                            data-cell-id=\"A84\"\n                    data-col-index=\"0\"\n                    data-row-index=\"83\"\n                    style=\"                    padding:10px;\n                    \"\n                    >\n                                        Alvaro Larez-Fermin                    <\/td>\n                                                <td class=\"wpdt-cell \"\n                                            data-cell-id=\"B84\"\n                    data-col-index=\"1\"\n                    data-row-index=\"83\"\n                    style=\"                    padding:10px;\n                    \"\n                    >\n                                        1er violon                    <\/td>\n                                                <td class=\"wpdt-cell  wpdt-empty-cell \"\n                                            data-cell-id=\"C84\"\n                    data-col-index=\"2\"\n                    data-row-index=\"83\"\n                    style=\"                    padding:10px;\n                    \"\n                    >\n                                                            <\/td>\n                                        <\/tr>\n                            <tr class=\"wpdt-cell-row \" >\n                                <td class=\"wpdt-cell \"\n                                            data-cell-id=\"A85\"\n                    data-col-index=\"0\"\n                    data-row-index=\"84\"\n                    style=\"                    padding:10px;\n                    \"\n                    >\n                                        Anne-Catherine Fargeix                    <\/td>\n                                                <td class=\"wpdt-cell \"\n                                            data-cell-id=\"B85\"\n                    data-col-index=\"1\"\n                    data-row-index=\"84\"\n                    style=\"                    padding:10px;\n                    \"\n                    >\n                                        2e violon                    <\/td>\n                                                <td class=\"wpdt-cell \"\n                                            data-cell-id=\"C85\"\n                    data-col-index=\"2\"\n                    data-row-index=\"84\"\n                    style=\"                    padding:10px;\n                    \"\n                    >\n                                        <a class=\"wpdt-link-content\" href=\"https:\/\/opera.saint-etienne.fr\/otse\/l-opera\/l-ossel\/\"  target=\"_blank\" data-cell-id=\"622\" data-link-url=\"https:\/\/opera.saint-etienne.fr\/otse\/l-opera\/l-ossel\/\" data-link-text=\"Opera de Saint-Etienne\" data-link-target=\"true\" data-link-nofollow=\"0\" data-link-btn-status=\"0\" data-link-btn-class=\"\" data-link-content=\"wpdt-link-content\">Opera de Saint-Etienne<\/a>                    <\/td>\n                                        <\/tr>\n                    <\/table>\n<\/div><style id='wpdt-custom-style-1'>\ntable#wpdtSimpleTable-1{ table-layout: fixed !important; }\n.wpdt-bc-C8E7F9 { background-color: #C8E7F9 !important;}\n<\/style>\n<\/div>\n\n\n\n<p class=\"wp-block-paragraph\"><\/p>\n","protected":false},"excerpt":{"rendered":"<p>La Sinfonietta de Gen\u00e8ve met chaque ann\u00e9e au concours les postes de chefs d\u2019attaque des premiers violons, deuxi\u00e8mes violons et violoncelles ainsi que le poste de premier hautbois. L&rsquo;\u00e9preuve se d\u00e9roule en septembre \u00e0 la&nbsp;Haute \u00e9cole de Musique de Gen\u00e8ve et est ouvertes aux \u00e9tudiants en bachelor ou master. Le jury est compos\u00e9 du directeur [&hellip;]<\/p>\n","protected":false},"author":1,"featured_media":0,"parent":56,"menu_order":0,"comment_status":"closed","ping_status":"closed","template":"templates\/template-full-width.php","meta":{"_vp_format_video_url":"","_vp_image_focal_point":[],"footnotes":""},"class_list":["post-132","page","type-page","status-publish","hentry"],"_links":{"self":[{"href":"http:\/\/www.sinfoniettageneve.ch\/prod\/wp-json\/wp\/v2\/pages\/132","targetHints":{"allow":["GET"]}}],"collection":[{"href":"http:\/\/www.sinfoniettageneve.ch\/prod\/wp-json\/wp\/v2\/pages"}],"about":[{"href":"http:\/\/www.sinfoniettageneve.ch\/prod\/wp-json\/wp\/v2\/types\/page"}],"author":[{"embeddable":true,"href":"http:\/\/www.sinfoniettageneve.ch\/prod\/wp-json\/wp\/v2\/users\/1"}],"replies":[{"embeddable":true,"href":"http:\/\/www.sinfoniettageneve.ch\/prod\/wp-json\/wp\/v2\/comments?post=132"}],"version-history":[{"count":91,"href":"http:\/\/www.sinfoniettageneve.ch\/prod\/wp-json\/wp\/v2\/pages\/132\/revisions"}],"predecessor-version":[{"id":969,"href":"http:\/\/www.sinfoniettageneve.ch\/prod\/wp-json\/wp\/v2\/pages\/132\/revisions\/969"}],"up":[{"embeddable":true,"href":"http:\/\/www.sinfoniettageneve.ch\/prod\/wp-json\/wp\/v2\/pages\/56"}],"wp:attachment":[{"href":"http:\/\/www.sinfoniettageneve.ch\/prod\/wp-json\/wp\/v2\/media?parent=132"}],"curies":[{"name":"wp","href":"https:\/\/api.w.org\/{rel}","templated":true}]}}