{"id":203,"date":"2021-09-13T10:40:07","date_gmt":"2021-09-13T08:40:07","guid":{"rendered":"http:\/\/www.sinfoniettageneve.ch\/prod\/?page_id=203"},"modified":"2021-11-09T14:06:44","modified_gmt":"2021-11-09T13:06:44","slug":"concerts-1921","status":"publish","type":"page","link":"http:\/\/www.sinfoniettageneve.ch\/prod\/concerts\/concerts-1921\/","title":{"rendered":"Concerts-1921"},"content":{"rendered":"\n<h2 class=\"wp-block-heading\">Saison 2019-2021<\/h2>\n\n\n\n<p class=\"has-background wp-block-paragraph\" style=\"background-color:#c1e8fb\">31 juillet 2019 \u2013 11 ao\u00fbt 2019:\u00a0<strong>Tourn\u00e9e en Russie (3 concerts \u00e0 Tsarsko\u00ef\u00e9 Selo et Saint P\u00e9tersbourg)<\/strong><br>6 octobre 2019:<strong>\u00a0Montreux Palace<\/strong><\/p>\n\n\n\n<p class=\"wp-block-paragraph\">Direction: <strong>Beno\u00eet Willmann<\/strong><br>Violon: <strong>Claire Dassesse<\/strong> (Schoeck), <strong>Paloma Martin<\/strong> (Raff)<br>Cor des Alpes: <strong>Nicolas Dev\u00e8nes<\/strong><br>Violoncelle: <strong>Matheus Mello<\/strong><\/p>\n\n\n\n<p class=\"wp-block-paragraph\">Othmar Schoeck, <em>Concerto pour violon<\/em><br>Joachim Raff, <em>Rapsodie \u201cAbends\u201d<\/em><br>Jean Daetwyler, <em>Concerto\u00a0pour cor des Alpes<\/em><br>Wolgang Amadeus Mozart, <em>Ouverture de La Cl\u00e9mence de Titus<\/em>\u00a0<br>Alexander Glazounov, <em>Le chant du M\u00e9nestrel<\/em> <em>pour violoncelle et orchestre<\/em><br>Joachim Raff, <em>Cavatine pour violon et orchestr<\/em>e<\/p>\n\n\n\n<p class=\"has-background wp-block-paragraph\" style=\"background-color:#c1e8fb\">10 novembre 2019: <strong>Eglise de Compesi\u00e8res (Gen\u00e8ve)<\/strong><br>12 novembre 2019: <strong>Temple de Rolle<\/strong><\/p>\n\n\n\n<p class=\"wp-block-paragraph\">Direction: <strong>Bernard Duc<\/strong><br>Basson: <strong>Katrin Herda<\/strong><\/p>\n\n\n\n<p class=\"wp-block-paragraph\">Wolfgang Amadeus Mozart, <em>Ouverture de Don Giovanni<\/em><br>Carl Maria von Weber, <em>Concerto pour basson en Fa majeur<\/em><br>Ludwig van Beethoven, <em>Symphonie n\u00b02<\/em><\/p>\n\n\n\n<p class=\"has-background wp-block-paragraph\" style=\"background-color:#c1e8fb\">29 f\u00e9vrier 2020: <strong>Salle Frank-Martin (Gen\u00e8ve)<\/strong><\/p>\n\n\n\n<p class=\"wp-block-paragraph\">Direction: <strong>Fruszina Szuromi<\/strong><br>Ma\u00eetrise du Conservatoire Populaire de Musique<br>Hautbois: <strong>Erica Smetak<\/strong><\/p>\n\n\n\n<p class=\"wp-block-paragraph\">B\u00e9la Bart\u00f3k, <em>Danses roumaines<\/em><br>Ennio Morricone<em>, Pri\u00e8re de Gabriel<\/em><br>Wolfgang Amadeus Mozart, <em>Symphonie n\u00b031<\/em><br>Arthur Honegger, <em>Pastorale d\u2019\u00e9t\u00e9<\/em><br>C\u00e9sar Franck, <em>Panis Angelicus<\/em><br>L\u00e9o Delibes, <em>Missa brevis<\/em><br>Lajos B\u00e1rdos, <em>Danses de la mari\u00e9e<\/em><\/p>\n\n\n\n<p class=\"has-background wp-block-paragraph\" id=\"fdlm21\" style=\"background-color:#c1e8fb\">20 juin 2021: <strong>Salle Frank-Martin (Gen\u00e8ve)<\/strong><br><meta charset=\"utf-8\">26 juin 2021: <strong><strong>Salle communale de Collex-Bossy<\/strong><\/strong><\/p>\n\n\n\n<p class=\"wp-block-paragraph\">Direction: <strong>Pauline Ress\u00e9guier<\/strong><\/p>\n\n\n\n<p class=\"wp-block-paragraph\">Wolfgang Amadeus Mozart, <em>S\u00e9r\u00e9nade KV 388 pour octuor \u00e0 vents<\/em><br>F\u00e9lix Mendelssohn, <em>Symphonie pour cordes n\u00b0 4 en do mineur<\/em><\/p>\n\n\n\n<p class=\"has-text-align-center wp-block-paragraph\"><a href=\"http:\/\/www.sinfoniettageneve.ch\/prod\/concerts\/concerts-1819\/\">2018-2019<\/a> \/ <a href=\"http:\/\/www.sinfoniettageneve.ch\/prod\/concerts\/concerts-2122\/\">2021-2022<\/a><\/p>\n","protected":false},"excerpt":{"rendered":"<p>Saison 2019-2021 10 novembre 2019: Eglise de Compesi\u00e8res (Gen\u00e8ve)12 novembre 2019: Temple de Rolle Direction: Bernard DucBasson: Katrin Herda Wolfgang Amadeus Mozart, Ouverture de Don GiovanniCarl Maria von Weber, Concerto pour basson en Fa majeurLudwig van Beethoven, Symphonie n\u00b02 29 f\u00e9vrier 2020: Salle Frank-Martin (Gen\u00e8ve) Direction: Fruszina SzuromiMa\u00eetrise du Conservatoire Populaire de MusiqueHautbois: Erica Smetak [&hellip;]<\/p>\n","protected":false},"author":1,"featured_media":0,"parent":54,"menu_order":0,"comment_status":"closed","ping_status":"closed","template":"templates\/template-full-width.php","meta":{"_vp_format_video_url":"","_vp_image_focal_point":[],"footnotes":""},"class_list":["post-203","page","type-page","status-publish","hentry"],"_links":{"self":[{"href":"http:\/\/www.sinfoniettageneve.ch\/prod\/wp-json\/wp\/v2\/pages\/203","targetHints":{"allow":["GET"]}}],"collection":[{"href":"http:\/\/www.sinfoniettageneve.ch\/prod\/wp-json\/wp\/v2\/pages"}],"about":[{"href":"http:\/\/www.sinfoniettageneve.ch\/prod\/wp-json\/wp\/v2\/types\/page"}],"author":[{"embeddable":true,"href":"http:\/\/www.sinfoniettageneve.ch\/prod\/wp-json\/wp\/v2\/users\/1"}],"replies":[{"embeddable":true,"href":"http:\/\/www.sinfoniettageneve.ch\/prod\/wp-json\/wp\/v2\/comments?post=203"}],"version-history":[{"count":10,"href":"http:\/\/www.sinfoniettageneve.ch\/prod\/wp-json\/wp\/v2\/pages\/203\/revisions"}],"predecessor-version":[{"id":385,"href":"http:\/\/www.sinfoniettageneve.ch\/prod\/wp-json\/wp\/v2\/pages\/203\/revisions\/385"}],"up":[{"embeddable":true,"href":"http:\/\/www.sinfoniettageneve.ch\/prod\/wp-json\/wp\/v2\/pages\/54"}],"wp:attachment":[{"href":"http:\/\/www.sinfoniettageneve.ch\/prod\/wp-json\/wp\/v2\/media?parent=203"}],"curies":[{"name":"wp","href":"https:\/\/api.w.org\/{rel}","templated":true}]}}