{"id":219,"date":"2021-09-13T12:49:29","date_gmt":"2021-09-13T10:49:29","guid":{"rendered":"http:\/\/www.sinfoniettageneve.ch\/prod\/?page_id=219"},"modified":"2021-11-09T14:05:47","modified_gmt":"2021-11-09T13:05:47","slug":"concerts-1819","status":"publish","type":"page","link":"http:\/\/www.sinfoniettageneve.ch\/prod\/concerts\/concerts-1819\/","title":{"rendered":"Concerts-1819"},"content":{"rendered":"\n<h2 class=\"wp-block-heading\">Saison 2018-2019<\/h2>\n\n\n\n<p class=\"has-background wp-block-paragraph\" style=\"background-color:#c1e8fb\">17 novembre 2018: <strong>Octogone (Pully)<\/strong><br>18 novembre 2018: <strong>Salle Frank-Martin (Gen\u00e8ve)<\/strong><\/p>\n\n\n\n<p class=\"wp-block-paragraph\">Direction: <strong>Thierry Besan\u00e7on<\/strong><br>Soprano: <strong>Catherine Cruchet<\/strong><br>R\u00e9citant: <strong>\u00d6rs Kisfaludy<\/strong><\/p>\n\n\n\n<p class=\"wp-block-paragraph\">Jacques Offenbach,<em> Le voyage dans la lune<br><\/em>Mikl\u00f3s R\u00f3zsa, <em>Le Livre de la Jungle<\/em><\/p>\n\n\n\n<p class=\"has-background wp-block-paragraph\" id=\"mayet19\" style=\"background-color:#c1e8fb\">24 f\u00e9vrier 2019: <strong>Temple de Rolle<\/strong><br>10 mars 2019: <strong>Victoria-Hall (Gen\u00e8ve)<\/strong><\/p>\n\n\n\n<p class=\"wp-block-paragraph\">Direction: <strong>Florent Mayet<\/strong><br>Piano: <strong>Vittorio Forte<\/strong><\/p>\n\n\n\n<p class=\"wp-block-paragraph\">Gioachino Rossini, <em>Ouverture de \u00abL\u2019Italienne \u00e0 Alger\u00bb<\/em><br>Fr\u00e9d\u00e9ric Chopin, <em>Concerto pour piano n\u00b02 en fa mineur<\/em><br>Felix Mendelssohn, <em>Symphonie n\u00b04 \u00abItalienne\u00bb<\/em><\/p>\n\n\n\n<p class=\"has-background wp-block-paragraph\" style=\"background-color:#c1e8fb\">6 avril 2019:<strong> Temple de Saint-Gervais (Gen\u00e8ve)<\/strong><br>7 avril 2019:<strong> Temple de Moudon<\/strong><\/p>\n\n\n\n<p class=\"wp-block-paragraph\">Direction: <strong>Fruszina Szuromi<\/strong><br>Choeur des Professeurs du Conservatoire populaire<br>Ensemble vocal \u00c9voh\u00e9<\/p>\n\n\n\n<p class=\"wp-block-paragraph\">Joseph Haydn, <em>Missa in tempore belli<\/em><br>Johann Nepomuk Hummel, <em>Te Deum<\/em><br>Gabriel Faur\u00e9, <em>Cantique de Jean Racine, Pavane<\/em><\/p>\n\n\n\n<p class=\"has-background wp-block-paragraph\" id=\"aazielinski19\" style=\"background-color:#c1e8fb\">22 juin 2019: <strong>Victoria-Hall (Gen\u00e8ve)<\/strong><br>30 juin 2019:<strong> Forum de Savigny<\/strong><\/p>\n\n\n\n<p class=\"wp-block-paragraph\">Direction: <strong>Aur\u00e9lien Azan Zielinski<\/strong><br>Piano: <strong>Anna Semkina<\/strong><\/p>\n\n\n\n<p class=\"wp-block-paragraph\">Ludwig van Beethoven, <em>Egmont<\/em><br>Camille Saint-Sa\u00ebns, <em>Concerto pour piano n\u00b02 en sol mineur<\/em><br>Franz Schubert, <em>Symphonie n\u00b04 en ut mineur, \u00abtragique\u00bb<\/em><\/p>\n\n\n\n<p class=\"has-text-align-center wp-block-paragraph\"> <a href=\"http:\/\/www.sinfoniettageneve.ch\/prod\/concerts\/concerts-1921\/\" data-type=\"page\" data-id=\"203\"><\/a><a href=\"http:\/\/www.sinfoniettageneve.ch\/prod\/concerts\/concerts-1718\/\">2017-2018<\/a> \/ <a href=\"http:\/\/www.sinfoniettageneve.ch\/prod\/concerts\/concerts-1921\/\" data-type=\"page\" data-id=\"203\">2019-2021<\/a><\/p>\n","protected":false},"excerpt":{"rendered":"<p>Saison 2018-2019 17 novembre 2018: Octogone (Pully)18 novembre 2018: Salle Frank-Martin (Gen\u00e8ve) Direction: Thierry Besan\u00e7onSoprano: Catherine CruchetR\u00e9citant: \u00d6rs Kisfaludy Jacques Offenbach, Le voyage dans la luneMikl\u00f3s R\u00f3zsa, Le Livre de la Jungle 24 f\u00e9vrier 2019: Temple de Rolle10 mars 2019: Victoria-Hall (Gen\u00e8ve) Direction: Florent MayetPiano: Vittorio Forte Gioachino Rossini, Ouverture de \u00abL\u2019Italienne \u00e0 Alger\u00bbFr\u00e9d\u00e9ric Chopin, [&hellip;]<\/p>\n","protected":false},"author":1,"featured_media":0,"parent":54,"menu_order":0,"comment_status":"closed","ping_status":"closed","template":"templates\/template-full-width.php","meta":{"_vp_format_video_url":"","_vp_image_focal_point":[],"footnotes":""},"class_list":["post-219","page","type-page","status-publish","hentry"],"_links":{"self":[{"href":"http:\/\/www.sinfoniettageneve.ch\/prod\/wp-json\/wp\/v2\/pages\/219","targetHints":{"allow":["GET"]}}],"collection":[{"href":"http:\/\/www.sinfoniettageneve.ch\/prod\/wp-json\/wp\/v2\/pages"}],"about":[{"href":"http:\/\/www.sinfoniettageneve.ch\/prod\/wp-json\/wp\/v2\/types\/page"}],"author":[{"embeddable":true,"href":"http:\/\/www.sinfoniettageneve.ch\/prod\/wp-json\/wp\/v2\/users\/1"}],"replies":[{"embeddable":true,"href":"http:\/\/www.sinfoniettageneve.ch\/prod\/wp-json\/wp\/v2\/comments?post=219"}],"version-history":[{"count":8,"href":"http:\/\/www.sinfoniettageneve.ch\/prod\/wp-json\/wp\/v2\/pages\/219\/revisions"}],"predecessor-version":[{"id":384,"href":"http:\/\/www.sinfoniettageneve.ch\/prod\/wp-json\/wp\/v2\/pages\/219\/revisions\/384"}],"up":[{"embeddable":true,"href":"http:\/\/www.sinfoniettageneve.ch\/prod\/wp-json\/wp\/v2\/pages\/54"}],"wp:attachment":[{"href":"http:\/\/www.sinfoniettageneve.ch\/prod\/wp-json\/wp\/v2\/media?parent=219"}],"curies":[{"name":"wp","href":"https:\/\/api.w.org\/{rel}","templated":true}]}}