{"id":242,"date":"2021-09-13T13:35:37","date_gmt":"2021-09-13T11:35:37","guid":{"rendered":"http:\/\/www.sinfoniettageneve.ch\/prod\/?page_id=242"},"modified":"2021-11-09T14:05:01","modified_gmt":"2021-11-09T13:05:01","slug":"concerts-1617","status":"publish","type":"page","link":"http:\/\/www.sinfoniettageneve.ch\/prod\/concerts\/concerts-1617\/","title":{"rendered":"Concerts-1617"},"content":{"rendered":"\n<h2 class=\"wp-block-heading\">Saison 2016-2017<\/h2>\n\n\n\n<p class=\"has-background wp-block-paragraph\" style=\"background-color:#c1e8fb\">15 octobre 2016: <strong>Espace Fusterie (Gen\u00e8ve)<\/strong><br>16 octobre 2016: <strong>H\u00f4tel Royal Savoy (Lausanne)<\/strong><\/p>\n\n\n\n<p class=\"wp-block-paragraph\">Concert de tango avec le <strong>Quinteto Respiro<\/strong><\/p>\n\n\n\n<p class=\"wp-block-paragraph\">Oeuvres de Beytelmann, Castillo, Cobian, Matos-Rodriguez, Mores, Piazzolla, Ponzio, Saborido<\/p>\n\n\n\n<p class=\"has-background wp-block-paragraph\" style=\"background-color:#c1e8fb\">3 d\u00e9cembre 2016: <strong>Temple de Rolle<\/strong><br>4 d\u00e9cembre 2016: <strong>Espace Fusterie (Gen\u00e8ve)<\/strong><\/p>\n\n\n\n<p class=\"wp-block-paragraph\">Direction: <strong>Beno\u00eet Willmann<\/strong><br>Violoncelle: <strong>Hector Ochoa<\/strong><br>Trompette: <strong>Pierre Louis<\/strong><\/p>\n\n\n\n<p class=\"wp-block-paragraph\">Wolfgang Amadeus Mozart, <em>S\u00e9r\u00e9nade nocturne<\/em><br>Joseph Haydn, <em>Concerto pour violoncelle en r\u00e9<\/em><br>Joseph Haydn, <em>Concerto pour trompette<\/em><br>Wolfgang Amadeus Mozart,<em> Symphonie n\u00b038<\/em><\/p>\n\n\n\n<p class=\"has-background wp-block-paragraph\" style=\"background-color:#c1e8fb\">21 janvier 2017: <strong>Salle communale de Collex-Bossy<\/strong><br>22 janvier: <strong>Salle Frank-Martin (Gen\u00e8ve)<\/strong><br>24 janvier: <strong>Temple de Morges<\/strong><\/p>\n\n\n\n<p class=\"wp-block-paragraph\">Direction: <strong>Beno\u00eet Willmann<\/strong><br>Violon: <strong>Sacha Galea<\/strong><\/p>\n\n\n\n<p class=\"wp-block-paragraph\">Wolfgang Amadeus Mozart, <em>Ouverture de La Fl\u00fbte Enchant\u00e9e<\/em><br>Camille Saint-Sa\u00ebns, <em>3\u00e8me &nbsp;concerto pour violon<\/em><br>Charles Gounod<strong>, <\/strong><em>Symphonie n\u00b0 1<\/em><\/p>\n\n\n\n<p class=\"has-background wp-block-paragraph\" style=\"background-color:#c1e8fb\">5 avril 2017: <strong>Victoria-Hall (Gen\u00e8ve)<\/strong><br>9 avril 2017: <strong>Temple du bas (Neuch\u00e2tel)<\/strong><\/p>\n\n\n\n<p class=\"wp-block-paragraph\">Direction: <strong>Beno\u00eet Willmann<\/strong><br>Clarinette: <strong>Michel Westphal<\/strong><\/p>\n\n\n\n<p class=\"wp-block-paragraph\">Wolfgang Amadeus Mozart, <em>Concerto pour clarinette KV 622<\/em><br>Wolfgang Amadeus Mozart, <em>Requiem KV 62<\/em>6<\/p>\n\n\n\n<p class=\"has-background wp-block-paragraph\" style=\"background-color:#c1e8fb\">17 juin 2017: <strong>Predigerkirche (Z\u00fcrich)<\/strong><br>20 juin 2017: <strong>Salle Paderewski (Lausanne)<\/strong><br>24 juin 2017: <strong>Victoria-Hall (Gen\u00e8ve)<\/strong><\/p>\n\n\n\n<p class=\"wp-block-paragraph\">Direction: <strong>Beno\u00eet Willmann<\/strong><br>Violoncelle: <strong>Jo\u00ebl Marosi<\/strong><\/p>\n\n\n\n<p class=\"wp-block-paragraph\">Robert Schumann, <em>Concerto pour violoncelle<\/em><br>Georges Bizet, <em>Suites de Carmen 1 &amp; 2<\/em><\/p>\n\n\n\n<p class=\"has-text-align-center wp-block-paragraph\"><a href=\"http:\/\/www.sinfoniettageneve.ch\/prod\/concerts\/repertoire-0118\/\" data-type=\"page\" data-id=\"326\">saisons pr\u00e9c\u00e9dentes<\/a> \/ <a href=\"http:\/\/www.sinfoniettageneve.ch\/prod\/concerts\/concerts-1718\/\" data-type=\"page\" data-id=\"230\">2017-2018<\/a><\/p>\n","protected":false},"excerpt":{"rendered":"<p>Saison 2016-2017 15 octobre 2016: Espace Fusterie (Gen\u00e8ve)16 octobre 2016: H\u00f4tel Royal Savoy (Lausanne) Concert de tango avec le Quinteto Respiro Oeuvres de Beytelmann, Castillo, Cobian, Matos-Rodriguez, Mores, Piazzolla, Ponzio, Saborido 3 d\u00e9cembre 2016: Temple de Rolle4 d\u00e9cembre 2016: Espace Fusterie (Gen\u00e8ve) Direction: Beno\u00eet WillmannVioloncelle: Hector OchoaTrompette: Pierre Louis Wolfgang Amadeus Mozart, S\u00e9r\u00e9nade nocturneJoseph Haydn, [&hellip;]<\/p>\n","protected":false},"author":1,"featured_media":0,"parent":54,"menu_order":0,"comment_status":"closed","ping_status":"closed","template":"templates\/template-full-width.php","meta":{"_vp_format_video_url":"","_vp_image_focal_point":[],"footnotes":""},"class_list":["post-242","page","type-page","status-publish","hentry"],"_links":{"self":[{"href":"http:\/\/www.sinfoniettageneve.ch\/prod\/wp-json\/wp\/v2\/pages\/242","targetHints":{"allow":["GET"]}}],"collection":[{"href":"http:\/\/www.sinfoniettageneve.ch\/prod\/wp-json\/wp\/v2\/pages"}],"about":[{"href":"http:\/\/www.sinfoniettageneve.ch\/prod\/wp-json\/wp\/v2\/types\/page"}],"author":[{"embeddable":true,"href":"http:\/\/www.sinfoniettageneve.ch\/prod\/wp-json\/wp\/v2\/users\/1"}],"replies":[{"embeddable":true,"href":"http:\/\/www.sinfoniettageneve.ch\/prod\/wp-json\/wp\/v2\/comments?post=242"}],"version-history":[{"count":4,"href":"http:\/\/www.sinfoniettageneve.ch\/prod\/wp-json\/wp\/v2\/pages\/242\/revisions"}],"predecessor-version":[{"id":382,"href":"http:\/\/www.sinfoniettageneve.ch\/prod\/wp-json\/wp\/v2\/pages\/242\/revisions\/382"}],"up":[{"embeddable":true,"href":"http:\/\/www.sinfoniettageneve.ch\/prod\/wp-json\/wp\/v2\/pages\/54"}],"wp:attachment":[{"href":"http:\/\/www.sinfoniettageneve.ch\/prod\/wp-json\/wp\/v2\/media?parent=242"}],"curies":[{"name":"wp","href":"https:\/\/api.w.org\/{rel}","templated":true}]}}