{"id":42,"date":"2021-09-09T15:53:27","date_gmt":"2021-09-09T13:53:27","guid":{"rendered":"http:\/\/www.sinfoniettageneve.ch\/prod\/?page_id=42"},"modified":"2026-06-23T09:14:38","modified_gmt":"2026-06-23T07:14:38","slug":"accueil","status":"publish","type":"page","link":"http:\/\/www.sinfoniettageneve.ch\/prod\/","title":{"rendered":"Accueil"},"content":{"rendered":"\n<p class=\"has-text-align-left wp-block-paragraph\"><a href=\"http:\/\/www.sinfoniettageneve.ch\/prod\/orchestre\/\" data-type=\"page\" data-id=\"56\">La Sinfonietta de Gen\u00e8ve<\/a> est un orchestre de chambre amateur d\u2019une <a href=\"http:\/\/www.sinfoniettageneve.ch\/prod\/orchestre\/musiciens\/\" data-type=\"page\" data-id=\"58\">trentaine de musiciens<\/a> fond\u00e9 en 1991. <br>Nous donnons une <a href=\"http:\/\/www.sinfoniettageneve.ch\/prod\/concerts\/\" data-type=\"page\" data-id=\"54\">dizaine de concerts<\/a> par ann\u00e9e en Suisse romande et en France voisine, et des tourn\u00e9es d\u2019\u00e9t\u00e9 r\u00e9guli\u00e8res en Europe.<\/p>\n\n\n\n<div class=\"wp-block-group alignfull\"><div class=\"wp-block-group__inner-container is-layout-flow wp-block-group-is-layout-flow\">\n<figure class=\"wp-block-image size-full\"><img loading=\"lazy\" decoding=\"async\" width=\"1696\" height=\"934\" src=\"http:\/\/www.sinfoniettageneve.ch\/prod\/wp-content\/uploads\/2023\/06\/PhotosCollexA-e1687760495526.jpg\" alt=\"\" class=\"wp-image-629\" srcset=\"http:\/\/www.sinfoniettageneve.ch\/prod\/wp-content\/uploads\/2023\/06\/PhotosCollexA-e1687760495526.jpg 1696w, http:\/\/www.sinfoniettageneve.ch\/prod\/wp-content\/uploads\/2023\/06\/PhotosCollexA-e1687760495526-300x165.jpg 300w, http:\/\/www.sinfoniettageneve.ch\/prod\/wp-content\/uploads\/2023\/06\/PhotosCollexA-e1687760495526-1024x564.jpg 1024w, http:\/\/www.sinfoniettageneve.ch\/prod\/wp-content\/uploads\/2023\/06\/PhotosCollexA-e1687760495526-768x423.jpg 768w, http:\/\/www.sinfoniettageneve.ch\/prod\/wp-content\/uploads\/2023\/06\/PhotosCollexA-e1687760495526-1536x846.jpg 1536w, http:\/\/www.sinfoniettageneve.ch\/prod\/wp-content\/uploads\/2023\/06\/PhotosCollexA-e1687760495526-500x275.jpg 500w, http:\/\/www.sinfoniettageneve.ch\/prod\/wp-content\/uploads\/2023\/06\/PhotosCollexA-e1687760495526-800x441.jpg 800w, http:\/\/www.sinfoniettageneve.ch\/prod\/wp-content\/uploads\/2023\/06\/PhotosCollexA-e1687760495526-1280x705.jpg 1280w, http:\/\/www.sinfoniettageneve.ch\/prod\/wp-content\/uploads\/2023\/06\/PhotosCollexA-e1687760495526-1200x661.jpg 1200w\" sizes=\"auto, (max-width: 1696px) 100vw, 1696px\" \/><\/figure>\n\n\n\n<h4 id=\"actualites\" class=\"wp-block-heading\">Actualit\u00e9s<\/h4>\n\n\n\n<p class=\"wp-block-paragraph\"><strong>Prochains concerts:<\/strong> <a href=\"http:\/\/www.sinfoniettageneve.ch\/prod\/concerts\/\" data-type=\"page\" data-id=\"54\">22 et 28 novembre<\/a><\/p>\n\n\n\n<div class=\"wp-block-columns is-layout-flex wp-container-core-columns-is-layout-8f761849 wp-block-columns-is-layout-flex\">\n<div class=\"wp-block-column is-layout-flow wp-block-column-is-layout-flow\"><\/div>\n<\/div>\n\n\n\n<p class=\"wp-block-paragraph\">Soutenez-nous: <a href=\"http:\/\/www.sinfoniettageneve.ch\/prod\/soutien\/\" data-type=\"page\" data-id=\"564\">devenez Ami(e)s de la Sinfonietta<\/a>!<\/p>\n\n\n\n<p class=\"wp-block-paragraph\">Nous <a href=\"http:\/\/www.sinfoniettageneve.ch\/prod\/orchestre\/recrutement\/\" data-type=\"page\" data-id=\"164\">recherchons encore des musiciens<\/a>.<\/p>\n<\/div><\/div>\n\n\n\n<div class=\"wp-block-group\"><div class=\"wp-block-group__inner-container is-layout-flow wp-block-group-is-layout-flow\"><div class=\"wp-block-visual-portfolio\">\n<div class=\"vp-portfolio vp-uid-21ffa6f2 vp-id-16vHUf\"\n\tdata-vp-layout=\"slider\" data-vp-content-source=\"images\" data-vp-items-style=\"default\" data-vp-items-click-action=\"popup_gallery\" data-vp-items-gap=\"15\" data-vp-items-gap-vertical=\"\" data-vp-pagination=\"load-more\" data-vp-next-page-url=\"\" data-vp-random-seed=\"145861826\" data-vp-slider-effect=\"slide\" data-vp-slider-items-height=\"auto\" data-vp-slider-slides-per-view=\"auto\" data-vp-slider-speed=\"1.4\" data-vp-slider-autoplay=\"6\" data-vp-slider-autoplay-hover-pause=\"false\" data-vp-slider-centered-slides=\"true\" data-vp-slider-loop=\"false\" data-vp-slider-free-mode=\"false\" data-vp-slider-free-mode-sticky=\"false\" data-vp-slider-arrows=\"true\" data-vp-slider-bullets=\"false\" data-vp-slider-bullets-dynamic=\"false\" data-vp-slider-mousewheel=\"false\" data-vp-slider-thumbnails=\"false\" >\n\t<div class=\"vp-portfolio__preloader-wrap\">\n\t\t<div class=\"vp-portfolio__preloader\">\n\t\t\t<img decoding=\"async\" loading=\"eager\" src=\"http:\/\/www.sinfoniettageneve.ch\/prod\/wp-content\/plugins\/visual-portfolio\/assets\/images\/logo-dark.svg\" alt=\"Visual Portfolio, Posts &amp; Image Gallery for WordPress\" width=\"20\" height=\"20\" data-skip-lazy>\n\t\t<\/div>\n\t<\/div>\n\t\t<div class=\"vp-portfolio__items-wrap\">\n\t\t\t\n<div class=\"vp-portfolio__items vp-portfolio__items-style-default vp-portfolio__items-show-overlay-hover\">\n\n\t\t<div\t\tclass=\"vp-portfolio__item-wrap vp-portfolio__item-uid-62321bd6\" data-vp-filter=\"\" \t\t>\n\t\t\t<template class=\"vp-portfolio__item-popup\" style=\"display: none\" data-vp-popup-img=\"http:\/\/www.sinfoniettageneve.ch\/prod\/wp-content\/uploads\/2023\/12\/P1033606_resized.jpeg\" data-vp-popup-img-srcset=\"http:\/\/www.sinfoniettageneve.ch\/prod\/wp-content\/uploads\/2023\/12\/P1033606_resized.jpeg 1920w, http:\/\/www.sinfoniettageneve.ch\/prod\/wp-content\/uploads\/2023\/12\/P1033606_resized-300x169.jpeg 300w, http:\/\/www.sinfoniettageneve.ch\/prod\/wp-content\/uploads\/2023\/12\/P1033606_resized-1024x576.jpeg 1024w, http:\/\/www.sinfoniettageneve.ch\/prod\/wp-content\/uploads\/2023\/12\/P1033606_resized-768x432.jpeg 768w, http:\/\/www.sinfoniettageneve.ch\/prod\/wp-content\/uploads\/2023\/12\/P1033606_resized-1536x864.jpeg 1536w, http:\/\/www.sinfoniettageneve.ch\/prod\/wp-content\/uploads\/2023\/12\/P1033606_resized-500x281.jpeg 500w, http:\/\/www.sinfoniettageneve.ch\/prod\/wp-content\/uploads\/2023\/12\/P1033606_resized-800x450.jpeg 800w, http:\/\/www.sinfoniettageneve.ch\/prod\/wp-content\/uploads\/2023\/12\/P1033606_resized-1280x720.jpeg 1280w, http:\/\/www.sinfoniettageneve.ch\/prod\/wp-content\/uploads\/2023\/12\/P1033606_resized-1200x675.jpeg 1200w\" data-vp-popup-img-size=\"1920x1080\" data-vp-popup-md-img=\"http:\/\/www.sinfoniettageneve.ch\/prod\/wp-content\/uploads\/2023\/12\/P1033606_resized-800x450.jpeg\" data-vp-popup-md-img-size=\"800x450\" data-vp-popup-sm-img=\"http:\/\/www.sinfoniettageneve.ch\/prod\/wp-content\/uploads\/2023\/12\/P1033606_resized-500x281.jpeg\" data-vp-popup-sm-img-size=\"500x281\">\n\t\t\t<h3 class=\"vp-portfolio__item-popup-title\">Eglise de Compesi\u00e8res, octobre 2023<\/h3>\n\t\t<\/template>\n\t\t\t\t\t\t<figure class=\"vp-portfolio__item\">\n\t\t\t\t\n<div class=\"vp-portfolio__item-img-wrap\">\n\t<div class=\"vp-portfolio__item-img\">\n\t\t\t<a\n\t\thref=\"http:\/\/www.sinfoniettageneve.ch\/prod\/wp-content\/uploads\/2023\/12\/P1033606_resized.jpeg\"\n\t\taria-label=\"Bruch: Concerto pour violon, octobre 2023\" \t>\n\t\n\t\t<noscript><img loading=\"lazy\" decoding=\"async\" width=\"1920\" height=\"1080\" data-skip-lazy src=\"http:\/\/www.sinfoniettageneve.ch\/prod\/wp-content\/uploads\/2023\/12\/P1033606_resized.jpeg\" class=\"wp-image-689\" alt=\"\" srcset=\"http:\/\/www.sinfoniettageneve.ch\/prod\/wp-content\/uploads\/2023\/12\/P1033606_resized.jpeg 1920w, http:\/\/www.sinfoniettageneve.ch\/prod\/wp-content\/uploads\/2023\/12\/P1033606_resized-300x169.jpeg 300w, http:\/\/www.sinfoniettageneve.ch\/prod\/wp-content\/uploads\/2023\/12\/P1033606_resized-1024x576.jpeg 1024w, http:\/\/www.sinfoniettageneve.ch\/prod\/wp-content\/uploads\/2023\/12\/P1033606_resized-768x432.jpeg 768w, http:\/\/www.sinfoniettageneve.ch\/prod\/wp-content\/uploads\/2023\/12\/P1033606_resized-1536x864.jpeg 1536w, http:\/\/www.sinfoniettageneve.ch\/prod\/wp-content\/uploads\/2023\/12\/P1033606_resized-500x281.jpeg 500w, http:\/\/www.sinfoniettageneve.ch\/prod\/wp-content\/uploads\/2023\/12\/P1033606_resized-800x450.jpeg 800w, http:\/\/www.sinfoniettageneve.ch\/prod\/wp-content\/uploads\/2023\/12\/P1033606_resized-1280x720.jpeg 1280w, http:\/\/www.sinfoniettageneve.ch\/prod\/wp-content\/uploads\/2023\/12\/P1033606_resized-1200x675.jpeg 1200w\" sizes=\"auto, (max-width: 1920px) 100vw, 1920px\" \/><\/noscript><img fetchpriority=\"high\" decoding=\"async\" width=\"1920\" height=\"1080\" src=\"http:\/\/www.sinfoniettageneve.ch\/prod\/wp-content\/uploads\/2023\/12\/P1033606_resized.jpeg\" class=\"wp-image-689 vp-lazyload\" alt srcset=\"data:image\/svg+xml;base64,PHN2ZyB3aWR0aD0iMTkyMCIgaGVpZ2h0PSIxMDgwIiB2aWV3Qm94PSIwIDAgMTkyMCAxMDgwIiBmaWxsPSJub25lIiB4bWxucz0iaHR0cDovL3d3dy53My5vcmcvMjAwMC9zdmciPjwvc3ZnPg==\" data-src=\"http:\/\/www.sinfoniettageneve.ch\/prod\/wp-content\/uploads\/2023\/12\/P1033606_resized.jpeg\" data-srcset=\"http:\/\/www.sinfoniettageneve.ch\/prod\/wp-content\/uploads\/2023\/12\/P1033606_resized.jpeg 1920w, http:\/\/www.sinfoniettageneve.ch\/prod\/wp-content\/uploads\/2023\/12\/P1033606_resized-300x169.jpeg 300w, http:\/\/www.sinfoniettageneve.ch\/prod\/wp-content\/uploads\/2023\/12\/P1033606_resized-1024x576.jpeg 1024w, http:\/\/www.sinfoniettageneve.ch\/prod\/wp-content\/uploads\/2023\/12\/P1033606_resized-768x432.jpeg 768w, http:\/\/www.sinfoniettageneve.ch\/prod\/wp-content\/uploads\/2023\/12\/P1033606_resized-1536x864.jpeg 1536w, http:\/\/www.sinfoniettageneve.ch\/prod\/wp-content\/uploads\/2023\/12\/P1033606_resized-500x281.jpeg 500w, http:\/\/www.sinfoniettageneve.ch\/prod\/wp-content\/uploads\/2023\/12\/P1033606_resized-800x450.jpeg 800w, http:\/\/www.sinfoniettageneve.ch\/prod\/wp-content\/uploads\/2023\/12\/P1033606_resized-1280x720.jpeg 1280w, http:\/\/www.sinfoniettageneve.ch\/prod\/wp-content\/uploads\/2023\/12\/P1033606_resized-1200x675.jpeg 1200w\" data-sizes=\"auto\" loading=\"eager\">\n\t\t<div class=\"vp-portfolio__item-overlay\">\n\t\t\t\t\t<\/div>\n\n\t\t<\/a>\t<\/div>\n<\/div>\n\n\t<figcaption class=\"vp-portfolio__item-caption vp-portfolio__item-caption-text-align-center\">\n\t\t<div class=\"vp-portfolio__item-meta\">\n\t\t\t\n<h2 class=\"vp-portfolio__item-meta-title\">\n\t\t<a\n\t\thref=\"http:\/\/www.sinfoniettageneve.ch\/prod\/wp-content\/uploads\/2023\/12\/P1033606_resized.jpeg\"\n\t\t\t>\n\tBruch: Concerto pour violon, octobre 2023<\/a><\/h2>\n\t\t<\/div>\n\t<\/figcaption>\n\t\t\t<\/figure>\n\t\t\t\t\t<\/div>\n\t\t\n\t\t<div\t\tclass=\"vp-portfolio__item-wrap vp-portfolio__item-uid-01626ff4\" data-vp-filter=\"\" \t\t>\n\t\t\t<template class=\"vp-portfolio__item-popup\" style=\"display: none\" data-vp-popup-img=\"http:\/\/www.sinfoniettageneve.ch\/prod\/wp-content\/uploads\/2022\/11\/DSC08598.jpg\" data-vp-popup-img-srcset=\"http:\/\/www.sinfoniettageneve.ch\/prod\/wp-content\/uploads\/2022\/11\/DSC08598.jpg 1920w, http:\/\/www.sinfoniettageneve.ch\/prod\/wp-content\/uploads\/2022\/11\/DSC08598-300x169.jpg 300w, http:\/\/www.sinfoniettageneve.ch\/prod\/wp-content\/uploads\/2022\/11\/DSC08598-1024x576.jpg 1024w, http:\/\/www.sinfoniettageneve.ch\/prod\/wp-content\/uploads\/2022\/11\/DSC08598-768x432.jpg 768w, http:\/\/www.sinfoniettageneve.ch\/prod\/wp-content\/uploads\/2022\/11\/DSC08598-1536x864.jpg 1536w, http:\/\/www.sinfoniettageneve.ch\/prod\/wp-content\/uploads\/2022\/11\/DSC08598-500x281.jpg 500w, http:\/\/www.sinfoniettageneve.ch\/prod\/wp-content\/uploads\/2022\/11\/DSC08598-800x450.jpg 800w, http:\/\/www.sinfoniettageneve.ch\/prod\/wp-content\/uploads\/2022\/11\/DSC08598-1280x720.jpg 1280w, http:\/\/www.sinfoniettageneve.ch\/prod\/wp-content\/uploads\/2022\/11\/DSC08598-1200x675.jpg 1200w\" data-vp-popup-img-size=\"1920x1080\" data-vp-popup-md-img=\"http:\/\/www.sinfoniettageneve.ch\/prod\/wp-content\/uploads\/2022\/11\/DSC08598-800x450.jpg\" data-vp-popup-md-img-size=\"800x450\" data-vp-popup-sm-img=\"http:\/\/www.sinfoniettageneve.ch\/prod\/wp-content\/uploads\/2022\/11\/DSC08598-500x281.jpg\" data-vp-popup-sm-img-size=\"500x281\">\n\t\t\t<h3 class=\"vp-portfolio__item-popup-title\">Temple de Rolle, 20 nov. 2022<\/h3>\n\t\t<\/template>\n\t\t\t\t\t\t<figure class=\"vp-portfolio__item\">\n\t\t\t\t\n<div class=\"vp-portfolio__item-img-wrap\">\n\t<div class=\"vp-portfolio__item-img\">\n\t\t\t<a\n\t\thref=\"http:\/\/www.sinfoniettageneve.ch\/prod\/wp-content\/uploads\/2022\/11\/DSC08598.jpg\"\n\t\taria-label=\"Temple de Rolle, novembre 2022\" \t>\n\t\n\t\t<noscript><img loading=\"lazy\" decoding=\"async\" width=\"1920\" height=\"1080\" data-skip-lazy src=\"http:\/\/www.sinfoniettageneve.ch\/prod\/wp-content\/uploads\/2022\/11\/DSC08598.jpg\" class=\"wp-image-554\" alt=\"\" srcset=\"http:\/\/www.sinfoniettageneve.ch\/prod\/wp-content\/uploads\/2022\/11\/DSC08598.jpg 1920w, http:\/\/www.sinfoniettageneve.ch\/prod\/wp-content\/uploads\/2022\/11\/DSC08598-300x169.jpg 300w, http:\/\/www.sinfoniettageneve.ch\/prod\/wp-content\/uploads\/2022\/11\/DSC08598-1024x576.jpg 1024w, http:\/\/www.sinfoniettageneve.ch\/prod\/wp-content\/uploads\/2022\/11\/DSC08598-768x432.jpg 768w, http:\/\/www.sinfoniettageneve.ch\/prod\/wp-content\/uploads\/2022\/11\/DSC08598-1536x864.jpg 1536w, http:\/\/www.sinfoniettageneve.ch\/prod\/wp-content\/uploads\/2022\/11\/DSC08598-500x281.jpg 500w, http:\/\/www.sinfoniettageneve.ch\/prod\/wp-content\/uploads\/2022\/11\/DSC08598-800x450.jpg 800w, http:\/\/www.sinfoniettageneve.ch\/prod\/wp-content\/uploads\/2022\/11\/DSC08598-1280x720.jpg 1280w, http:\/\/www.sinfoniettageneve.ch\/prod\/wp-content\/uploads\/2022\/11\/DSC08598-1200x675.jpg 1200w\" sizes=\"auto, (max-width: 1920px) 100vw, 1920px\" \/><\/noscript><img decoding=\"async\" width=\"1920\" height=\"1080\" src=\"http:\/\/www.sinfoniettageneve.ch\/prod\/wp-content\/uploads\/2022\/11\/DSC08598.jpg\" class=\"wp-image-554 vp-lazyload\" alt srcset=\"data:image\/svg+xml;base64,PHN2ZyB3aWR0aD0iMTkyMCIgaGVpZ2h0PSIxMDgwIiB2aWV3Qm94PSIwIDAgMTkyMCAxMDgwIiBmaWxsPSJub25lIiB4bWxucz0iaHR0cDovL3d3dy53My5vcmcvMjAwMC9zdmciPjwvc3ZnPg==\" data-src=\"http:\/\/www.sinfoniettageneve.ch\/prod\/wp-content\/uploads\/2022\/11\/DSC08598.jpg\" data-srcset=\"http:\/\/www.sinfoniettageneve.ch\/prod\/wp-content\/uploads\/2022\/11\/DSC08598.jpg 1920w, http:\/\/www.sinfoniettageneve.ch\/prod\/wp-content\/uploads\/2022\/11\/DSC08598-300x169.jpg 300w, http:\/\/www.sinfoniettageneve.ch\/prod\/wp-content\/uploads\/2022\/11\/DSC08598-1024x576.jpg 1024w, http:\/\/www.sinfoniettageneve.ch\/prod\/wp-content\/uploads\/2022\/11\/DSC08598-768x432.jpg 768w, http:\/\/www.sinfoniettageneve.ch\/prod\/wp-content\/uploads\/2022\/11\/DSC08598-1536x864.jpg 1536w, http:\/\/www.sinfoniettageneve.ch\/prod\/wp-content\/uploads\/2022\/11\/DSC08598-500x281.jpg 500w, http:\/\/www.sinfoniettageneve.ch\/prod\/wp-content\/uploads\/2022\/11\/DSC08598-800x450.jpg 800w, http:\/\/www.sinfoniettageneve.ch\/prod\/wp-content\/uploads\/2022\/11\/DSC08598-1280x720.jpg 1280w, http:\/\/www.sinfoniettageneve.ch\/prod\/wp-content\/uploads\/2022\/11\/DSC08598-1200x675.jpg 1200w\" data-sizes=\"auto\" loading=\"eager\">\n\t\t<div class=\"vp-portfolio__item-overlay\">\n\t\t\t\t\t<\/div>\n\n\t\t<\/a>\t<\/div>\n<\/div>\n\n\t<figcaption class=\"vp-portfolio__item-caption vp-portfolio__item-caption-text-align-center\">\n\t\t<div class=\"vp-portfolio__item-meta\">\n\t\t\t\n<h2 class=\"vp-portfolio__item-meta-title\">\n\t\t<a\n\t\thref=\"http:\/\/www.sinfoniettageneve.ch\/prod\/wp-content\/uploads\/2022\/11\/DSC08598.jpg\"\n\t\t\t>\n\tTemple de Rolle, novembre 2022<\/a><\/h2>\n\t\t<\/div>\n\t<\/figcaption>\n\t\t\t<\/figure>\n\t\t\t\t\t<\/div>\n\t\t\n\t\t<div\t\tclass=\"vp-portfolio__item-wrap vp-portfolio__item-uid-3697d6f9\" data-vp-filter=\"\" \t\t>\n\t\t\t<template class=\"vp-portfolio__item-popup\" style=\"display: none\" data-vp-popup-img=\"http:\/\/www.sinfoniettageneve.ch\/prod\/wp-content\/uploads\/2023\/05\/vlcsnap-2023-05-13-17h00m39s767.png\" data-vp-popup-img-srcset=\"http:\/\/www.sinfoniettageneve.ch\/prod\/wp-content\/uploads\/2023\/05\/vlcsnap-2023-05-13-17h00m39s767.png 1920w, http:\/\/www.sinfoniettageneve.ch\/prod\/wp-content\/uploads\/2023\/05\/vlcsnap-2023-05-13-17h00m39s767-300x169.png 300w, http:\/\/www.sinfoniettageneve.ch\/prod\/wp-content\/uploads\/2023\/05\/vlcsnap-2023-05-13-17h00m39s767-1024x576.png 1024w, http:\/\/www.sinfoniettageneve.ch\/prod\/wp-content\/uploads\/2023\/05\/vlcsnap-2023-05-13-17h00m39s767-768x432.png 768w, http:\/\/www.sinfoniettageneve.ch\/prod\/wp-content\/uploads\/2023\/05\/vlcsnap-2023-05-13-17h00m39s767-1536x864.png 1536w, http:\/\/www.sinfoniettageneve.ch\/prod\/wp-content\/uploads\/2023\/05\/vlcsnap-2023-05-13-17h00m39s767-500x281.png 500w, http:\/\/www.sinfoniettageneve.ch\/prod\/wp-content\/uploads\/2023\/05\/vlcsnap-2023-05-13-17h00m39s767-800x450.png 800w, http:\/\/www.sinfoniettageneve.ch\/prod\/wp-content\/uploads\/2023\/05\/vlcsnap-2023-05-13-17h00m39s767-1280x720.png 1280w, http:\/\/www.sinfoniettageneve.ch\/prod\/wp-content\/uploads\/2023\/05\/vlcsnap-2023-05-13-17h00m39s767-1200x675.png 1200w\" data-vp-popup-img-size=\"1920x1080\" data-vp-popup-md-img=\"http:\/\/www.sinfoniettageneve.ch\/prod\/wp-content\/uploads\/2023\/05\/vlcsnap-2023-05-13-17h00m39s767-800x450.png\" data-vp-popup-md-img-size=\"800x450\" data-vp-popup-sm-img=\"http:\/\/www.sinfoniettageneve.ch\/prod\/wp-content\/uploads\/2023\/05\/vlcsnap-2023-05-13-17h00m39s767-500x281.png\" data-vp-popup-sm-img-size=\"500x281\">\n\t\t\t<h3 class=\"vp-portfolio__item-popup-title\">Salle Frank Martin, mars 2023<\/h3>\n\t\t<\/template>\n\t\t\t\t\t\t<figure class=\"vp-portfolio__item\">\n\t\t\t\t\n<div class=\"vp-portfolio__item-img-wrap\">\n\t<div class=\"vp-portfolio__item-img\">\n\t\t\t<a\n\t\thref=\"http:\/\/www.sinfoniettageneve.ch\/prod\/wp-content\/uploads\/2023\/05\/vlcsnap-2023-05-13-17h00m39s767.png\"\n\t\taria-label=\"Tchaikovsky, concerto pour violon, mars 2023\" \t>\n\t\n\t\t<noscript><img loading=\"lazy\" decoding=\"async\" width=\"1920\" height=\"1080\" data-skip-lazy src=\"http:\/\/www.sinfoniettageneve.ch\/prod\/wp-content\/uploads\/2023\/05\/vlcsnap-2023-05-13-17h00m39s767.png\" class=\"wp-image-612\" alt=\"\" srcset=\"http:\/\/www.sinfoniettageneve.ch\/prod\/wp-content\/uploads\/2023\/05\/vlcsnap-2023-05-13-17h00m39s767.png 1920w, http:\/\/www.sinfoniettageneve.ch\/prod\/wp-content\/uploads\/2023\/05\/vlcsnap-2023-05-13-17h00m39s767-300x169.png 300w, http:\/\/www.sinfoniettageneve.ch\/prod\/wp-content\/uploads\/2023\/05\/vlcsnap-2023-05-13-17h00m39s767-1024x576.png 1024w, http:\/\/www.sinfoniettageneve.ch\/prod\/wp-content\/uploads\/2023\/05\/vlcsnap-2023-05-13-17h00m39s767-768x432.png 768w, http:\/\/www.sinfoniettageneve.ch\/prod\/wp-content\/uploads\/2023\/05\/vlcsnap-2023-05-13-17h00m39s767-1536x864.png 1536w, http:\/\/www.sinfoniettageneve.ch\/prod\/wp-content\/uploads\/2023\/05\/vlcsnap-2023-05-13-17h00m39s767-500x281.png 500w, http:\/\/www.sinfoniettageneve.ch\/prod\/wp-content\/uploads\/2023\/05\/vlcsnap-2023-05-13-17h00m39s767-800x450.png 800w, http:\/\/www.sinfoniettageneve.ch\/prod\/wp-content\/uploads\/2023\/05\/vlcsnap-2023-05-13-17h00m39s767-1280x720.png 1280w, http:\/\/www.sinfoniettageneve.ch\/prod\/wp-content\/uploads\/2023\/05\/vlcsnap-2023-05-13-17h00m39s767-1200x675.png 1200w\" sizes=\"auto, (max-width: 1920px) 100vw, 1920px\" \/><\/noscript><img decoding=\"async\" width=\"1920\" height=\"1080\" src=\"http:\/\/www.sinfoniettageneve.ch\/prod\/wp-content\/uploads\/2023\/05\/vlcsnap-2023-05-13-17h00m39s767.png\" class=\"wp-image-612 vp-lazyload\" alt srcset=\"data:image\/svg+xml;base64,PHN2ZyB3aWR0aD0iMTkyMCIgaGVpZ2h0PSIxMDgwIiB2aWV3Qm94PSIwIDAgMTkyMCAxMDgwIiBmaWxsPSJub25lIiB4bWxucz0iaHR0cDovL3d3dy53My5vcmcvMjAwMC9zdmciPjwvc3ZnPg==\" data-src=\"http:\/\/www.sinfoniettageneve.ch\/prod\/wp-content\/uploads\/2023\/05\/vlcsnap-2023-05-13-17h00m39s767.png\" data-srcset=\"http:\/\/www.sinfoniettageneve.ch\/prod\/wp-content\/uploads\/2023\/05\/vlcsnap-2023-05-13-17h00m39s767.png 1920w, http:\/\/www.sinfoniettageneve.ch\/prod\/wp-content\/uploads\/2023\/05\/vlcsnap-2023-05-13-17h00m39s767-300x169.png 300w, http:\/\/www.sinfoniettageneve.ch\/prod\/wp-content\/uploads\/2023\/05\/vlcsnap-2023-05-13-17h00m39s767-1024x576.png 1024w, http:\/\/www.sinfoniettageneve.ch\/prod\/wp-content\/uploads\/2023\/05\/vlcsnap-2023-05-13-17h00m39s767-768x432.png 768w, http:\/\/www.sinfoniettageneve.ch\/prod\/wp-content\/uploads\/2023\/05\/vlcsnap-2023-05-13-17h00m39s767-1536x864.png 1536w, http:\/\/www.sinfoniettageneve.ch\/prod\/wp-content\/uploads\/2023\/05\/vlcsnap-2023-05-13-17h00m39s767-500x281.png 500w, http:\/\/www.sinfoniettageneve.ch\/prod\/wp-content\/uploads\/2023\/05\/vlcsnap-2023-05-13-17h00m39s767-800x450.png 800w, http:\/\/www.sinfoniettageneve.ch\/prod\/wp-content\/uploads\/2023\/05\/vlcsnap-2023-05-13-17h00m39s767-1280x720.png 1280w, http:\/\/www.sinfoniettageneve.ch\/prod\/wp-content\/uploads\/2023\/05\/vlcsnap-2023-05-13-17h00m39s767-1200x675.png 1200w\" data-sizes=\"auto\" loading=\"eager\">\n\t\t<div class=\"vp-portfolio__item-overlay\">\n\t\t\t\t\t<\/div>\n\n\t\t<\/a>\t<\/div>\n<\/div>\n\n\t<figcaption class=\"vp-portfolio__item-caption vp-portfolio__item-caption-text-align-center\">\n\t\t<div class=\"vp-portfolio__item-meta\">\n\t\t\t\n<h2 class=\"vp-portfolio__item-meta-title\">\n\t\t<a\n\t\thref=\"http:\/\/www.sinfoniettageneve.ch\/prod\/wp-content\/uploads\/2023\/05\/vlcsnap-2023-05-13-17h00m39s767.png\"\n\t\t\t>\n\tTchaikovsky, concerto pour violon, mars 2023<\/a><\/h2>\n\t\t<\/div>\n\t<\/figcaption>\n\t\t\t<\/figure>\n\t\t\t\t\t<\/div>\n\t\t\n<\/div>\n\n<div class=\"vp-portfolio__items-arrow vp-portfolio__items-arrow-prev\" tabindex=\"0\" role=\"button\" aria-label=\"Diapositive pr\u00e9c\u00e9dente\">\n\t\n<svg class=\"vp-svg-icon\" width=\"20\" height=\"20\" viewBox=\"0 0 20 20\" fill=\"none\" xmlns=\"http:\/\/www.w3.org\/2000\/svg\">\n\t<path d=\"M12 4L6 10L12 16\" stroke=\"currentColor\" stroke-width=\"1.5\" stroke-linecap=\"round\" stroke-linejoin=\"round\" fill=\"transparent\" \/>\n<\/svg>\n<\/div>\n<div class=\"vp-portfolio__items-arrow vp-portfolio__items-arrow-next\" tabindex=\"0\" role=\"button\" aria-label=\"Diapositive suivante\">\n\t\n<svg class=\"vp-svg-icon\" width=\"20\" height=\"20\" viewBox=\"0 0 20 20\" fill=\"none\" xmlns=\"http:\/\/www.w3.org\/2000\/svg\">\n\t<path d=\"M8 4L14 10L8 16\" stroke=\"currentColor\" stroke-width=\"1.5\" stroke-linecap=\"round\" stroke-linejoin=\"round\" fill=\"transparent\" \/>\n<\/svg>\n<\/div>\n\t\t<\/div>\n\t\t\n<\/div>\n<\/div><\/div><\/div>\n","protected":false},"excerpt":{"rendered":"<p>La Sinfonietta de Gen\u00e8ve est un orchestre de chambre amateur d\u2019une trentaine de musiciens fond\u00e9 en 1991. Nous donnons une dizaine de concerts par ann\u00e9e en Suisse romande et en France voisine, et des tourn\u00e9es d\u2019\u00e9t\u00e9 r\u00e9guli\u00e8res en Europe. Actualit\u00e9s Prochains concerts: 22 et 28 novembre Soutenez-nous: devenez Ami(e)s de la Sinfonietta! Nous recherchons encore [&hellip;]<\/p>\n","protected":false},"author":1,"featured_media":0,"parent":0,"menu_order":0,"comment_status":"closed","ping_status":"closed","template":"","meta":{"_vp_format_video_url":"","_vp_image_focal_point":[],"footnotes":""},"class_list":["post-42","page","type-page","status-publish","hentry"],"_links":{"self":[{"href":"http:\/\/www.sinfoniettageneve.ch\/prod\/wp-json\/wp\/v2\/pages\/42","targetHints":{"allow":["GET"]}}],"collection":[{"href":"http:\/\/www.sinfoniettageneve.ch\/prod\/wp-json\/wp\/v2\/pages"}],"about":[{"href":"http:\/\/www.sinfoniettageneve.ch\/prod\/wp-json\/wp\/v2\/types\/page"}],"author":[{"embeddable":true,"href":"http:\/\/www.sinfoniettageneve.ch\/prod\/wp-json\/wp\/v2\/users\/1"}],"replies":[{"embeddable":true,"href":"http:\/\/www.sinfoniettageneve.ch\/prod\/wp-json\/wp\/v2\/comments?post=42"}],"version-history":[{"count":104,"href":"http:\/\/www.sinfoniettageneve.ch\/prod\/wp-json\/wp\/v2\/pages\/42\/revisions"}],"predecessor-version":[{"id":986,"href":"http:\/\/www.sinfoniettageneve.ch\/prod\/wp-json\/wp\/v2\/pages\/42\/revisions\/986"}],"wp:attachment":[{"href":"http:\/\/www.sinfoniettageneve.ch\/prod\/wp-json\/wp\/v2\/media?parent=42"}],"curies":[{"name":"wp","href":"https:\/\/api.w.org\/{rel}","templated":true}]}}