{"id":60,"date":"2021-09-09T16:12:47","date_gmt":"2021-09-09T14:12:47","guid":{"rendered":"http:\/\/www.sinfoniettageneve.ch\/prod\/?page_id=60"},"modified":"2023-11-05T17:21:43","modified_gmt":"2023-11-05T16:21:43","slug":"media","status":"publish","type":"page","link":"http:\/\/www.sinfoniettageneve.ch\/prod\/media\/","title":{"rendered":"Media"},"content":{"rendered":"<div class=\"wp-block-visual-portfolio\">\n<div class=\"vp-portfolio vp-uid-abc2264f vp-id-EVKNv\"\n\tdata-vp-layout=\"tiles\" data-vp-content-source=\"images\" data-vp-items-style=\"fade\" data-vp-items-click-action=\"popup_gallery\" data-vp-items-gap=\"15\" data-vp-items-gap-vertical=\"\" data-vp-pagination=\"load-more\" data-vp-next-page-url=\"\" data-vp-tiles-type=\"3|1,1|\" >\n\t<div class=\"vp-portfolio__preloader-wrap\">\n\t\t<div class=\"vp-portfolio__preloader\">\n\t\t\t<img decoding=\"async\" loading=\"eager\" src=\"http:\/\/www.sinfoniettageneve.ch\/prod\/wp-content\/plugins\/visual-portfolio\/assets\/images\/logo-dark.svg\" alt=\"Visual Portfolio, Posts &amp; Image Gallery for WordPress\" width=\"20\" height=\"20\" data-skip-lazy>\n\t\t<\/div>\n\t<\/div>\n\t\t<div class=\"vp-portfolio__items-wrap\">\n\t\t\t\n<div class=\"vp-portfolio__items vp-portfolio__items-style-fade vp-portfolio__items-show-overlay-hover\">\n\n\t\t<div\t\tclass=\"vp-portfolio__item-wrap vp-portfolio__item-uid-32d43bd7\" data-vp-filter=\"\" style=\"--vp-images__object-position: 44% 66%;\" \t\t>\n\t\t\t<template class=\"vp-portfolio__item-popup\" style=\"display: none\" data-vp-popup-img=\"http:\/\/www.sinfoniettageneve.ch\/prod\/wp-content\/uploads\/2023\/06\/PhotosCollexA-e1687760495526.jpg\" data-vp-popup-img-srcset=\"http:\/\/www.sinfoniettageneve.ch\/prod\/wp-content\/uploads\/2023\/06\/PhotosCollexA-e1687760495526.jpg 1696w, http:\/\/www.sinfoniettageneve.ch\/prod\/wp-content\/uploads\/2023\/06\/PhotosCollexA-e1687760495526-300x165.jpg 300w, http:\/\/www.sinfoniettageneve.ch\/prod\/wp-content\/uploads\/2023\/06\/PhotosCollexA-e1687760495526-1024x564.jpg 1024w, http:\/\/www.sinfoniettageneve.ch\/prod\/wp-content\/uploads\/2023\/06\/PhotosCollexA-e1687760495526-768x423.jpg 768w, http:\/\/www.sinfoniettageneve.ch\/prod\/wp-content\/uploads\/2023\/06\/PhotosCollexA-e1687760495526-1536x846.jpg 1536w, http:\/\/www.sinfoniettageneve.ch\/prod\/wp-content\/uploads\/2023\/06\/PhotosCollexA-e1687760495526-500x275.jpg 500w, http:\/\/www.sinfoniettageneve.ch\/prod\/wp-content\/uploads\/2023\/06\/PhotosCollexA-e1687760495526-800x441.jpg 800w, http:\/\/www.sinfoniettageneve.ch\/prod\/wp-content\/uploads\/2023\/06\/PhotosCollexA-e1687760495526-1280x705.jpg 1280w, http:\/\/www.sinfoniettageneve.ch\/prod\/wp-content\/uploads\/2023\/06\/PhotosCollexA-e1687760495526-1200x661.jpg 1200w\" data-vp-popup-img-size=\"1696x934\" data-vp-popup-md-img=\"http:\/\/www.sinfoniettageneve.ch\/prod\/wp-content\/uploads\/2023\/06\/PhotosCollexA-e1687760495526-800x441.jpg\" data-vp-popup-md-img-size=\"800x441\" data-vp-popup-sm-img=\"http:\/\/www.sinfoniettageneve.ch\/prod\/wp-content\/uploads\/2023\/06\/PhotosCollexA-e1687760495526-500x275.jpg\" data-vp-popup-sm-img-size=\"500x275\">\n\t\t\t<h3 class=\"vp-portfolio__item-popup-title\">La Sinfonietta 2023<\/h3>\n\t\t<\/template>\n\t\t\t\t\t\t<figure class=\"vp-portfolio__item\">\n\t\t\t\t\n<div class=\"vp-portfolio__item-img-wrap\">\n\t<div class=\"vp-portfolio__item-img\">\n\t\t\t<a\n\t\thref=\"http:\/\/www.sinfoniettageneve.ch\/prod\/wp-content\/uploads\/2023\/06\/PhotosCollexA-e1687760495526.jpg\"\n\t\taria-label=\"La Sinfonietta 2023\" \t>\n\t\n\t\t<noscript><img loading=\"lazy\" decoding=\"async\" width=\"1696\" height=\"934\" data-skip-lazy src=\"http:\/\/www.sinfoniettageneve.ch\/prod\/wp-content\/uploads\/2023\/06\/PhotosCollexA-e1687760495526.jpg\" class=\"wp-image-629\" alt=\"\" srcset=\"http:\/\/www.sinfoniettageneve.ch\/prod\/wp-content\/uploads\/2023\/06\/PhotosCollexA-e1687760495526.jpg 1696w, http:\/\/www.sinfoniettageneve.ch\/prod\/wp-content\/uploads\/2023\/06\/PhotosCollexA-e1687760495526-300x165.jpg 300w, http:\/\/www.sinfoniettageneve.ch\/prod\/wp-content\/uploads\/2023\/06\/PhotosCollexA-e1687760495526-1024x564.jpg 1024w, http:\/\/www.sinfoniettageneve.ch\/prod\/wp-content\/uploads\/2023\/06\/PhotosCollexA-e1687760495526-768x423.jpg 768w, http:\/\/www.sinfoniettageneve.ch\/prod\/wp-content\/uploads\/2023\/06\/PhotosCollexA-e1687760495526-1536x846.jpg 1536w, http:\/\/www.sinfoniettageneve.ch\/prod\/wp-content\/uploads\/2023\/06\/PhotosCollexA-e1687760495526-500x275.jpg 500w, http:\/\/www.sinfoniettageneve.ch\/prod\/wp-content\/uploads\/2023\/06\/PhotosCollexA-e1687760495526-800x441.jpg 800w, http:\/\/www.sinfoniettageneve.ch\/prod\/wp-content\/uploads\/2023\/06\/PhotosCollexA-e1687760495526-1280x705.jpg 1280w, http:\/\/www.sinfoniettageneve.ch\/prod\/wp-content\/uploads\/2023\/06\/PhotosCollexA-e1687760495526-1200x661.jpg 1200w\" sizes=\"auto, (max-width: 1696px) 100vw, 1696px\" \/><\/noscript><img fetchpriority=\"high\" decoding=\"async\" width=\"1696\" height=\"934\" src=\"http:\/\/www.sinfoniettageneve.ch\/prod\/wp-content\/uploads\/2023\/06\/PhotosCollexA-e1687760495526.jpg\" class=\"wp-image-629 vp-lazyload\" alt srcset=\"data:image\/svg+xml;base64,PHN2ZyB3aWR0aD0iMTY5NiIgaGVpZ2h0PSI5MzQiIHZpZXdCb3g9IjAgMCAxNjk2IDkzNCIgZmlsbD0ibm9uZSIgeG1sbnM9Imh0dHA6Ly93d3cudzMub3JnLzIwMDAvc3ZnIj48L3N2Zz4=\" data-src=\"http:\/\/www.sinfoniettageneve.ch\/prod\/wp-content\/uploads\/2023\/06\/PhotosCollexA-e1687760495526.jpg\" data-srcset=\"http:\/\/www.sinfoniettageneve.ch\/prod\/wp-content\/uploads\/2023\/06\/PhotosCollexA-e1687760495526.jpg 1696w, http:\/\/www.sinfoniettageneve.ch\/prod\/wp-content\/uploads\/2023\/06\/PhotosCollexA-e1687760495526-300x165.jpg 300w, http:\/\/www.sinfoniettageneve.ch\/prod\/wp-content\/uploads\/2023\/06\/PhotosCollexA-e1687760495526-1024x564.jpg 1024w, http:\/\/www.sinfoniettageneve.ch\/prod\/wp-content\/uploads\/2023\/06\/PhotosCollexA-e1687760495526-768x423.jpg 768w, http:\/\/www.sinfoniettageneve.ch\/prod\/wp-content\/uploads\/2023\/06\/PhotosCollexA-e1687760495526-1536x846.jpg 1536w, http:\/\/www.sinfoniettageneve.ch\/prod\/wp-content\/uploads\/2023\/06\/PhotosCollexA-e1687760495526-500x275.jpg 500w, http:\/\/www.sinfoniettageneve.ch\/prod\/wp-content\/uploads\/2023\/06\/PhotosCollexA-e1687760495526-800x441.jpg 800w, http:\/\/www.sinfoniettageneve.ch\/prod\/wp-content\/uploads\/2023\/06\/PhotosCollexA-e1687760495526-1280x705.jpg 1280w, http:\/\/www.sinfoniettageneve.ch\/prod\/wp-content\/uploads\/2023\/06\/PhotosCollexA-e1687760495526-1200x661.jpg 1200w\" data-sizes=\"auto\" loading=\"eager\">\n\t\t<\/a>\t<\/div>\n<\/div>\n\t<figcaption class=\"vp-portfolio__item-overlay vp-portfolio__item-overlay-text-align-center\">\n\t\t<div class=\"vp-portfolio__item-meta-wrap vp-portfolio__custom-scrollbar\">\n\t\t\t\t<a\n\t\thref=\"http:\/\/www.sinfoniettageneve.ch\/prod\/wp-content\/uploads\/2023\/06\/PhotosCollexA-e1687760495526.jpg\"\n\t\ttabindex=\"-1\" class=\"vp-portfolio__item-meta\" aria-label=\"La Sinfonietta 2023\" \t>\n\t\n<h2 class=\"vp-portfolio__item-meta-title\">\n\tLa Sinfonietta 2023<\/h2>\n<\/a>\t\t<\/div>\n\t<\/figcaption>\n\t\t\t<\/figure>\n\t\t\t\t\t<\/div>\n\t\t\n\t\t<div\t\tclass=\"vp-portfolio__item-wrap vp-portfolio__item-uid-b9de0891\" data-vp-filter=\"\" style=\"--vp-images__object-position: 46% 54%;\" \t\t>\n\t\t\t<template class=\"vp-portfolio__item-popup\" style=\"display: none\" data-vp-popup-img=\"http:\/\/www.sinfoniettageneve.ch\/prod\/wp-content\/uploads\/2022\/11\/DSC08598.jpg\" data-vp-popup-img-srcset=\"http:\/\/www.sinfoniettageneve.ch\/prod\/wp-content\/uploads\/2022\/11\/DSC08598.jpg 1920w, http:\/\/www.sinfoniettageneve.ch\/prod\/wp-content\/uploads\/2022\/11\/DSC08598-300x169.jpg 300w, http:\/\/www.sinfoniettageneve.ch\/prod\/wp-content\/uploads\/2022\/11\/DSC08598-1024x576.jpg 1024w, http:\/\/www.sinfoniettageneve.ch\/prod\/wp-content\/uploads\/2022\/11\/DSC08598-768x432.jpg 768w, http:\/\/www.sinfoniettageneve.ch\/prod\/wp-content\/uploads\/2022\/11\/DSC08598-1536x864.jpg 1536w, http:\/\/www.sinfoniettageneve.ch\/prod\/wp-content\/uploads\/2022\/11\/DSC08598-500x281.jpg 500w, http:\/\/www.sinfoniettageneve.ch\/prod\/wp-content\/uploads\/2022\/11\/DSC08598-800x450.jpg 800w, http:\/\/www.sinfoniettageneve.ch\/prod\/wp-content\/uploads\/2022\/11\/DSC08598-1280x720.jpg 1280w, http:\/\/www.sinfoniettageneve.ch\/prod\/wp-content\/uploads\/2022\/11\/DSC08598-1200x675.jpg 1200w\" data-vp-popup-img-size=\"1920x1080\" data-vp-popup-md-img=\"http:\/\/www.sinfoniettageneve.ch\/prod\/wp-content\/uploads\/2022\/11\/DSC08598-800x450.jpg\" data-vp-popup-md-img-size=\"800x450\" data-vp-popup-sm-img=\"http:\/\/www.sinfoniettageneve.ch\/prod\/wp-content\/uploads\/2022\/11\/DSC08598-500x281.jpg\" data-vp-popup-sm-img-size=\"500x281\">\n\t\t\t<h3 class=\"vp-portfolio__item-popup-title\">Temple de Rolle, 20 nov. 2022<\/h3>\n\t\t<\/template>\n\t\t\t\t\t\t<figure class=\"vp-portfolio__item\">\n\t\t\t\t\n<div class=\"vp-portfolio__item-img-wrap\">\n\t<div class=\"vp-portfolio__item-img\">\n\t\t\t<a\n\t\thref=\"http:\/\/www.sinfoniettageneve.ch\/prod\/wp-content\/uploads\/2022\/11\/DSC08598.jpg\"\n\t\taria-label=\"Temple de Rolle, 20 nov. 2022\" \t>\n\t\n\t\t<noscript><img loading=\"lazy\" decoding=\"async\" width=\"1920\" height=\"1080\" data-skip-lazy src=\"http:\/\/www.sinfoniettageneve.ch\/prod\/wp-content\/uploads\/2022\/11\/DSC08598.jpg\" class=\"wp-image-554\" alt=\"\" srcset=\"http:\/\/www.sinfoniettageneve.ch\/prod\/wp-content\/uploads\/2022\/11\/DSC08598.jpg 1920w, http:\/\/www.sinfoniettageneve.ch\/prod\/wp-content\/uploads\/2022\/11\/DSC08598-300x169.jpg 300w, http:\/\/www.sinfoniettageneve.ch\/prod\/wp-content\/uploads\/2022\/11\/DSC08598-1024x576.jpg 1024w, http:\/\/www.sinfoniettageneve.ch\/prod\/wp-content\/uploads\/2022\/11\/DSC08598-768x432.jpg 768w, http:\/\/www.sinfoniettageneve.ch\/prod\/wp-content\/uploads\/2022\/11\/DSC08598-1536x864.jpg 1536w, http:\/\/www.sinfoniettageneve.ch\/prod\/wp-content\/uploads\/2022\/11\/DSC08598-500x281.jpg 500w, http:\/\/www.sinfoniettageneve.ch\/prod\/wp-content\/uploads\/2022\/11\/DSC08598-800x450.jpg 800w, http:\/\/www.sinfoniettageneve.ch\/prod\/wp-content\/uploads\/2022\/11\/DSC08598-1280x720.jpg 1280w, http:\/\/www.sinfoniettageneve.ch\/prod\/wp-content\/uploads\/2022\/11\/DSC08598-1200x675.jpg 1200w\" sizes=\"auto, (max-width: 1920px) 100vw, 1920px\" \/><\/noscript><img decoding=\"async\" width=\"1920\" height=\"1080\" src=\"http:\/\/www.sinfoniettageneve.ch\/prod\/wp-content\/uploads\/2022\/11\/DSC08598.jpg\" class=\"wp-image-554 vp-lazyload\" alt srcset=\"data:image\/svg+xml;base64,PHN2ZyB3aWR0aD0iMTkyMCIgaGVpZ2h0PSIxMDgwIiB2aWV3Qm94PSIwIDAgMTkyMCAxMDgwIiBmaWxsPSJub25lIiB4bWxucz0iaHR0cDovL3d3dy53My5vcmcvMjAwMC9zdmciPjwvc3ZnPg==\" data-src=\"http:\/\/www.sinfoniettageneve.ch\/prod\/wp-content\/uploads\/2022\/11\/DSC08598.jpg\" data-srcset=\"http:\/\/www.sinfoniettageneve.ch\/prod\/wp-content\/uploads\/2022\/11\/DSC08598.jpg 1920w, http:\/\/www.sinfoniettageneve.ch\/prod\/wp-content\/uploads\/2022\/11\/DSC08598-300x169.jpg 300w, http:\/\/www.sinfoniettageneve.ch\/prod\/wp-content\/uploads\/2022\/11\/DSC08598-1024x576.jpg 1024w, http:\/\/www.sinfoniettageneve.ch\/prod\/wp-content\/uploads\/2022\/11\/DSC08598-768x432.jpg 768w, http:\/\/www.sinfoniettageneve.ch\/prod\/wp-content\/uploads\/2022\/11\/DSC08598-1536x864.jpg 1536w, http:\/\/www.sinfoniettageneve.ch\/prod\/wp-content\/uploads\/2022\/11\/DSC08598-500x281.jpg 500w, http:\/\/www.sinfoniettageneve.ch\/prod\/wp-content\/uploads\/2022\/11\/DSC08598-800x450.jpg 800w, http:\/\/www.sinfoniettageneve.ch\/prod\/wp-content\/uploads\/2022\/11\/DSC08598-1280x720.jpg 1280w, http:\/\/www.sinfoniettageneve.ch\/prod\/wp-content\/uploads\/2022\/11\/DSC08598-1200x675.jpg 1200w\" data-sizes=\"auto\" loading=\"eager\">\n\t\t<\/a>\t<\/div>\n<\/div>\n\t<figcaption class=\"vp-portfolio__item-overlay vp-portfolio__item-overlay-text-align-center\">\n\t\t<div class=\"vp-portfolio__item-meta-wrap vp-portfolio__custom-scrollbar\">\n\t\t\t\t<a\n\t\thref=\"http:\/\/www.sinfoniettageneve.ch\/prod\/wp-content\/uploads\/2022\/11\/DSC08598.jpg\"\n\t\ttabindex=\"-1\" class=\"vp-portfolio__item-meta\" aria-label=\"Temple de Rolle, 20 nov. 2022\" \t>\n\t\n<h2 class=\"vp-portfolio__item-meta-title\">\n\tTemple de Rolle, 20 nov. 2022<\/h2>\n<\/a>\t\t<\/div>\n\t<\/figcaption>\n\t\t\t<\/figure>\n\t\t\t\t\t<\/div>\n\t\t\n\t\t<div\t\tclass=\"vp-portfolio__item-wrap vp-portfolio__item-uid-bd2b28ad\" data-vp-filter=\"\" \t\t>\n\t\t\t<template class=\"vp-portfolio__item-popup\" style=\"display: none\" data-vp-popup-img=\"http:\/\/www.sinfoniettageneve.ch\/prod\/wp-content\/uploads\/2023\/05\/vlcsnap-2023-05-13-17h06m11s530.png\" data-vp-popup-img-srcset=\"http:\/\/www.sinfoniettageneve.ch\/prod\/wp-content\/uploads\/2023\/05\/vlcsnap-2023-05-13-17h06m11s530.png 1920w, http:\/\/www.sinfoniettageneve.ch\/prod\/wp-content\/uploads\/2023\/05\/vlcsnap-2023-05-13-17h06m11s530-300x169.png 300w, http:\/\/www.sinfoniettageneve.ch\/prod\/wp-content\/uploads\/2023\/05\/vlcsnap-2023-05-13-17h06m11s530-1024x576.png 1024w, http:\/\/www.sinfoniettageneve.ch\/prod\/wp-content\/uploads\/2023\/05\/vlcsnap-2023-05-13-17h06m11s530-768x432.png 768w, http:\/\/www.sinfoniettageneve.ch\/prod\/wp-content\/uploads\/2023\/05\/vlcsnap-2023-05-13-17h06m11s530-1536x864.png 1536w, http:\/\/www.sinfoniettageneve.ch\/prod\/wp-content\/uploads\/2023\/05\/vlcsnap-2023-05-13-17h06m11s530-500x281.png 500w, http:\/\/www.sinfoniettageneve.ch\/prod\/wp-content\/uploads\/2023\/05\/vlcsnap-2023-05-13-17h06m11s530-800x450.png 800w, http:\/\/www.sinfoniettageneve.ch\/prod\/wp-content\/uploads\/2023\/05\/vlcsnap-2023-05-13-17h06m11s530-1280x720.png 1280w, http:\/\/www.sinfoniettageneve.ch\/prod\/wp-content\/uploads\/2023\/05\/vlcsnap-2023-05-13-17h06m11s530-1200x675.png 1200w\" data-vp-popup-img-size=\"1920x1080\" data-vp-popup-md-img=\"http:\/\/www.sinfoniettageneve.ch\/prod\/wp-content\/uploads\/2023\/05\/vlcsnap-2023-05-13-17h06m11s530-800x450.png\" data-vp-popup-md-img-size=\"800x450\" data-vp-popup-sm-img=\"http:\/\/www.sinfoniettageneve.ch\/prod\/wp-content\/uploads\/2023\/05\/vlcsnap-2023-05-13-17h06m11s530-500x281.png\" data-vp-popup-sm-img-size=\"500x281\">\n\t\t\t<h3 class=\"vp-portfolio__item-popup-title\">Salle Frank Martin, mars 2023<\/h3>\n\t\t<\/template>\n\t\t\t\t\t\t<figure class=\"vp-portfolio__item\">\n\t\t\t\t\n<div class=\"vp-portfolio__item-img-wrap\">\n\t<div class=\"vp-portfolio__item-img\">\n\t\t\t<a\n\t\thref=\"http:\/\/www.sinfoniettageneve.ch\/prod\/wp-content\/uploads\/2023\/05\/vlcsnap-2023-05-13-17h06m11s530.png\"\n\t\taria-label=\"Salle Frank Martin, mars 2023\" \t>\n\t\n\t\t<noscript><img loading=\"lazy\" decoding=\"async\" width=\"1920\" height=\"1080\" data-skip-lazy src=\"http:\/\/www.sinfoniettageneve.ch\/prod\/wp-content\/uploads\/2023\/05\/vlcsnap-2023-05-13-17h06m11s530.png\" class=\"wp-image-611\" alt=\"\" srcset=\"http:\/\/www.sinfoniettageneve.ch\/prod\/wp-content\/uploads\/2023\/05\/vlcsnap-2023-05-13-17h06m11s530.png 1920w, http:\/\/www.sinfoniettageneve.ch\/prod\/wp-content\/uploads\/2023\/05\/vlcsnap-2023-05-13-17h06m11s530-300x169.png 300w, http:\/\/www.sinfoniettageneve.ch\/prod\/wp-content\/uploads\/2023\/05\/vlcsnap-2023-05-13-17h06m11s530-1024x576.png 1024w, http:\/\/www.sinfoniettageneve.ch\/prod\/wp-content\/uploads\/2023\/05\/vlcsnap-2023-05-13-17h06m11s530-768x432.png 768w, http:\/\/www.sinfoniettageneve.ch\/prod\/wp-content\/uploads\/2023\/05\/vlcsnap-2023-05-13-17h06m11s530-1536x864.png 1536w, http:\/\/www.sinfoniettageneve.ch\/prod\/wp-content\/uploads\/2023\/05\/vlcsnap-2023-05-13-17h06m11s530-500x281.png 500w, http:\/\/www.sinfoniettageneve.ch\/prod\/wp-content\/uploads\/2023\/05\/vlcsnap-2023-05-13-17h06m11s530-800x450.png 800w, http:\/\/www.sinfoniettageneve.ch\/prod\/wp-content\/uploads\/2023\/05\/vlcsnap-2023-05-13-17h06m11s530-1280x720.png 1280w, http:\/\/www.sinfoniettageneve.ch\/prod\/wp-content\/uploads\/2023\/05\/vlcsnap-2023-05-13-17h06m11s530-1200x675.png 1200w\" sizes=\"auto, (max-width: 1920px) 100vw, 1920px\" \/><\/noscript><img decoding=\"async\" width=\"1920\" height=\"1080\" src=\"http:\/\/www.sinfoniettageneve.ch\/prod\/wp-content\/uploads\/2023\/05\/vlcsnap-2023-05-13-17h06m11s530.png\" class=\"wp-image-611 vp-lazyload\" alt srcset=\"data:image\/svg+xml;base64,PHN2ZyB3aWR0aD0iMTkyMCIgaGVpZ2h0PSIxMDgwIiB2aWV3Qm94PSIwIDAgMTkyMCAxMDgwIiBmaWxsPSJub25lIiB4bWxucz0iaHR0cDovL3d3dy53My5vcmcvMjAwMC9zdmciPjwvc3ZnPg==\" data-src=\"http:\/\/www.sinfoniettageneve.ch\/prod\/wp-content\/uploads\/2023\/05\/vlcsnap-2023-05-13-17h06m11s530.png\" data-srcset=\"http:\/\/www.sinfoniettageneve.ch\/prod\/wp-content\/uploads\/2023\/05\/vlcsnap-2023-05-13-17h06m11s530.png 1920w, http:\/\/www.sinfoniettageneve.ch\/prod\/wp-content\/uploads\/2023\/05\/vlcsnap-2023-05-13-17h06m11s530-300x169.png 300w, http:\/\/www.sinfoniettageneve.ch\/prod\/wp-content\/uploads\/2023\/05\/vlcsnap-2023-05-13-17h06m11s530-1024x576.png 1024w, http:\/\/www.sinfoniettageneve.ch\/prod\/wp-content\/uploads\/2023\/05\/vlcsnap-2023-05-13-17h06m11s530-768x432.png 768w, http:\/\/www.sinfoniettageneve.ch\/prod\/wp-content\/uploads\/2023\/05\/vlcsnap-2023-05-13-17h06m11s530-1536x864.png 1536w, http:\/\/www.sinfoniettageneve.ch\/prod\/wp-content\/uploads\/2023\/05\/vlcsnap-2023-05-13-17h06m11s530-500x281.png 500w, http:\/\/www.sinfoniettageneve.ch\/prod\/wp-content\/uploads\/2023\/05\/vlcsnap-2023-05-13-17h06m11s530-800x450.png 800w, http:\/\/www.sinfoniettageneve.ch\/prod\/wp-content\/uploads\/2023\/05\/vlcsnap-2023-05-13-17h06m11s530-1280x720.png 1280w, http:\/\/www.sinfoniettageneve.ch\/prod\/wp-content\/uploads\/2023\/05\/vlcsnap-2023-05-13-17h06m11s530-1200x675.png 1200w\" data-sizes=\"auto\" loading=\"eager\">\n\t\t<\/a>\t<\/div>\n<\/div>\n\t<figcaption class=\"vp-portfolio__item-overlay vp-portfolio__item-overlay-text-align-center\">\n\t\t<div class=\"vp-portfolio__item-meta-wrap vp-portfolio__custom-scrollbar\">\n\t\t\t\t<a\n\t\thref=\"http:\/\/www.sinfoniettageneve.ch\/prod\/wp-content\/uploads\/2023\/05\/vlcsnap-2023-05-13-17h06m11s530.png\"\n\t\ttabindex=\"-1\" class=\"vp-portfolio__item-meta\" aria-label=\"Salle Frank Martin, mars 2023\" \t>\n\t\n<h2 class=\"vp-portfolio__item-meta-title\">\n\tSalle Frank Martin, mars 2023<\/h2>\n<\/a>\t\t<\/div>\n\t<\/figcaption>\n\t\t\t<\/figure>\n\t\t\t\t\t<\/div>\n\t\t\n\t\t<div\t\tclass=\"vp-portfolio__item-wrap vp-portfolio__item-uid-86e3e6a5\" data-vp-filter=\"\" \t\t>\n\t\t\t<template class=\"vp-portfolio__item-popup\" style=\"display: none\" data-vp-popup-img=\"http:\/\/www.sinfoniettageneve.ch\/prod\/wp-content\/uploads\/2021\/09\/IMG_0251-1920x1235.jpg\" data-vp-popup-img-srcset=\"http:\/\/www.sinfoniettageneve.ch\/prod\/wp-content\/uploads\/2021\/09\/IMG_0251-1920x1235.jpg 1920w, http:\/\/www.sinfoniettageneve.ch\/prod\/wp-content\/uploads\/2021\/09\/IMG_0251-300x193.jpg 300w, http:\/\/www.sinfoniettageneve.ch\/prod\/wp-content\/uploads\/2021\/09\/IMG_0251-1024x658.jpg 1024w, http:\/\/www.sinfoniettageneve.ch\/prod\/wp-content\/uploads\/2021\/09\/IMG_0251-768x494.jpg 768w, http:\/\/www.sinfoniettageneve.ch\/prod\/wp-content\/uploads\/2021\/09\/IMG_0251-1536x988.jpg 1536w, http:\/\/www.sinfoniettageneve.ch\/prod\/wp-content\/uploads\/2021\/09\/IMG_0251-500x322.jpg 500w, http:\/\/www.sinfoniettageneve.ch\/prod\/wp-content\/uploads\/2021\/09\/IMG_0251-800x514.jpg 800w, http:\/\/www.sinfoniettageneve.ch\/prod\/wp-content\/uploads\/2021\/09\/IMG_0251-1280x823.jpg 1280w, http:\/\/www.sinfoniettageneve.ch\/prod\/wp-content\/uploads\/2021\/09\/IMG_0251-1200x772.jpg 1200w, http:\/\/www.sinfoniettageneve.ch\/prod\/wp-content\/uploads\/2021\/09\/IMG_0251-1980x1273.jpg 1980w, http:\/\/www.sinfoniettageneve.ch\/prod\/wp-content\/uploads\/2021\/09\/IMG_0251.jpg 1989w\" data-vp-popup-img-size=\"1920x1235\" data-vp-popup-md-img=\"http:\/\/www.sinfoniettageneve.ch\/prod\/wp-content\/uploads\/2021\/09\/IMG_0251-800x514.jpg\" data-vp-popup-md-img-size=\"800x514\" data-vp-popup-sm-img=\"http:\/\/www.sinfoniettageneve.ch\/prod\/wp-content\/uploads\/2021\/09\/IMG_0251-500x322.jpg\" data-vp-popup-sm-img-size=\"500x322\">\n\t\t\t<h3 class=\"vp-portfolio__item-popup-title\">Mendelssohn, Salle Frank-Martin, 2021<\/h3>\n\t\t<\/template>\n\t\t\t\t\t\t<figure class=\"vp-portfolio__item\">\n\t\t\t\t\n<div class=\"vp-portfolio__item-img-wrap\">\n\t<div class=\"vp-portfolio__item-img\">\n\t\t\t<a\n\t\thref=\"http:\/\/www.sinfoniettageneve.ch\/prod\/wp-content\/uploads\/2021\/09\/IMG_0251-1920x1235.jpg\"\n\t\taria-label=\"Mendelssohn, Salle Frank-Martin, 2021\" \t>\n\t\n\t\t<noscript><img loading=\"lazy\" decoding=\"async\" width=\"1920\" height=\"1235\" data-skip-lazy src=\"http:\/\/www.sinfoniettageneve.ch\/prod\/wp-content\/uploads\/2021\/09\/IMG_0251-1920x1235.jpg\" class=\"wp-image-92\" alt=\"\" srcset=\"http:\/\/www.sinfoniettageneve.ch\/prod\/wp-content\/uploads\/2021\/09\/IMG_0251-1920x1235.jpg 1920w, http:\/\/www.sinfoniettageneve.ch\/prod\/wp-content\/uploads\/2021\/09\/IMG_0251-300x193.jpg 300w, http:\/\/www.sinfoniettageneve.ch\/prod\/wp-content\/uploads\/2021\/09\/IMG_0251-1024x658.jpg 1024w, http:\/\/www.sinfoniettageneve.ch\/prod\/wp-content\/uploads\/2021\/09\/IMG_0251-768x494.jpg 768w, http:\/\/www.sinfoniettageneve.ch\/prod\/wp-content\/uploads\/2021\/09\/IMG_0251-1536x988.jpg 1536w, http:\/\/www.sinfoniettageneve.ch\/prod\/wp-content\/uploads\/2021\/09\/IMG_0251-500x322.jpg 500w, http:\/\/www.sinfoniettageneve.ch\/prod\/wp-content\/uploads\/2021\/09\/IMG_0251-800x514.jpg 800w, http:\/\/www.sinfoniettageneve.ch\/prod\/wp-content\/uploads\/2021\/09\/IMG_0251-1280x823.jpg 1280w, http:\/\/www.sinfoniettageneve.ch\/prod\/wp-content\/uploads\/2021\/09\/IMG_0251-1200x772.jpg 1200w, http:\/\/www.sinfoniettageneve.ch\/prod\/wp-content\/uploads\/2021\/09\/IMG_0251-1980x1273.jpg 1980w, http:\/\/www.sinfoniettageneve.ch\/prod\/wp-content\/uploads\/2021\/09\/IMG_0251.jpg 1989w\" sizes=\"auto, (max-width: 1920px) 100vw, 1920px\" \/><\/noscript><img decoding=\"async\" width=\"1920\" height=\"1235\" src=\"http:\/\/www.sinfoniettageneve.ch\/prod\/wp-content\/uploads\/2021\/09\/IMG_0251-1920x1235.jpg\" class=\"wp-image-92 vp-lazyload\" alt srcset=\"data:image\/svg+xml;base64,PHN2ZyB3aWR0aD0iMTkyMCIgaGVpZ2h0PSIxMjM1IiB2aWV3Qm94PSIwIDAgMTkyMCAxMjM1IiBmaWxsPSJub25lIiB4bWxucz0iaHR0cDovL3d3dy53My5vcmcvMjAwMC9zdmciPjwvc3ZnPg==\" data-src=\"http:\/\/www.sinfoniettageneve.ch\/prod\/wp-content\/uploads\/2021\/09\/IMG_0251-1920x1235.jpg\" data-srcset=\"http:\/\/www.sinfoniettageneve.ch\/prod\/wp-content\/uploads\/2021\/09\/IMG_0251-1920x1235.jpg 1920w, http:\/\/www.sinfoniettageneve.ch\/prod\/wp-content\/uploads\/2021\/09\/IMG_0251-300x193.jpg 300w, http:\/\/www.sinfoniettageneve.ch\/prod\/wp-content\/uploads\/2021\/09\/IMG_0251-1024x658.jpg 1024w, http:\/\/www.sinfoniettageneve.ch\/prod\/wp-content\/uploads\/2021\/09\/IMG_0251-768x494.jpg 768w, http:\/\/www.sinfoniettageneve.ch\/prod\/wp-content\/uploads\/2021\/09\/IMG_0251-1536x988.jpg 1536w, http:\/\/www.sinfoniettageneve.ch\/prod\/wp-content\/uploads\/2021\/09\/IMG_0251-500x322.jpg 500w, http:\/\/www.sinfoniettageneve.ch\/prod\/wp-content\/uploads\/2021\/09\/IMG_0251-800x514.jpg 800w, http:\/\/www.sinfoniettageneve.ch\/prod\/wp-content\/uploads\/2021\/09\/IMG_0251-1280x823.jpg 1280w, http:\/\/www.sinfoniettageneve.ch\/prod\/wp-content\/uploads\/2021\/09\/IMG_0251-1200x772.jpg 1200w, http:\/\/www.sinfoniettageneve.ch\/prod\/wp-content\/uploads\/2021\/09\/IMG_0251-1980x1273.jpg 1980w, http:\/\/www.sinfoniettageneve.ch\/prod\/wp-content\/uploads\/2021\/09\/IMG_0251.jpg 1989w\" data-sizes=\"auto\" loading=\"eager\">\n\t\t<\/a>\t<\/div>\n<\/div>\n\t<figcaption class=\"vp-portfolio__item-overlay vp-portfolio__item-overlay-text-align-center\">\n\t\t<div class=\"vp-portfolio__item-meta-wrap vp-portfolio__custom-scrollbar\">\n\t\t\t\t<a\n\t\thref=\"http:\/\/www.sinfoniettageneve.ch\/prod\/wp-content\/uploads\/2021\/09\/IMG_0251-1920x1235.jpg\"\n\t\ttabindex=\"-1\" class=\"vp-portfolio__item-meta\" aria-label=\"Mendelssohn, Salle Frank-Martin, 2021\" \t>\n\t\n<h2 class=\"vp-portfolio__item-meta-title\">\n\tMendelssohn, Salle Frank-Martin, 2021<\/h2>\n<\/a>\t\t<\/div>\n\t<\/figcaption>\n\t\t\t<\/figure>\n\t\t\t\t\t<\/div>\n\t\t\n\t\t<div\t\tclass=\"vp-portfolio__item-wrap vp-portfolio__item-uid-b6223237\" data-vp-filter=\"\" \t\t>\n\t\t\t<template class=\"vp-portfolio__item-popup\" style=\"display: none\" data-vp-popup-img=\"http:\/\/www.sinfoniettageneve.ch\/prod\/wp-content\/uploads\/2021\/09\/Concert-St-Petersbourg.jpg\" data-vp-popup-img-srcset=\"http:\/\/www.sinfoniettageneve.ch\/prod\/wp-content\/uploads\/2021\/09\/Concert-St-Petersbourg.jpg 1280w, http:\/\/www.sinfoniettageneve.ch\/prod\/wp-content\/uploads\/2021\/09\/Concert-St-Petersbourg-300x225.jpg 300w, http:\/\/www.sinfoniettageneve.ch\/prod\/wp-content\/uploads\/2021\/09\/Concert-St-Petersbourg-1024x768.jpg 1024w, http:\/\/www.sinfoniettageneve.ch\/prod\/wp-content\/uploads\/2021\/09\/Concert-St-Petersbourg-768x576.jpg 768w, http:\/\/www.sinfoniettageneve.ch\/prod\/wp-content\/uploads\/2021\/09\/Concert-St-Petersbourg-500x375.jpg 500w, http:\/\/www.sinfoniettageneve.ch\/prod\/wp-content\/uploads\/2021\/09\/Concert-St-Petersbourg-800x600.jpg 800w, http:\/\/www.sinfoniettageneve.ch\/prod\/wp-content\/uploads\/2021\/09\/Concert-St-Petersbourg-1200x900.jpg 1200w\" data-vp-popup-img-size=\"1280x960\" data-vp-popup-md-img=\"http:\/\/www.sinfoniettageneve.ch\/prod\/wp-content\/uploads\/2021\/09\/Concert-St-Petersbourg-800x600.jpg\" data-vp-popup-md-img-size=\"800x600\" data-vp-popup-sm-img=\"http:\/\/www.sinfoniettageneve.ch\/prod\/wp-content\/uploads\/2021\/09\/Concert-St-Petersbourg-500x375.jpg\" data-vp-popup-sm-img-size=\"500x375\">\n\t\t\t<h3 class=\"vp-portfolio__item-popup-title\">Concert \u00e0 St-Petersbourg, 2019<\/h3>\n\t\t<\/template>\n\t\t\t\t\t\t<figure class=\"vp-portfolio__item\">\n\t\t\t\t\n<div class=\"vp-portfolio__item-img-wrap\">\n\t<div class=\"vp-portfolio__item-img\">\n\t\t\t<a\n\t\thref=\"http:\/\/www.sinfoniettageneve.ch\/prod\/wp-content\/uploads\/2021\/09\/Concert-St-Petersbourg.jpg\"\n\t\taria-label=\"Concert \u00e0 St-Petersbourg, 2019\" \t>\n\t\n\t\t<noscript><img loading=\"lazy\" decoding=\"async\" width=\"1280\" height=\"960\" data-skip-lazy src=\"http:\/\/www.sinfoniettageneve.ch\/prod\/wp-content\/uploads\/2021\/09\/Concert-St-Petersbourg.jpg\" class=\"wp-image-121\" alt=\"\" srcset=\"http:\/\/www.sinfoniettageneve.ch\/prod\/wp-content\/uploads\/2021\/09\/Concert-St-Petersbourg.jpg 1280w, http:\/\/www.sinfoniettageneve.ch\/prod\/wp-content\/uploads\/2021\/09\/Concert-St-Petersbourg-300x225.jpg 300w, http:\/\/www.sinfoniettageneve.ch\/prod\/wp-content\/uploads\/2021\/09\/Concert-St-Petersbourg-1024x768.jpg 1024w, http:\/\/www.sinfoniettageneve.ch\/prod\/wp-content\/uploads\/2021\/09\/Concert-St-Petersbourg-768x576.jpg 768w, http:\/\/www.sinfoniettageneve.ch\/prod\/wp-content\/uploads\/2021\/09\/Concert-St-Petersbourg-500x375.jpg 500w, http:\/\/www.sinfoniettageneve.ch\/prod\/wp-content\/uploads\/2021\/09\/Concert-St-Petersbourg-800x600.jpg 800w, http:\/\/www.sinfoniettageneve.ch\/prod\/wp-content\/uploads\/2021\/09\/Concert-St-Petersbourg-1200x900.jpg 1200w\" sizes=\"auto, (max-width: 1280px) 100vw, 1280px\" \/><\/noscript><img decoding=\"async\" width=\"1280\" height=\"960\" src=\"http:\/\/www.sinfoniettageneve.ch\/prod\/wp-content\/uploads\/2021\/09\/Concert-St-Petersbourg.jpg\" class=\"wp-image-121 vp-lazyload\" alt srcset=\"data:image\/svg+xml;base64,PHN2ZyB3aWR0aD0iMTI4MCIgaGVpZ2h0PSI5NjAiIHZpZXdCb3g9IjAgMCAxMjgwIDk2MCIgZmlsbD0ibm9uZSIgeG1sbnM9Imh0dHA6Ly93d3cudzMub3JnLzIwMDAvc3ZnIj48L3N2Zz4=\" data-src=\"http:\/\/www.sinfoniettageneve.ch\/prod\/wp-content\/uploads\/2021\/09\/Concert-St-Petersbourg.jpg\" data-srcset=\"http:\/\/www.sinfoniettageneve.ch\/prod\/wp-content\/uploads\/2021\/09\/Concert-St-Petersbourg.jpg 1280w, http:\/\/www.sinfoniettageneve.ch\/prod\/wp-content\/uploads\/2021\/09\/Concert-St-Petersbourg-300x225.jpg 300w, http:\/\/www.sinfoniettageneve.ch\/prod\/wp-content\/uploads\/2021\/09\/Concert-St-Petersbourg-1024x768.jpg 1024w, http:\/\/www.sinfoniettageneve.ch\/prod\/wp-content\/uploads\/2021\/09\/Concert-St-Petersbourg-768x576.jpg 768w, http:\/\/www.sinfoniettageneve.ch\/prod\/wp-content\/uploads\/2021\/09\/Concert-St-Petersbourg-500x375.jpg 500w, http:\/\/www.sinfoniettageneve.ch\/prod\/wp-content\/uploads\/2021\/09\/Concert-St-Petersbourg-800x600.jpg 800w, http:\/\/www.sinfoniettageneve.ch\/prod\/wp-content\/uploads\/2021\/09\/Concert-St-Petersbourg-1200x900.jpg 1200w\" data-sizes=\"auto\" loading=\"eager\">\n\t\t<\/a>\t<\/div>\n<\/div>\n\t<figcaption class=\"vp-portfolio__item-overlay vp-portfolio__item-overlay-text-align-center\">\n\t\t<div class=\"vp-portfolio__item-meta-wrap vp-portfolio__custom-scrollbar\">\n\t\t\t\t<a\n\t\thref=\"http:\/\/www.sinfoniettageneve.ch\/prod\/wp-content\/uploads\/2021\/09\/Concert-St-Petersbourg.jpg\"\n\t\ttabindex=\"-1\" class=\"vp-portfolio__item-meta\" aria-label=\"Concert \u00e0 St-Petersbourg, 2019\" \t>\n\t\n<h2 class=\"vp-portfolio__item-meta-title\">\n\tConcert \u00e0 St-Petersbourg, 2019<\/h2>\n<\/a>\t\t<\/div>\n\t<\/figcaption>\n\t\t\t<\/figure>\n\t\t\t\t\t<\/div>\n\t\t\n\t\t<div\t\tclass=\"vp-portfolio__item-wrap vp-portfolio__item-uid-799965c4\" data-vp-filter=\"\" \t\t>\n\t\t\t<template class=\"vp-portfolio__item-popup\" style=\"display: none\" data-vp-popup-img=\"http:\/\/www.sinfoniettageneve.ch\/prod\/wp-content\/uploads\/2021\/09\/2019-Pouchkine49concert-1920x1101.jpg\" data-vp-popup-img-srcset=\"http:\/\/www.sinfoniettageneve.ch\/prod\/wp-content\/uploads\/2021\/09\/2019-Pouchkine49concert-1920x1101.jpg 1920w, http:\/\/www.sinfoniettageneve.ch\/prod\/wp-content\/uploads\/2021\/09\/2019-Pouchkine49concert-300x172.jpg 300w, http:\/\/www.sinfoniettageneve.ch\/prod\/wp-content\/uploads\/2021\/09\/2019-Pouchkine49concert-1024x587.jpg 1024w, http:\/\/www.sinfoniettageneve.ch\/prod\/wp-content\/uploads\/2021\/09\/2019-Pouchkine49concert-768x441.jpg 768w, http:\/\/www.sinfoniettageneve.ch\/prod\/wp-content\/uploads\/2021\/09\/2019-Pouchkine49concert-1536x881.jpg 1536w, http:\/\/www.sinfoniettageneve.ch\/prod\/wp-content\/uploads\/2021\/09\/2019-Pouchkine49concert-2048x1175.jpg 2048w, http:\/\/www.sinfoniettageneve.ch\/prod\/wp-content\/uploads\/2021\/09\/2019-Pouchkine49concert-500x287.jpg 500w, http:\/\/www.sinfoniettageneve.ch\/prod\/wp-content\/uploads\/2021\/09\/2019-Pouchkine49concert-800x459.jpg 800w, http:\/\/www.sinfoniettageneve.ch\/prod\/wp-content\/uploads\/2021\/09\/2019-Pouchkine49concert-1280x734.jpg 1280w, http:\/\/www.sinfoniettageneve.ch\/prod\/wp-content\/uploads\/2021\/09\/2019-Pouchkine49concert-1200x688.jpg 1200w, http:\/\/www.sinfoniettageneve.ch\/prod\/wp-content\/uploads\/2021\/09\/2019-Pouchkine49concert-1980x1136.jpg 1980w\" data-vp-popup-img-size=\"1920x1101\" data-vp-popup-md-img=\"http:\/\/www.sinfoniettageneve.ch\/prod\/wp-content\/uploads\/2021\/09\/2019-Pouchkine49concert-800x459.jpg\" data-vp-popup-md-img-size=\"800x459\" data-vp-popup-sm-img=\"http:\/\/www.sinfoniettageneve.ch\/prod\/wp-content\/uploads\/2021\/09\/2019-Pouchkine49concert-500x287.jpg\" data-vp-popup-sm-img-size=\"500x287\">\n\t\t\t<h3 class=\"vp-portfolio__item-popup-title\">Concert \u00e0 Tsarsko\u00ef\u00e9 Selo, 2019<\/h3>\n\t\t<\/template>\n\t\t\t\t\t\t<figure class=\"vp-portfolio__item\">\n\t\t\t\t\n<div class=\"vp-portfolio__item-img-wrap\">\n\t<div class=\"vp-portfolio__item-img\">\n\t\t\t<a\n\t\thref=\"http:\/\/www.sinfoniettageneve.ch\/prod\/wp-content\/uploads\/2021\/09\/2019-Pouchkine49concert-1920x1101.jpg\"\n\t\taria-label=\"Concert \u00e0 Tsarsko\u00ef\u00e9 Selo, 2019\" \t>\n\t\n\t\t<noscript><img loading=\"lazy\" decoding=\"async\" width=\"1920\" height=\"1101\" data-skip-lazy src=\"http:\/\/www.sinfoniettageneve.ch\/prod\/wp-content\/uploads\/2021\/09\/2019-Pouchkine49concert-1920x1101.jpg\" class=\"wp-image-120\" alt=\"\" srcset=\"http:\/\/www.sinfoniettageneve.ch\/prod\/wp-content\/uploads\/2021\/09\/2019-Pouchkine49concert-1920x1101.jpg 1920w, http:\/\/www.sinfoniettageneve.ch\/prod\/wp-content\/uploads\/2021\/09\/2019-Pouchkine49concert-300x172.jpg 300w, http:\/\/www.sinfoniettageneve.ch\/prod\/wp-content\/uploads\/2021\/09\/2019-Pouchkine49concert-1024x587.jpg 1024w, http:\/\/www.sinfoniettageneve.ch\/prod\/wp-content\/uploads\/2021\/09\/2019-Pouchkine49concert-768x441.jpg 768w, http:\/\/www.sinfoniettageneve.ch\/prod\/wp-content\/uploads\/2021\/09\/2019-Pouchkine49concert-1536x881.jpg 1536w, http:\/\/www.sinfoniettageneve.ch\/prod\/wp-content\/uploads\/2021\/09\/2019-Pouchkine49concert-2048x1175.jpg 2048w, http:\/\/www.sinfoniettageneve.ch\/prod\/wp-content\/uploads\/2021\/09\/2019-Pouchkine49concert-500x287.jpg 500w, http:\/\/www.sinfoniettageneve.ch\/prod\/wp-content\/uploads\/2021\/09\/2019-Pouchkine49concert-800x459.jpg 800w, http:\/\/www.sinfoniettageneve.ch\/prod\/wp-content\/uploads\/2021\/09\/2019-Pouchkine49concert-1280x734.jpg 1280w, http:\/\/www.sinfoniettageneve.ch\/prod\/wp-content\/uploads\/2021\/09\/2019-Pouchkine49concert-1200x688.jpg 1200w, http:\/\/www.sinfoniettageneve.ch\/prod\/wp-content\/uploads\/2021\/09\/2019-Pouchkine49concert-1980x1136.jpg 1980w\" sizes=\"auto, (max-width: 1920px) 100vw, 1920px\" \/><\/noscript><img decoding=\"async\" width=\"1920\" height=\"1101\" src=\"http:\/\/www.sinfoniettageneve.ch\/prod\/wp-content\/uploads\/2021\/09\/2019-Pouchkine49concert-1920x1101.jpg\" class=\"wp-image-120 vp-lazyload\" alt srcset=\"data:image\/svg+xml;base64,PHN2ZyB3aWR0aD0iMTkyMCIgaGVpZ2h0PSIxMTAxIiB2aWV3Qm94PSIwIDAgMTkyMCAxMTAxIiBmaWxsPSJub25lIiB4bWxucz0iaHR0cDovL3d3dy53My5vcmcvMjAwMC9zdmciPjwvc3ZnPg==\" data-src=\"http:\/\/www.sinfoniettageneve.ch\/prod\/wp-content\/uploads\/2021\/09\/2019-Pouchkine49concert-1920x1101.jpg\" data-srcset=\"http:\/\/www.sinfoniettageneve.ch\/prod\/wp-content\/uploads\/2021\/09\/2019-Pouchkine49concert-1920x1101.jpg 1920w, http:\/\/www.sinfoniettageneve.ch\/prod\/wp-content\/uploads\/2021\/09\/2019-Pouchkine49concert-300x172.jpg 300w, http:\/\/www.sinfoniettageneve.ch\/prod\/wp-content\/uploads\/2021\/09\/2019-Pouchkine49concert-1024x587.jpg 1024w, http:\/\/www.sinfoniettageneve.ch\/prod\/wp-content\/uploads\/2021\/09\/2019-Pouchkine49concert-768x441.jpg 768w, http:\/\/www.sinfoniettageneve.ch\/prod\/wp-content\/uploads\/2021\/09\/2019-Pouchkine49concert-1536x881.jpg 1536w, http:\/\/www.sinfoniettageneve.ch\/prod\/wp-content\/uploads\/2021\/09\/2019-Pouchkine49concert-2048x1175.jpg 2048w, http:\/\/www.sinfoniettageneve.ch\/prod\/wp-content\/uploads\/2021\/09\/2019-Pouchkine49concert-500x287.jpg 500w, http:\/\/www.sinfoniettageneve.ch\/prod\/wp-content\/uploads\/2021\/09\/2019-Pouchkine49concert-800x459.jpg 800w, http:\/\/www.sinfoniettageneve.ch\/prod\/wp-content\/uploads\/2021\/09\/2019-Pouchkine49concert-1280x734.jpg 1280w, http:\/\/www.sinfoniettageneve.ch\/prod\/wp-content\/uploads\/2021\/09\/2019-Pouchkine49concert-1200x688.jpg 1200w, http:\/\/www.sinfoniettageneve.ch\/prod\/wp-content\/uploads\/2021\/09\/2019-Pouchkine49concert-1980x1136.jpg 1980w\" data-sizes=\"auto\" loading=\"eager\">\n\t\t<\/a>\t<\/div>\n<\/div>\n\t<figcaption class=\"vp-portfolio__item-overlay vp-portfolio__item-overlay-text-align-center\">\n\t\t<div class=\"vp-portfolio__item-meta-wrap vp-portfolio__custom-scrollbar\">\n\t\t\t\t<a\n\t\thref=\"http:\/\/www.sinfoniettageneve.ch\/prod\/wp-content\/uploads\/2021\/09\/2019-Pouchkine49concert-1920x1101.jpg\"\n\t\ttabindex=\"-1\" class=\"vp-portfolio__item-meta\" aria-label=\"Concert \u00e0 Tsarsko\u00ef\u00e9 Selo, 2019\" \t>\n\t\n<h2 class=\"vp-portfolio__item-meta-title\">\n\tConcert \u00e0 Tsarsko\u00ef\u00e9 Selo, 2019<\/h2>\n<\/a>\t\t<\/div>\n\t<\/figcaption>\n\t\t\t<\/figure>\n\t\t\t\t\t<\/div>\n\t\t\n\t\t<div\t\tclass=\"vp-portfolio__item-wrap vp-portfolio__item-uid-192175f4\" data-vp-filter=\"\" \t\t>\n\t\t\t<template class=\"vp-portfolio__item-popup\" style=\"display: none\" data-vp-popup-img=\"http:\/\/www.sinfoniettageneve.ch\/prod\/wp-content\/uploads\/2021\/09\/Sinfonietta.jpeg\" data-vp-popup-img-srcset=\"http:\/\/www.sinfoniettageneve.ch\/prod\/wp-content\/uploads\/2021\/09\/Sinfonietta.jpeg 1600w, http:\/\/www.sinfoniettageneve.ch\/prod\/wp-content\/uploads\/2021\/09\/Sinfonietta-300x200.jpeg 300w, http:\/\/www.sinfoniettageneve.ch\/prod\/wp-content\/uploads\/2021\/09\/Sinfonietta-1024x683.jpeg 1024w, http:\/\/www.sinfoniettageneve.ch\/prod\/wp-content\/uploads\/2021\/09\/Sinfonietta-768x512.jpeg 768w, http:\/\/www.sinfoniettageneve.ch\/prod\/wp-content\/uploads\/2021\/09\/Sinfonietta-1536x1024.jpeg 1536w, http:\/\/www.sinfoniettageneve.ch\/prod\/wp-content\/uploads\/2021\/09\/Sinfonietta-500x333.jpeg 500w, http:\/\/www.sinfoniettageneve.ch\/prod\/wp-content\/uploads\/2021\/09\/Sinfonietta-800x534.jpeg 800w, http:\/\/www.sinfoniettageneve.ch\/prod\/wp-content\/uploads\/2021\/09\/Sinfonietta-1280x854.jpeg 1280w, http:\/\/www.sinfoniettageneve.ch\/prod\/wp-content\/uploads\/2021\/09\/Sinfonietta-1200x800.jpeg 1200w\" data-vp-popup-img-size=\"1600x1067\" data-vp-popup-md-img=\"http:\/\/www.sinfoniettageneve.ch\/prod\/wp-content\/uploads\/2021\/09\/Sinfonietta-800x534.jpeg\" data-vp-popup-md-img-size=\"800x534\" data-vp-popup-sm-img=\"http:\/\/www.sinfoniettageneve.ch\/prod\/wp-content\/uploads\/2021\/09\/Sinfonietta-500x333.jpeg\" data-vp-popup-sm-img-size=\"500x333\">\n\t\t\t<h3 class=\"vp-portfolio__item-popup-title\">Carmen, Victoria-Hall, 2017<\/h3>\n\t\t<\/template>\n\t\t\t\t\t\t<figure class=\"vp-portfolio__item\">\n\t\t\t\t\n<div class=\"vp-portfolio__item-img-wrap\">\n\t<div class=\"vp-portfolio__item-img\">\n\t\t\t<a\n\t\thref=\"http:\/\/www.sinfoniettageneve.ch\/prod\/wp-content\/uploads\/2021\/09\/Sinfonietta.jpeg\"\n\t\taria-label=\"Carmen, Victoria-Hall, 2017\" \t>\n\t\n\t\t<noscript><img loading=\"lazy\" decoding=\"async\" width=\"1600\" height=\"1067\" data-skip-lazy src=\"http:\/\/www.sinfoniettageneve.ch\/prod\/wp-content\/uploads\/2021\/09\/Sinfonietta.jpeg\" class=\"wp-image-91\" alt=\"\" srcset=\"http:\/\/www.sinfoniettageneve.ch\/prod\/wp-content\/uploads\/2021\/09\/Sinfonietta.jpeg 1600w, http:\/\/www.sinfoniettageneve.ch\/prod\/wp-content\/uploads\/2021\/09\/Sinfonietta-300x200.jpeg 300w, http:\/\/www.sinfoniettageneve.ch\/prod\/wp-content\/uploads\/2021\/09\/Sinfonietta-1024x683.jpeg 1024w, http:\/\/www.sinfoniettageneve.ch\/prod\/wp-content\/uploads\/2021\/09\/Sinfonietta-768x512.jpeg 768w, http:\/\/www.sinfoniettageneve.ch\/prod\/wp-content\/uploads\/2021\/09\/Sinfonietta-1536x1024.jpeg 1536w, http:\/\/www.sinfoniettageneve.ch\/prod\/wp-content\/uploads\/2021\/09\/Sinfonietta-500x333.jpeg 500w, http:\/\/www.sinfoniettageneve.ch\/prod\/wp-content\/uploads\/2021\/09\/Sinfonietta-800x534.jpeg 800w, http:\/\/www.sinfoniettageneve.ch\/prod\/wp-content\/uploads\/2021\/09\/Sinfonietta-1280x854.jpeg 1280w, http:\/\/www.sinfoniettageneve.ch\/prod\/wp-content\/uploads\/2021\/09\/Sinfonietta-1200x800.jpeg 1200w\" sizes=\"auto, (max-width: 1600px) 100vw, 1600px\" \/><\/noscript><img decoding=\"async\" width=\"1600\" height=\"1067\" src=\"http:\/\/www.sinfoniettageneve.ch\/prod\/wp-content\/uploads\/2021\/09\/Sinfonietta.jpeg\" class=\"wp-image-91 vp-lazyload\" alt srcset=\"data:image\/svg+xml;base64,PHN2ZyB3aWR0aD0iMTYwMCIgaGVpZ2h0PSIxMDY3IiB2aWV3Qm94PSIwIDAgMTYwMCAxMDY3IiBmaWxsPSJub25lIiB4bWxucz0iaHR0cDovL3d3dy53My5vcmcvMjAwMC9zdmciPjwvc3ZnPg==\" data-src=\"http:\/\/www.sinfoniettageneve.ch\/prod\/wp-content\/uploads\/2021\/09\/Sinfonietta.jpeg\" data-srcset=\"http:\/\/www.sinfoniettageneve.ch\/prod\/wp-content\/uploads\/2021\/09\/Sinfonietta.jpeg 1600w, http:\/\/www.sinfoniettageneve.ch\/prod\/wp-content\/uploads\/2021\/09\/Sinfonietta-300x200.jpeg 300w, http:\/\/www.sinfoniettageneve.ch\/prod\/wp-content\/uploads\/2021\/09\/Sinfonietta-1024x683.jpeg 1024w, http:\/\/www.sinfoniettageneve.ch\/prod\/wp-content\/uploads\/2021\/09\/Sinfonietta-768x512.jpeg 768w, http:\/\/www.sinfoniettageneve.ch\/prod\/wp-content\/uploads\/2021\/09\/Sinfonietta-1536x1024.jpeg 1536w, http:\/\/www.sinfoniettageneve.ch\/prod\/wp-content\/uploads\/2021\/09\/Sinfonietta-500x333.jpeg 500w, http:\/\/www.sinfoniettageneve.ch\/prod\/wp-content\/uploads\/2021\/09\/Sinfonietta-800x534.jpeg 800w, http:\/\/www.sinfoniettageneve.ch\/prod\/wp-content\/uploads\/2021\/09\/Sinfonietta-1280x854.jpeg 1280w, http:\/\/www.sinfoniettageneve.ch\/prod\/wp-content\/uploads\/2021\/09\/Sinfonietta-1200x800.jpeg 1200w\" data-sizes=\"auto\" loading=\"eager\">\n\t\t<\/a>\t<\/div>\n<\/div>\n\t<figcaption class=\"vp-portfolio__item-overlay vp-portfolio__item-overlay-text-align-center\">\n\t\t<div class=\"vp-portfolio__item-meta-wrap vp-portfolio__custom-scrollbar\">\n\t\t\t\t<a\n\t\thref=\"http:\/\/www.sinfoniettageneve.ch\/prod\/wp-content\/uploads\/2021\/09\/Sinfonietta.jpeg\"\n\t\ttabindex=\"-1\" class=\"vp-portfolio__item-meta\" aria-label=\"Carmen, Victoria-Hall, 2017\" \t>\n\t\n<h2 class=\"vp-portfolio__item-meta-title\">\n\tCarmen, Victoria-Hall, 2017<\/h2>\n<\/a>\t\t<\/div>\n\t<\/figcaption>\n\t\t\t<\/figure>\n\t\t\t\t\t<\/div>\n\t\t\n\t\t<div\t\tclass=\"vp-portfolio__item-wrap vp-portfolio__item-uid-4a99fcf5\" data-vp-filter=\"\" \t\t>\n\t\t\t<template class=\"vp-portfolio__item-popup\" style=\"display: none\" data-vp-popup-img=\"http:\/\/www.sinfoniettageneve.ch\/prod\/wp-content\/uploads\/2021\/09\/Carmen-VH.jpg\" data-vp-popup-img-srcset=\"http:\/\/www.sinfoniettageneve.ch\/prod\/wp-content\/uploads\/2021\/09\/Carmen-VH.jpg 600w, http:\/\/www.sinfoniettageneve.ch\/prod\/wp-content\/uploads\/2021\/09\/Carmen-VH-300x200.jpg 300w, http:\/\/www.sinfoniettageneve.ch\/prod\/wp-content\/uploads\/2021\/09\/Carmen-VH-500x333.jpg 500w\" data-vp-popup-img-size=\"600x400\" data-vp-popup-md-img=\"http:\/\/www.sinfoniettageneve.ch\/prod\/wp-content\/uploads\/2021\/09\/Carmen-VH.jpg\" data-vp-popup-md-img-size=\"600x400\" data-vp-popup-sm-img=\"http:\/\/www.sinfoniettageneve.ch\/prod\/wp-content\/uploads\/2021\/09\/Carmen-VH-500x333.jpg\" data-vp-popup-sm-img-size=\"500x333\">\n\t\t\t<h3 class=\"vp-portfolio__item-popup-title\">Carmen, Victoria-Hall, 2017<\/h3>\n\t\t<\/template>\n\t\t\t\t\t\t<figure class=\"vp-portfolio__item\">\n\t\t\t\t\n<div class=\"vp-portfolio__item-img-wrap\">\n\t<div class=\"vp-portfolio__item-img\">\n\t\t\t<a\n\t\thref=\"http:\/\/www.sinfoniettageneve.ch\/prod\/wp-content\/uploads\/2021\/09\/Carmen-VH.jpg\"\n\t\taria-label=\"Carmen, Victoria-Hall, 2017\" \t>\n\t\n\t\t<noscript><img loading=\"lazy\" decoding=\"async\" width=\"600\" height=\"400\" data-skip-lazy src=\"http:\/\/www.sinfoniettageneve.ch\/prod\/wp-content\/uploads\/2021\/09\/Carmen-VH.jpg\" class=\"wp-image-123\" alt=\"\" srcset=\"http:\/\/www.sinfoniettageneve.ch\/prod\/wp-content\/uploads\/2021\/09\/Carmen-VH.jpg 600w, http:\/\/www.sinfoniettageneve.ch\/prod\/wp-content\/uploads\/2021\/09\/Carmen-VH-300x200.jpg 300w, http:\/\/www.sinfoniettageneve.ch\/prod\/wp-content\/uploads\/2021\/09\/Carmen-VH-500x333.jpg 500w\" sizes=\"auto, (max-width: 600px) 100vw, 600px\" \/><\/noscript><img decoding=\"async\" width=\"600\" height=\"400\" src=\"http:\/\/www.sinfoniettageneve.ch\/prod\/wp-content\/uploads\/2021\/09\/Carmen-VH.jpg\" class=\"wp-image-123 vp-lazyload\" alt srcset=\"data:image\/svg+xml;base64,PHN2ZyB3aWR0aD0iNjAwIiBoZWlnaHQ9IjQwMCIgdmlld0JveD0iMCAwIDYwMCA0MDAiIGZpbGw9Im5vbmUiIHhtbG5zPSJodHRwOi8vd3d3LnczLm9yZy8yMDAwL3N2ZyI+PC9zdmc+\" data-src=\"http:\/\/www.sinfoniettageneve.ch\/prod\/wp-content\/uploads\/2021\/09\/Carmen-VH.jpg\" data-srcset=\"http:\/\/www.sinfoniettageneve.ch\/prod\/wp-content\/uploads\/2021\/09\/Carmen-VH.jpg 600w, http:\/\/www.sinfoniettageneve.ch\/prod\/wp-content\/uploads\/2021\/09\/Carmen-VH-300x200.jpg 300w, http:\/\/www.sinfoniettageneve.ch\/prod\/wp-content\/uploads\/2021\/09\/Carmen-VH-500x333.jpg 500w\" data-sizes=\"auto\" loading=\"eager\">\n\t\t<\/a>\t<\/div>\n<\/div>\n\t<figcaption class=\"vp-portfolio__item-overlay vp-portfolio__item-overlay-text-align-center\">\n\t\t<div class=\"vp-portfolio__item-meta-wrap vp-portfolio__custom-scrollbar\">\n\t\t\t\t<a\n\t\thref=\"http:\/\/www.sinfoniettageneve.ch\/prod\/wp-content\/uploads\/2021\/09\/Carmen-VH.jpg\"\n\t\ttabindex=\"-1\" class=\"vp-portfolio__item-meta\" aria-label=\"Carmen, Victoria-Hall, 2017\" \t>\n\t\n<h2 class=\"vp-portfolio__item-meta-title\">\n\tCarmen, Victoria-Hall, 2017<\/h2>\n<\/a>\t\t<\/div>\n\t<\/figcaption>\n\t\t\t<\/figure>\n\t\t\t\t\t<\/div>\n\t\t\n\t\t<div\t\tclass=\"vp-portfolio__item-wrap vp-portfolio__item-uid-159728ba\" data-vp-filter=\"\" \t\t>\n\t\t\t<template class=\"vp-portfolio__item-popup\" style=\"display: none\" data-vp-popup-img=\"http:\/\/www.sinfoniettageneve.ch\/prod\/wp-content\/uploads\/2021\/09\/123_35498519634_o.jpg\" data-vp-popup-img-srcset=\"http:\/\/www.sinfoniettageneve.ch\/prod\/wp-content\/uploads\/2021\/09\/123_35498519634_o.jpg 1106w, http:\/\/www.sinfoniettageneve.ch\/prod\/wp-content\/uploads\/2021\/09\/123_35498519634_o-300x200.jpg 300w, http:\/\/www.sinfoniettageneve.ch\/prod\/wp-content\/uploads\/2021\/09\/123_35498519634_o-1024x682.jpg 1024w, http:\/\/www.sinfoniettageneve.ch\/prod\/wp-content\/uploads\/2021\/09\/123_35498519634_o-768x512.jpg 768w, http:\/\/www.sinfoniettageneve.ch\/prod\/wp-content\/uploads\/2021\/09\/123_35498519634_o-500x333.jpg 500w, http:\/\/www.sinfoniettageneve.ch\/prod\/wp-content\/uploads\/2021\/09\/123_35498519634_o-800x533.jpg 800w\" data-vp-popup-img-size=\"1106x737\" data-vp-popup-md-img=\"http:\/\/www.sinfoniettageneve.ch\/prod\/wp-content\/uploads\/2021\/09\/123_35498519634_o-800x533.jpg\" data-vp-popup-md-img-size=\"800x533\" data-vp-popup-sm-img=\"http:\/\/www.sinfoniettageneve.ch\/prod\/wp-content\/uploads\/2021\/09\/123_35498519634_o-500x333.jpg\" data-vp-popup-sm-img-size=\"500x333\">\n\t\t\t<h3 class=\"vp-portfolio__item-popup-title\">Tourn\u00e9e en Croatie, 2017<\/h3>\n\t\t<\/template>\n\t\t\t\t\t\t<figure class=\"vp-portfolio__item\">\n\t\t\t\t\n<div class=\"vp-portfolio__item-img-wrap\">\n\t<div class=\"vp-portfolio__item-img\">\n\t\t\t<a\n\t\thref=\"http:\/\/www.sinfoniettageneve.ch\/prod\/wp-content\/uploads\/2021\/09\/123_35498519634_o.jpg\"\n\t\taria-label=\"Tourn\u00e9e en Croatie, 2017\" \t>\n\t\n\t\t<noscript><img loading=\"lazy\" decoding=\"async\" width=\"1106\" height=\"737\" data-skip-lazy src=\"http:\/\/www.sinfoniettageneve.ch\/prod\/wp-content\/uploads\/2021\/09\/123_35498519634_o.jpg\" class=\"wp-image-127\" alt=\"\" srcset=\"http:\/\/www.sinfoniettageneve.ch\/prod\/wp-content\/uploads\/2021\/09\/123_35498519634_o.jpg 1106w, http:\/\/www.sinfoniettageneve.ch\/prod\/wp-content\/uploads\/2021\/09\/123_35498519634_o-300x200.jpg 300w, http:\/\/www.sinfoniettageneve.ch\/prod\/wp-content\/uploads\/2021\/09\/123_35498519634_o-1024x682.jpg 1024w, http:\/\/www.sinfoniettageneve.ch\/prod\/wp-content\/uploads\/2021\/09\/123_35498519634_o-768x512.jpg 768w, http:\/\/www.sinfoniettageneve.ch\/prod\/wp-content\/uploads\/2021\/09\/123_35498519634_o-500x333.jpg 500w, http:\/\/www.sinfoniettageneve.ch\/prod\/wp-content\/uploads\/2021\/09\/123_35498519634_o-800x533.jpg 800w\" sizes=\"auto, (max-width: 1106px) 100vw, 1106px\" \/><\/noscript><img decoding=\"async\" width=\"1106\" height=\"737\" src=\"http:\/\/www.sinfoniettageneve.ch\/prod\/wp-content\/uploads\/2021\/09\/123_35498519634_o.jpg\" class=\"wp-image-127 vp-lazyload\" alt srcset=\"data:image\/svg+xml;base64,PHN2ZyB3aWR0aD0iMTEwNiIgaGVpZ2h0PSI3MzciIHZpZXdCb3g9IjAgMCAxMTA2IDczNyIgZmlsbD0ibm9uZSIgeG1sbnM9Imh0dHA6Ly93d3cudzMub3JnLzIwMDAvc3ZnIj48L3N2Zz4=\" data-src=\"http:\/\/www.sinfoniettageneve.ch\/prod\/wp-content\/uploads\/2021\/09\/123_35498519634_o.jpg\" data-srcset=\"http:\/\/www.sinfoniettageneve.ch\/prod\/wp-content\/uploads\/2021\/09\/123_35498519634_o.jpg 1106w, http:\/\/www.sinfoniettageneve.ch\/prod\/wp-content\/uploads\/2021\/09\/123_35498519634_o-300x200.jpg 300w, http:\/\/www.sinfoniettageneve.ch\/prod\/wp-content\/uploads\/2021\/09\/123_35498519634_o-1024x682.jpg 1024w, http:\/\/www.sinfoniettageneve.ch\/prod\/wp-content\/uploads\/2021\/09\/123_35498519634_o-768x512.jpg 768w, http:\/\/www.sinfoniettageneve.ch\/prod\/wp-content\/uploads\/2021\/09\/123_35498519634_o-500x333.jpg 500w, http:\/\/www.sinfoniettageneve.ch\/prod\/wp-content\/uploads\/2021\/09\/123_35498519634_o-800x533.jpg 800w\" data-sizes=\"auto\" loading=\"eager\">\n\t\t<\/a>\t<\/div>\n<\/div>\n\t<figcaption class=\"vp-portfolio__item-overlay vp-portfolio__item-overlay-text-align-center\">\n\t\t<div class=\"vp-portfolio__item-meta-wrap vp-portfolio__custom-scrollbar\">\n\t\t\t\t<a\n\t\thref=\"http:\/\/www.sinfoniettageneve.ch\/prod\/wp-content\/uploads\/2021\/09\/123_35498519634_o.jpg\"\n\t\ttabindex=\"-1\" class=\"vp-portfolio__item-meta\" aria-label=\"Tourn\u00e9e en Croatie, 2017\" \t>\n\t\n<h2 class=\"vp-portfolio__item-meta-title\">\n\tTourn\u00e9e en Croatie, 2017<\/h2>\n<\/a>\t\t<\/div>\n\t<\/figcaption>\n\t\t\t<\/figure>\n\t\t\t\t\t<\/div>\n\t\t\n<\/div>\n\t\t<\/div>\n\t\t\n<\/div>\n<\/div>\n\n\n<figure class=\"wp-block-audio\"><audio controls src=\"http:\/\/www.sinfoniettageneve.ch\/prod\/wp-content\/uploads\/2021\/09\/SinfoniettaMozartK388_3emvt.mp3\"><\/audio><figcaption class=\"wp-element-caption\"><a href=\"http:\/\/www.sinfoniettageneve.ch\/prod\/concerts\/concerts-1921#fdlm21\" data-type=\"page\">Mozart S\u00e9r\u00e9nade KV388, 3\u00e8me mouvement<\/a><\/figcaption><\/figure>\n\n\n\n<figure class=\"wp-block-audio\"><audio controls src=\"http:\/\/www.sinfoniettageneve.ch\/prod\/wp-content\/uploads\/2021\/09\/SaintSaensConcerto2.mp3\"><\/audio><figcaption class=\"wp-element-caption\"><a href=\"http:\/\/www.sinfoniettageneve.ch\/prod\/concerts\/concerts-1819\/#aazielinski19\" data-type=\"page\">Camille Saint-Sa\u00ebns, Concerto pour piano n\u00b02<\/a><\/figcaption><\/figure>\n\n\n\n<figure class=\"wp-block-audio\"><audio controls src=\"http:\/\/www.sinfoniettageneve.ch\/prod\/wp-content\/uploads\/2021\/09\/ChaussonPoeme.mp3\"><\/audio><figcaption class=\"wp-element-caption\"><a href=\"http:\/\/www.sinfoniettageneve.ch\/prod\/concerts\/concerts-1718\/#chausson18\" data-type=\"page\">Ernest Chausson, Po\u00e8me de l\u2019amour et de la mer<\/a><\/figcaption><\/figure>\n\n\n\n<figure class=\"wp-block-video\"><video height=\"540\" style=\"aspect-ratio: 960 \/ 540;\" width=\"960\" controls src=\"http:\/\/www.sinfoniettageneve.ch\/prod\/wp-content\/uploads\/2021\/09\/RossiniItalienneSmall.mp4\"><\/video><figcaption class=\"wp-element-caption\"><a href=\"http:\/\/www.sinfoniettageneve.ch\/prod\/concerts\/concerts-1819\/#mayetvh19\" data-type=\"page\">Gioachino Rossini, Ouverture de \u00abL\u2019Italienne \u00e0 Alger\u00bb, Victoria-Hall 2019<\/a><\/figcaption><\/figure>\n\n\n\n<figure class=\"wp-block-video\"><video height=\"540\" style=\"aspect-ratio: 960 \/ 540;\" width=\"960\" controls src=\"http:\/\/www.sinfoniettageneve.ch\/prod\/wp-content\/uploads\/2021\/09\/RaffAbendsSmall.mp4\"><\/video><figcaption class=\"wp-element-caption\"><a href=\"http:\/\/www.sinfoniettageneve.ch\/prod\/concerts\/concerts-1921\/#russie19\" data-type=\"page\">Joachim Raff, Rapsodie \u201cAbends\u201d, St Petersbourg 2019<\/a><\/figcaption><\/figure>\n\n\n\n<figure class=\"wp-block-video\"><video height=\"360\" style=\"aspect-ratio: 640 \/ 360;\" width=\"640\" controls src=\"http:\/\/www.sinfoniettageneve.ch\/prod\/wp-content\/uploads\/2023\/11\/RavelPrelude.mov\"><\/video><figcaption class=\"wp-element-caption\"><a href=\"http:\/\/www.sinfoniettageneve.ch\/prod\/concerts\/concerts-2223\/\" data-type=\"page\" data-id=\"530\">Maurice Ravel, le Tombeau de Couperin: Pr\u00e9lude, 17 juin 2023<\/a><\/figcaption><\/figure>\n","protected":false},"excerpt":{"rendered":"","protected":false},"author":1,"featured_media":0,"parent":0,"menu_order":0,"comment_status":"closed","ping_status":"closed","template":"","meta":{"_vp_format_video_url":"","_vp_image_focal_point":[],"footnotes":""},"class_list":["post-60","page","type-page","status-publish","hentry"],"_links":{"self":[{"href":"http:\/\/www.sinfoniettageneve.ch\/prod\/wp-json\/wp\/v2\/pages\/60","targetHints":{"allow":["GET"]}}],"collection":[{"href":"http:\/\/www.sinfoniettageneve.ch\/prod\/wp-json\/wp\/v2\/pages"}],"about":[{"href":"http:\/\/www.sinfoniettageneve.ch\/prod\/wp-json\/wp\/v2\/types\/page"}],"author":[{"embeddable":true,"href":"http:\/\/www.sinfoniettageneve.ch\/prod\/wp-json\/wp\/v2\/users\/1"}],"replies":[{"embeddable":true,"href":"http:\/\/www.sinfoniettageneve.ch\/prod\/wp-json\/wp\/v2\/comments?post=60"}],"version-history":[{"count":11,"href":"http:\/\/www.sinfoniettageneve.ch\/prod\/wp-json\/wp\/v2\/pages\/60\/revisions"}],"predecessor-version":[{"id":674,"href":"http:\/\/www.sinfoniettageneve.ch\/prod\/wp-json\/wp\/v2\/pages\/60\/revisions\/674"}],"wp:attachment":[{"href":"http:\/\/www.sinfoniettageneve.ch\/prod\/wp-json\/wp\/v2\/media?parent=60"}],"curies":[{"name":"wp","href":"https:\/\/api.w.org\/{rel}","templated":true}]}}